{"id":71,"date":"2021-11-05T21:16:02","date_gmt":"2021-11-05T21:16:02","guid":{"rendered":"https:\/\/cgp.org.pe\/web\/?page_id=71"},"modified":"2026-04-06T16:09:06","modified_gmt":"2026-04-06T21:09:06","slug":"inicio","status":"publish","type":"page","link":"https:\/\/cgp.org.pe\/web\/","title":{"rendered":"INICIO"},"content":{"rendered":"<p>[et_pb_section fb_built=\u00bb1&#8243; fullwidth=\u00bbon\u00bb _builder_version=\u00bb4.5.6&#8243; _module_preset=\u00bbdefault\u00bb][et_pb_fullwidth_post_slider include_categories=\u00bb283,286,44,225&#8243; _builder_version=\u00bb4.5.6&#8243; _module_preset=\u00bbdefault\u00bb header_line_height=\u00bb1.3em\u00bb body_font=\u00bb|700|||||||\u00bb meta_text_color=\u00bbrgba(0,0,0,0)\u00bb meta_font_size=\u00bb1px\u00bb header_text_shadow_style=\u00bbpreset5&#8243; body_text_shadow_style=\u00bbpreset5&#8243; body_text_shadow_blur_strength=\u00bb2em\u00bb][\/et_pb_fullwidth_post_slider][\/et_pb_section][et_pb_section fb_built=\u00bb1&#8243; fullwidth=\u00bbon\u00bb disabled_on=\u00bboff|off|off\u00bb admin_label=\u00bbSecci\u00f3n\u00bb _builder_version=\u00bb4.5.6&#8243; _module_preset=\u00bbdefault\u00bb bottom_divider_color=\u00bb#ffffff\u00bb][et_pb_fullwidth_header title=\u00bbCOLEGIO DE GE\u00d3GRAFOS DEL PER\u00da\u00bb text_orientation=\u00bbcenter\u00bb button_one_text=\u00bb\u00a1COL\u00c9GIATE!\u00bb button_one_url=\u00bbhttps:\/\/cgp.org.pe\/web\/colegiatura\/\u00bb logo_image_url=\u00bbhttp:\/\/cgp.org.pe\/web\/wp-content\/uploads\/2025\/01\/escudo-1.png\u00bb _builder_version=\u00bb4.5.6&#8243; _module_preset=\u00bbdefault\u00bb background_color=\u00bbrgba(0,0,0,0)\u00bb background_image=\u00bbhttp:\/\/cgp.org.pe\/web\/wp-content\/uploads\/2025\/08\/Diseno-sin-titulo-1.jpg\u00bb parallax=\u00bbon\u00bb title_text_shadow_style=\u00bbpreset5&#8243; content_text_shadow_style=\u00bbpreset5&#8243; border_radii_image=\u00bbon|40px|40px|40px|40px\u00bb]<\/p>\n<p style=\"text-align: center;\"><strong><em>El Colegio de Ge\u00f3grafos del Per\u00fa, creado por la Ley N\u00ba 28723, el 24 de abril del 2006, es una entidad aut\u00f3noma de derecho p\u00fablico interno e independiente.<\/em><\/strong><\/p>\n<p>[\/et_pb_fullwidth_header][et_pb_fullwidth_code raw_content_tablet=\u00bb\u00bb raw_content_phone=\u00bb%91rev_slider alias=%22comisiones%22%93%91\/rev_slider%93 \u00bb raw_content_last_edited=\u00bbon|phone\u00bb admin_label=\u00bbC\u00f3digo de anchura completa\u00bb _builder_version=\u00bb4.5.6&#8243; _module_preset=\u00bbdefault\u00bb min_height=\u00bb327px\u00bb custom_margin=\u00bb||-200px|||\u00bb custom_padding=\u00bb||0px|||\u00bb link_option_url=\u00bbhttps:\/\/cgp.org.pe\/web\/comisiones\/\u00bb]\n\t\t\t<!-- START comisiones REVOLUTION SLIDER 6.7.25 --><p class=\"rs-p-wp-fix\"><\/p>\n\t\t\t<rs-module-wrap id=\"rev_slider_11_1_wrapper\" data-source=\"gallery\" style=\"visibility:hidden;background:transparent;padding:0;margin:0px auto;margin-top:0;margin-bottom:0;\">\n\t\t\t\t<rs-module id=\"rev_slider_11_1\" style=\"\" data-version=\"6.7.25\">\n\t\t\t\t\t<rs-slides style=\"overflow: hidden; position: absolute;\">\n\t\t\t\t\t\t<rs-slide style=\"position: absolute;\" data-key=\"rs-36\" data-title=\"1\" data-anim=\"ms:1000;r:0;\" data-in=\"o:0;\" data-out=\"a:false;\">\n\t\t\t\t\t\t\t<img decoding=\"async\" src=\"\/\/cgp.org.pe\/web\/wp-content\/plugins\/revslider\/sr6\/assets\/assets\/dummy.png\" alt=\"\" title=\"comisiones-3\" width=\"1920\" height=\"480\" class=\"rev-slidebg tp-rs-img rs-lazyload\" data-lazyload=\"\/\/cgp.org.pe\/web\/wp-content\/uploads\/2022\/01\/comisiones-3.jpg\" data-panzoom=\"d:10000;ss:100;se:115%;\" data-no-retina>\n<!--\n\t\t\t\t\t\t\t--><rs-layer\n\t\t\t\t\t\t\t\tid=\"slider-11-slide-36-layer-2\" \n\t\t\t\t\t\t\t\tdata-type=\"text\"\n\t\t\t\t\t\t\t\tdata-color=\"#fff\"\n\t\t\t\t\t\t\t\tdata-rsp_ch=\"on\"\n\t\t\t\t\t\t\t\tdata-xy=\"x:-1px;y:283px;\"\n\t\t\t\t\t\t\t\tdata-text=\"w:normal;s:67;l:89;\"\n\t\t\t\t\t\t\t\tdata-padding=\"t:10;r:15;b:10;l:15;\"\n\t\t\t\t\t\t\t\tdata-frame_0=\"y:top;\"\n\t\t\t\t\t\t\t\tdata-frame_1=\"sp:1000;\"\n\t\t\t\t\t\t\t\tdata-frame_999=\"o:0;st:w;sR:8700;\"\n\t\t\t\t\t\t\t\tstyle=\"z-index:8;background-color:#000000;font-family:'Anton';\"\n\t\t\t\t\t\t\t>Comisiones especializadas \n\t\t\t\t\t\t\t<\/rs-layer><!--\n\n\t\t\t\t\t\t\t--><rs-layer\n\t\t\t\t\t\t\t\tid=\"slider-11-slide-36-layer-9\" \n\t\t\t\t\t\t\t\tdata-type=\"object\"\n\t\t\t\t\t\t\t\tdata-rsp_ch=\"on\"\n\t\t\t\t\t\t\t\tdata-xy=\"x:50px;y:50px;\"\n\t\t\t\t\t\t\t\tdata-text=\"w:normal;\"\n\t\t\t\t\t\t\t\tdata-frame_999=\"o:0;st:w;sR:8700;\"\n\t\t\t\t\t\t\t\tstyle=\"z-index:9;font-family:'Roboto';\"\n\t\t\t\t\t\t\t> \n\t\t\t\t\t\t\t<\/rs-layer><!--\n\n\t\t\t\t\t\t\t--><a\n\t\t\t\t\t\t\t\tid=\"slider-11-slide-36-layer-20\" \n\t\t\t\t\t\t\t\tclass=\"rs-layer rev-btn\"\n\t\t\t\t\t\t\t\thref=\"https:\/\/cgp.org.pe\/web\/index.php\/miembros-honorarios\/\" target=\"_self\" rel=\"nofollow\"\n\t\t\t\t\t\t\t\tdata-type=\"button\"\n\t\t\t\t\t\t\t\tdata-color=\"#ffffff\"\n\t\t\t\t\t\t\t\tdata-rsp_ch=\"on\"\n\t\t\t\t\t\t\t\tdata-xy=\"x:2px;y:224px;\"\n\t\t\t\t\t\t\t\tdata-text=\"w:normal;s:22;l:50;\"\n\t\t\t\t\t\t\t\tdata-dim=\"minh:0px;\"\n\t\t\t\t\t\t\t\tdata-padding=\"r:20;l:20;\"\n\t\t\t\t\t\t\t\tdata-border=\"bos:solid;boc:#ffffff;bow:2px,2px,2px,2px;\"\n\t\t\t\t\t\t\t\tdata-frame_999=\"o:0;st:w;\"\n\t\t\t\t\t\t\t\tdata-frame_hover=\"c:#000;bgc:#fff;bor:0px,0px,0px,0px;sp:200;e:power1.inOut;\"\n\t\t\t\t\t\t\t\tstyle=\"z-index:10;background-color:#df5327;font-family:'Anton';\"\n\t\t\t\t\t\t\t>ver comisiones \n\t\t\t\t\t\t\t<\/a><!--\n-->\t\t\t\t\t<\/rs-slide>\n\t\t\t\t\t<\/rs-slides>\n\t\t\t\t\t<rs-static-layers><!--\n\t\t\t\t\t--><\/rs-static-layers>\n\t\t\t\t<\/rs-module>\n\t\t\t\t<script>\n\t\t\t\t\tsetREVStartSize({c: 'rev_slider_11_1',rl:[1240,1024,778,480],el:[450],gw:[1240],gh:[450],type:'standard',justify:'',layout:'fullwidth',mh:\"0\"});if (window.RS_MODULES!==undefined && window.RS_MODULES.modules!==undefined && window.RS_MODULES.modules[\"revslider111\"]!==undefined) {window.RS_MODULES.modules[\"revslider111\"].once = false;window.revapi11 = undefined;if (window.RS_MODULES.checkMinimal!==undefined) window.RS_MODULES.checkMinimal()}\n\t\t\t\t<\/script>\n\t\t\t<\/rs-module-wrap>\n\t\t\t<!-- END REVOLUTION SLIDER -->\n [\/et_pb_fullwidth_code][\/et_pb_section][et_pb_section fb_built=\u00bb1&#8243; _builder_version=\u00bb4.5.6&#8243; _module_preset=\u00bbdefault\u00bb background_color=\u00bb#b89752&#8243; background_enable_image=\u00bboff\u00bb min_height=\u00bb325.4px\u00bb custom_padding=\u00bb257px||18px|||\u00bb top_divider_height=\u00bb50px\u00bb top_divider_flip=\u00bbvertical\u00bb locked=\u00bboff\u00bb][et_pb_row _builder_version=\u00bb4.5.6&#8243; _module_preset=\u00bbdefault\u00bb custom_padding=\u00bb||19px|||\u00bb][et_pb_column type=\u00bb4_4&#8243; _builder_version=\u00bb4.5.6&#8243; _module_preset=\u00bbdefault\u00bb][et_pb_text _builder_version=\u00bb4.5.6&#8243; _module_preset=\u00bbdefault\u00bb text_text_color=\u00bb#ffffff\u00bb header_font=\u00bb|300|||||||\u00bb header_text_color=\u00bb#ffffff\u00bb header_font_size=\u00bb40px\u00bb header_letter_spacing=\u00bb3px\u00bb header_4_font=\u00bbMerienda||||||||\u00bb header_4_font_size=\u00bb16px\u00bb background_color=\u00bbrgba(0,0,0,0)\u00bb background_layout=\u00bbdark\u00bb border_color_all=\u00bb#2175ba\u00bb]<\/p>\n<h1 style=\"text-align: center;\">Convenios<\/h1>\n<p>[\/et_pb_text][\/et_pb_column][\/et_pb_row][\/et_pb_section][et_pb_section fb_built=\u00bb1&#8243; _builder_version=\u00bb4.5.6&#8243; _module_preset=\u00bbdefault\u00bb background_color=\u00bb#ffffff\u00bb background_enable_image=\u00bboff\u00bb background_size=\u00bbcontain\u00bb background_repeat=\u00bbrepeat\u00bb background_blend=\u00bbhard-light\u00bb custom_padding=\u00bb62px|||||\u00bb top_divider_style=\u00bbarrow2&#8243; top_divider_color=\u00bb#b89752&#8243; top_divider_height=\u00bb72px\u00bb top_divider_arrangement=\u00bbabove_content\u00bb][et_pb_row column_structure=\u00bb1_3,1_3,1_3&#8243; disabled_on=\u00bbon|on|on\u00bb _builder_version=\u00bb4.5.6&#8243; _module_preset=\u00bbdefault\u00bb max_width=\u00bb2560px\u00bb custom_padding=\u00bb70px|||||\u00bb disabled=\u00bbon\u00bb][et_pb_column type=\u00bb1_3&#8243; _builder_version=\u00bb4.5.6&#8243; _module_preset=\u00bbdefault\u00bb][et_pb_blurb title=\u00bbReniec\u00bb url=\u00bbhttps:\/\/cgp.org.pe\/convenios\/RENIEC.pdf\u00bb image=\u00bbhttp:\/\/cgp.org.pe\/web\/wp-content\/uploads\/2021\/11\/RENIEC.jpg\u00bb _builder_version=\u00bb4.5.6&#8243; _module_preset=\u00bbdefault\u00bb header_font=\u00bbCourgette||||||||\u00bb header_text_align=\u00bbcenter\u00bb header_font_size=\u00bb25px\u00bb text_orientation=\u00bbjustified\u00bb min_height=\u00bb324.4px\u00bb custom_margin=\u00bb||77px|||\u00bb custom_padding=\u00bb|35px||36px||\u00bb link_option_url_new_window=\u00bbon\u00bb]El Registro Nacional de Identificaci\u00f3n y Estado Civil \u2013 RENIEC, se crea mediante Ley N\u00b0 26497, en concordancia con los Art\u00edculos 177\u00b0 y 183\u00b0 de la Constituci\u00f3n Pol\u00edtica del Per\u00fa, como un organismo aut\u00f3nomo con personer\u00eda jur\u00eddica de derecho p\u00fablico interno.<br \/>\n[\/et_pb_blurb][et_pb_button button_url=\u00bbhttps:\/\/cgp.org.pe\/convenios\/RENIEC.pdf\u00bb url_new_window=\u00bbon\u00bb button_text=\u00bbleer convenio\u00bb button_alignment=\u00bbcenter\u00bb _builder_version=\u00bb4.5.6&#8243; _module_preset=\u00bbdefault\u00bb custom_button=\u00bbon\u00bb button_text_color=\u00bb#000000&#8243; button_bg_color=\u00bb#ffffff\u00bb button_border_color=\u00bb#000000&#8243; button_font=\u00bbAnton||||||||\u00bb button_text_color_last_edited=\u00bboff|desktop\u00bb button_bg_color_tablet=\u00bb\u00bb button_bg_color_phone=\u00bb\u00bb button_bg_color_last_edited=\u00bbon|desktop\u00bb button_text_color__hover_enabled=\u00bbon|desktop\u00bb button_bg_color__hover_enabled=\u00bboff|desktop\u00bb button_text_color__hover=\u00bb#ffffff\u00bb][\/et_pb_button][\/et_pb_column][et_pb_column type=\u00bb1_3&#8243; _builder_version=\u00bb4.5.6&#8243; _module_preset=\u00bbdefault\u00bb][et_pb_blurb title=\u00bbAsociaci\u00f3n gvGIS \u00bb image=\u00bbhttp:\/\/cgp.org.pe\/web\/wp-content\/uploads\/2021\/11\/GvGis.jpg\u00bb _builder_version=\u00bb4.5.6&#8243; _module_preset=\u00bbdefault\u00bb header_font=\u00bbCourgette||||||||\u00bb header_text_align=\u00bbcenter\u00bb header_font_size=\u00bb25px\u00bb text_orientation=\u00bbjustified\u00bb custom_padding=\u00bb|39px||36px||\u00bb link_option_url=\u00bbhttps:\/\/cgp.org.pe\/convenios\/GVGIS.PDF\u00bb link_option_url_new_window=\u00bbon\u00bb]GvSIG es un proyecto de desarrollo de software para Sistemas de Informaci\u00f3n Geogr\u00e1fica basado en software libre1 . El cat\u00e1logo de tecnolog\u00edas gvSIG se ha ido ampliando con el tiempo. gvSIG Desktop fue el primer software que se desarroll\u00f3 dentro del proyecto gvSIG, por lo que tambi\u00e9n se conoce abreviadamente como gvSIG.<br \/>\n[\/et_pb_blurb][et_pb_button button_url=\u00bbhttps:\/\/cgp.org.pe\/convenios\/GVGIS.PDF\u00bb url_new_window=\u00bbon\u00bb button_text=\u00bbleer convenio\u00bb button_alignment=\u00bbcenter\u00bb _builder_version=\u00bb4.5.6&#8243; _module_preset=\u00bbdefault\u00bb custom_button=\u00bbon\u00bb button_text_color=\u00bb#000000&#8243; button_bg_color=\u00bb#ffffff\u00bb button_border_color=\u00bb#000000&#8243; button_font=\u00bbAnton||||||||\u00bb button_text_color__hover_enabled=\u00bbon|hover\u00bb button_text_color__hover=\u00bb#ffffff\u00bb][\/et_pb_button][\/et_pb_column][et_pb_column type=\u00bb1_3&#8243; _builder_version=\u00bb4.5.6&#8243; _module_preset=\u00bbdefault\u00bb][et_pb_blurb title=\u00bbConservatorio de Lima Josafat\u00bb url=\u00bbhttps:\/\/cgp.org.pe\/convenios\/CONSERVATORIO-LIMA.pdf\u00bb url_new_window=\u00bbon\u00bb image=\u00bbhttp:\/\/cgp.org.pe\/web\/wp-content\/uploads\/2021\/12\/conservatorio.jpg\u00bb _builder_version=\u00bb4.5.6&#8243; _module_preset=\u00bbdefault\u00bb header_font=\u00bbCourgette||||||||\u00bb header_text_align=\u00bbcenter\u00bb header_font_size=\u00bb25px\u00bb text_orientation=\u00bbjustified\u00bb custom_padding=\u00bb|48px|17px|40px||\u00bb]<\/p>\n<p style=\"text-align: justify;\">Instituci\u00f3n dedicada a formar profesionales m\u00fasicos e investigadores con un nivel de excelencia acad\u00e9mica sustentada en la ense\u00f1anza.<\/p>\n<p style=\"text-align: justify;\">Propuesta educativa con 35 a\u00f1os de experiencia, formando m\u00fasicos profesionales.<\/p>\n<p>[\/et_pb_blurb][et_pb_button button_url=\u00bbhttps:\/\/cgp.org.pe\/convenios\/CONSERVATORIO-LIMA.pdf\u00bb url_new_window=\u00bbon\u00bb button_text=\u00bbleer convenio\u00bb button_alignment=\u00bbcenter\u00bb _builder_version=\u00bb4.5.6&#8243; _module_preset=\u00bbdefault\u00bb custom_button=\u00bbon\u00bb button_text_color=\u00bb#000000&#8243; button_bg_color=\u00bb#ffffff\u00bb button_border_color=\u00bb#000000&#8243; button_font=\u00bbAnton||||||||\u00bb button_bg_color__hover_enabled=\u00bbon|hover\u00bb button_bg_enable_color__hover=\u00bbon\u00bb button_text_color__hover_enabled=\u00bbon|desktop\u00bb button_text_color__hover=\u00bb#ffffff\u00bb button_bg_color__hover=\u00bb#000000&#8243;][\/et_pb_button][\/et_pb_column][\/et_pb_row][et_pb_row column_structure=\u00bb1_3,1_3,1_3&#8243; _builder_version=\u00bb4.5.6&#8243; _module_preset=\u00bbdefault\u00bb max_width=\u00bb2560px\u00bb custom_padding=\u00bb70px|||||\u00bb][et_pb_column type=\u00bb1_3&#8243; _builder_version=\u00bb4.5.6&#8243; _module_preset=\u00bbdefault\u00bb][et_pb_blurb image=\u00bbhttp:\/\/cgp.org.pe\/web\/wp-content\/uploads\/2025\/03\/Diseno-sin-titulo.png\u00bb admin_label=\u00bbAnuncio\u00bb _builder_version=\u00bb4.5.6&#8243; _module_preset=\u00bbdefault\u00bb header_font=\u00bbCourgette||||||||\u00bb header_text_align=\u00bbcenter\u00bb header_font_size=\u00bb25px\u00bb text_orientation=\u00bbjustified\u00bb min_height=\u00bb456.9px\u00bb custom_margin=\u00bb||4px|||\u00bb custom_padding=\u00bb|39px||36px||\u00bb link_option_url_new_window=\u00bbon\u00bb]<\/p>\n<p style=\"text-align: center;\">CONVENIO DE COOPERACION INTERINSTITUCIONAL DE SERVICIOS EDUCATIVOS EN IDIOMAS ENTRE EL COLEGIO DE GEOGRAFOS DEL PERU Y CENTRO DE ESTUDIOS BRASILE\u00d1OS<\/p>\n<p>[\/et_pb_blurb][et_pb_button button_url=\u00bbhttps:\/\/drive.google.com\/file\/d\/12KZXFmuzKE2XfO-57lc2Ci1farXV9nr3\/view?usp=sharing\u00bb url_new_window=\u00bbon\u00bb button_text=\u00bbLEER CONVENIO\u00bb button_alignment=\u00bbcenter\u00bb _builder_version=\u00bb4.5.6&#8243; _module_preset=\u00bbdefault\u00bb custom_button=\u00bbon\u00bb button_text_color=\u00bb#000000&#8243; button_bg_color=\u00bb#ffffff\u00bb button_border_color=\u00bb#000000&#8243; button_font=\u00bbAnton||||||||\u00bb button_text_color__hover_enabled=\u00bbon|hover\u00bb button_text_color__hover=\u00bb#ffffff\u00bb][\/et_pb_button][\/et_pb_column][et_pb_column type=\u00bb1_3&#8243; _builder_version=\u00bb4.5.6&#8243; _module_preset=\u00bbdefault\u00bb][et_pb_blurb image=\u00bbhttp:\/\/cgp.org.pe\/web\/wp-content\/uploads\/2025\/03\/Diseno-sin-titulo-6.jpg\u00bb _builder_version=\u00bb4.5.6&#8243; _module_preset=\u00bbdefault\u00bb header_font=\u00bbCourgette||||||||\u00bb header_text_align=\u00bbcenter\u00bb header_font_size=\u00bb25px\u00bb text_orientation=\u00bbjustified\u00bb min_height=\u00bb456.9px\u00bb custom_margin=\u00bb||4px|||\u00bb custom_padding=\u00bb|39px||36px||\u00bb link_option_url_new_window=\u00bbon\u00bb]<\/p>\n<p style=\"text-align: center;\">CONVENIO DE BENEFICIOS SUSCRITO ENTRE EL CENTRO VACACIONAL HUAMPANI Y EL COLEGIO DE GEOGRAFOS DEL PERU EN BENEFICIO DE SUS COLEGIADOS<\/p>\n<p>[\/et_pb_blurb][et_pb_button button_url=\u00bbhttps:\/\/drive.google.com\/file\/d\/1xPZ8HGhmAB5PRKm-hXWiYX8zB79kzW6C\/view?usp=sharing\u00bb url_new_window=\u00bbon\u00bb button_text=\u00bbLEER CONVENIO\u00bb button_alignment=\u00bbcenter\u00bb _builder_version=\u00bb4.5.6&#8243; _module_preset=\u00bbdefault\u00bb custom_button=\u00bbon\u00bb button_text_color=\u00bb#000000&#8243; button_bg_color=\u00bb#ffffff\u00bb button_border_color=\u00bb#000000&#8243; button_font=\u00bbAnton||||||||\u00bb button_text_color__hover_enabled=\u00bbon|hover\u00bb button_text_color__hover=\u00bb#ffffff\u00bb][\/et_pb_button][\/et_pb_column][et_pb_column type=\u00bb1_3&#8243; _builder_version=\u00bb4.5.6&#8243; _module_preset=\u00bbdefault\u00bb][et_pb_blurb url_new_window=\u00bbon\u00bb image=\u00bbhttp:\/\/cgp.org.pe\/web\/wp-content\/uploads\/2025\/05\/Logo-ucci.jpg\u00bb _builder_version=\u00bb4.5.6&#8243; _module_preset=\u00bbdefault\u00bb header_font=\u00bbCourgette||||||||\u00bb header_text_align=\u00bbcenter\u00bb header_font_size=\u00bb25px\u00bb text_orientation=\u00bbjustified\u00bb min_height=\u00bb449.6px\u00bb custom_margin=\u00bb||-1px|||\u00bb custom_padding=\u00bb|48px|17px|40px||\u00bb]<\/p>\n<p style=\"text-align: center;\">CONVENIO MARCO DE COOPERACI\u00d3N INSTITUCIONAL ENTRE EL COLEGIO DE GE\u00d3GRAFOS Y LA UNIVERSIDAD CONTINENTAL<\/p>\n<p>[\/et_pb_blurb][et_pb_button button_url=\u00bbhttps:\/\/drive.google.com\/file\/d\/1p39tpmRzILT5dwMum1Vf9XueMuY_Sx0U\/view?usp=sharing\u00bb url_new_window=\u00bbon\u00bb button_text=\u00bbLEER CONVENIO\u00bb button_alignment=\u00bbcenter\u00bb _builder_version=\u00bb4.5.6&#8243; _module_preset=\u00bbdefault\u00bb custom_button=\u00bbon\u00bb button_text_color=\u00bb#000000&#8243; button_bg_color=\u00bb#ffffff\u00bb button_border_color=\u00bb#000000&#8243; button_font=\u00bbAnton||||||||\u00bb button_bg_color__hover_enabled=\u00bbon|hover\u00bb button_bg_enable_color__hover=\u00bbon\u00bb button_text_color__hover_enabled=\u00bbon|desktop\u00bb button_text_color__hover=\u00bb#ffffff\u00bb button_bg_color__hover=\u00bb#000000&#8243;][\/et_pb_button][\/et_pb_column][\/et_pb_row][et_pb_row column_structure=\u00bb1_4,1_4,1_4,1_4&#8243; _builder_version=\u00bb4.5.6&#8243; _module_preset=\u00bbdefault\u00bb max_width=\u00bb2560px\u00bb custom_padding=\u00bb70px|||||\u00bb][et_pb_column type=\u00bb1_4&#8243; _builder_version=\u00bb4.5.6&#8243; _module_preset=\u00bbdefault\u00bb][et_pb_blurb image=\u00bbhttp:\/\/cgp.org.pe\/web\/wp-content\/uploads\/2025\/03\/Diseno-sin-titulo-5.jpg\u00bb _builder_version=\u00bb4.5.6&#8243; _module_preset=\u00bbdefault\u00bb header_font=\u00bbCourgette||||||||\u00bb header_text_align=\u00bbcenter\u00bb header_font_size=\u00bb25px\u00bb text_orientation=\u00bbjustified\u00bb min_height=\u00bb493.4px\u00bb custom_margin=\u00bb1px||1px||true|\u00bb custom_padding=\u00bb|35px||36px||\u00bb link_option_url_new_window=\u00bbon\u00bb]<\/p>\n<p style=\"text-align: center;\">El COLEGIO DE GE\u00d3GRAFOS DEL PER\u00da, forme parte del Programa de<br \/> Beneficios y Programa Familia Solidaria que Parque del Recuerdo que ofrece a colaboradores, en diversas<br \/> empresas e instituciones.<\/p>\n<p>[\/et_pb_blurb][et_pb_button button_url=\u00bbhttps:\/\/drive.google.com\/file\/d\/1H4v6cs92tRP7c9Laj3GcwHkOVbw0Bbxg\/view?usp=sharing\u00bb url_new_window=\u00bbon\u00bb button_text=\u00bbLEER CONVENIO\u00bb button_alignment=\u00bbcenter\u00bb _builder_version=\u00bb4.5.6&#8243; _module_preset=\u00bbdefault\u00bb custom_button=\u00bbon\u00bb button_text_color=\u00bb#000000&#8243; button_bg_color=\u00bb#ffffff\u00bb button_border_color=\u00bb#000000&#8243; button_font=\u00bbAnton||||||||\u00bb custom_margin=\u00bb20px|||||\u00bb button_text_color_last_edited=\u00bboff|desktop\u00bb button_bg_color_tablet=\u00bb\u00bb button_bg_color_phone=\u00bb\u00bb button_bg_color_last_edited=\u00bbon|desktop\u00bb button_text_color__hover_enabled=\u00bbon|desktop\u00bb button_bg_color__hover_enabled=\u00bboff|desktop\u00bb button_text_color__hover=\u00bb#ffffff\u00bb][\/et_pb_button][\/et_pb_column][et_pb_column type=\u00bb1_4&#8243; _builder_version=\u00bb4.5.6&#8243; _module_preset=\u00bbdefault\u00bb][et_pb_blurb image=\u00bbhttp:\/\/cgp.org.pe\/web\/wp-content\/uploads\/2025\/03\/Diseno-sin-titulo-2.png\u00bb _builder_version=\u00bb4.5.6&#8243; _module_preset=\u00bbdefault\u00bb header_font=\u00bbCourgette||||||||\u00bb header_text_align=\u00bbcenter\u00bb header_font_size=\u00bb25px\u00bb text_orientation=\u00bbjustified\u00bb min_height=\u00bb500.4px\u00bb custom_margin=\u00bb1px||1px||true|\u00bb custom_padding=\u00bb|35px||36px||\u00bb link_option_url_new_window=\u00bbon\u00bb]<\/p>\n<p style=\"text-align: center;\">CONVENIO MARCO DE COOPERACION REC\u00cdPROCA ENTRE EL COLEGIO DE GEOGRAFOS DEL PERU Y EL COLEGIO DE ESTADISTICOS DEL PER\u00da<\/p>\n<p>[\/et_pb_blurb][et_pb_button button_url=\u00bbhttps:\/\/drive.google.com\/file\/d\/1WrQsgmU8oSbBeWLhiQvdfHy-QprKcbxd\/view?usp=sharing\u00bb url_new_window=\u00bbon\u00bb button_text=\u00bbLEER CONVENIO\u00bb button_alignment=\u00bbcenter\u00bb _builder_version=\u00bb4.5.6&#8243; _module_preset=\u00bbdefault\u00bb custom_button=\u00bbon\u00bb button_text_color=\u00bb#000000&#8243; button_bg_color=\u00bb#ffffff\u00bb button_border_color=\u00bb#000000&#8243; button_font=\u00bbAnton||||||||\u00bb custom_margin=\u00bb20px|||||\u00bb button_text_color_last_edited=\u00bboff|desktop\u00bb button_bg_color_tablet=\u00bb\u00bb button_bg_color_phone=\u00bb\u00bb button_bg_color_last_edited=\u00bbon|desktop\u00bb button_text_color__hover_enabled=\u00bbon|desktop\u00bb button_bg_color__hover_enabled=\u00bboff|desktop\u00bb button_text_color__hover=\u00bb#ffffff\u00bb][\/et_pb_button][\/et_pb_column][et_pb_column type=\u00bb1_4&#8243; _builder_version=\u00bb4.5.6&#8243; _module_preset=\u00bbdefault\u00bb][et_pb_blurb image=\u00bbhttp:\/\/cgp.org.pe\/web\/wp-content\/uploads\/2025\/03\/Diseno-sin-titulo-3.png\u00bb _builder_version=\u00bb4.5.6&#8243; _module_preset=\u00bbdefault\u00bb header_font=\u00bbCourgette||||||||\u00bb header_text_align=\u00bbcenter\u00bb header_font_size=\u00bb25px\u00bb text_orientation=\u00bbjustified\u00bb min_height=\u00bb526.9px\u00bb custom_margin=\u00bb||-1px|||\u00bb custom_padding=\u00bb|39px|103px|36px||\u00bb link_option_url_new_window=\u00bbon\u00bb]<\/p>\n<p style=\"text-align: center;\">CONVENIO MARCO DE COOPERACION REC\u00cdPROCA ENTRE EL COLEGIO DE GEOGRAFOS DEL PERU Y LA SOCIEDAD GEOGR\u00c1FICA DE LIMA<\/p>\n<p>[\/et_pb_blurb][et_pb_button button_url=\u00bbhttps:\/\/drive.google.com\/file\/d\/16_tgcUBu3P5hQhXIodnpTRU9q6jsi0lP\/view?usp=sharing\u00bb url_new_window=\u00bbon\u00bb button_text=\u00bbLEER CONVENIO\u00bb button_alignment=\u00bbcenter\u00bb _builder_version=\u00bb4.5.6&#8243; _module_preset=\u00bbdefault\u00bb custom_button=\u00bbon\u00bb button_text_color=\u00bb#000000&#8243; button_bg_color=\u00bb#ffffff\u00bb button_border_color=\u00bb#000000&#8243; button_font=\u00bbAnton||||||||\u00bb button_text_color__hover_enabled=\u00bbon|hover\u00bb button_text_color__hover=\u00bb#ffffff\u00bb][\/et_pb_button][\/et_pb_column][et_pb_column type=\u00bb1_4&#8243; _builder_version=\u00bb4.5.6&#8243; _module_preset=\u00bbdefault\u00bb][et_pb_blurb image=\u00bbhttp:\/\/cgp.org.pe\/web\/wp-content\/uploads\/2025\/12\/Diseno-sin-titulo-6.png\u00bb _builder_version=\u00bb4.5.6&#8243; _module_preset=\u00bbdefault\u00bb header_font=\u00bbCourgette||||||||\u00bb header_text_align=\u00bbcenter\u00bb header_font_size=\u00bb25px\u00bb text_orientation=\u00bbjustified\u00bb min_height=\u00bb435.4px\u00bb custom_margin=\u00bb1px||1px||true|\u00bb custom_padding=\u00bb|35px||36px||\u00bb link_option_url_new_window=\u00bbon\u00bb]<\/p>\n<p style=\"text-align: center;\">El <strong data-start=\"290\" data-end=\"329\">Colegio de Ge\u00f3grafos del Per\u00fa <\/strong>\u00a0y el <strong data-start=\"335\" data-end=\"374\">Instituto Geogr\u00e1fico Nacional<\/strong>\u00a0firmaron un <strong data-start=\"387\" data-end=\"440\">Convenio Interinstitucional<\/strong> que permitir\u00e1 unir esfuerzos para fortalecer la investigaci\u00f3n, la formaci\u00f3n t\u00e9cnica y el desarrollo de proyectos vinculados a la informaci\u00f3n geoespacial en beneficio del pa\u00eds.<\/p>\n<p>[\/et_pb_blurb][et_pb_button button_url=\u00bbhttps:\/\/drive.google.com\/file\/d\/1aFyVO4uLNkyvtbkyDyR4meYB6du4QT7e\/view?usp=sharing\u00bb url_new_window=\u00bbon\u00bb button_text=\u00bbLEER CONVENIO\u00bb button_alignment=\u00bbcenter\u00bb _builder_version=\u00bb4.5.6&#8243; _module_preset=\u00bbdefault\u00bb custom_button=\u00bbon\u00bb button_text_color=\u00bb#000000&#8243; button_bg_color=\u00bb#ffffff\u00bb button_border_color=\u00bb#000000&#8243; button_font=\u00bbAnton||||||||\u00bb custom_margin=\u00bb20px|||||\u00bb button_text_color_last_edited=\u00bboff|desktop\u00bb button_bg_color_tablet=\u00bb\u00bb button_bg_color_phone=\u00bb\u00bb button_bg_color_last_edited=\u00bbon|desktop\u00bb button_text_color__hover_enabled=\u00bbon|desktop\u00bb button_bg_color__hover_enabled=\u00bboff|desktop\u00bb button_text_color__hover=\u00bb#ffffff\u00bb][\/et_pb_button][\/et_pb_column][\/et_pb_row][et_pb_row column_structure=\u00bb1_3,1_3,1_3&#8243; _builder_version=\u00bb4.5.6&#8243; _module_preset=\u00bbdefault\u00bb custom_margin=\u00bb69px|auto||auto||\u00bb][et_pb_column type=\u00bb1_3&#8243; _builder_version=\u00bb4.5.6&#8243; _module_preset=\u00bbdefault\u00bb][\/et_pb_column][et_pb_column type=\u00bb1_3&#8243; _builder_version=\u00bb4.5.6&#8243; _module_preset=\u00bbdefault\u00bb][et_pb_button button_url=\u00bbhttps:\/\/cgp.org.pe\/web\/convenios\/\u00bb button_text=\u00bbVER TODOS LOS CONVENIOS\u00bb button_alignment=\u00bbcenter\u00bb _builder_version=\u00bb4.5.6&#8243; _module_preset=\u00bbdefault\u00bb custom_button=\u00bbon\u00bb button_text_color=\u00bb#ffffff\u00bb button_bg_color=\u00bb#b89752&#8243; button_border_color=\u00bb#000000&#8243; button_font=\u00bbAnton||||||||\u00bb button_text_color__hover_enabled=\u00bbon|hover\u00bb button_text_color__hover=\u00bb#ffffff\u00bb][\/et_pb_button][\/et_pb_column][et_pb_column type=\u00bb1_3&#8243; _builder_version=\u00bb4.5.6&#8243; _module_preset=\u00bbdefault\u00bb][\/et_pb_column][\/et_pb_row][\/et_pb_section][et_pb_section fb_built=\u00bb1&#8243; fullwidth=\u00bbon\u00bb disabled_on=\u00bbon|on|off\u00bb _builder_version=\u00bb4.5.6&#8243; _module_preset=\u00bbdefault\u00bb][\/et_pb_section][et_pb_section fb_built=\u00bb1&#8243; _builder_version=\u00bb4.5.6&#8243; _module_preset=\u00bbdefault\u00bb background_color=\u00bb#000000&#8243; use_background_color_gradient=\u00bbon\u00bb background_color_gradient_start=\u00bb#136b20&#8243; background_color_gradient_type=\u00bbradial\u00bb background_color_gradient_start_position=\u00bb26%\u00bb custom_padding=\u00bb24px||45px|||\u00bb][et_pb_row column_structure=\u00bb3_5,2_5&#8243; _builder_version=\u00bb4.5.6&#8243; _module_preset=\u00bbdefault\u00bb max_width=\u00bb2560px\u00bb custom_padding=\u00bb|0px||||\u00bb][et_pb_column type=\u00bb3_5&#8243; _builder_version=\u00bb4.5.6&#8243; _module_preset=\u00bbdefault\u00bb][et_pb_text _builder_version=\u00bb4.5.6&#8243; _module_preset=\u00bbdefault\u00bb header_font=\u00bb||||||||\u00bb header_2_font=\u00bb|||on|||||\u00bb header_2_letter_spacing=\u00bb2px\u00bb header_2_line_height=\u00bb1.2em\u00bb header_3_font=\u00bbAlegreya Sans SC||||||||\u00bb background_color=\u00bbrgba(0,0,0,0)\u00bb custom_margin=\u00bb||40px|||\u00bb custom_padding=\u00bb5px||0px|||\u00bb]<\/p>\n<h2 style=\"text-align: center;\"><span style=\"color: #ffffff;\"><strong>COLEGIO DE GE\u00d3GRAFOS DEL PER\u00da<\/strong><\/span><\/h2>\n<h3 style=\"text-align: center;\"><span style=\"color: #ffffff;\"><strong>Ley N.\u00ba 28723 del 24 de abril 2006<\/strong><\/span><br \/> <span style=\"color: #ffffff;\"> <strong> Reg. SUNARP N\u00ba 119263 19 Asiento G0001<\/strong><\/span><\/h3>\n<p>&nbsp;<\/p>\n<p><span style=\"color: #dbdbdb;\"><strong><em>La Gesti\u00f3n Institucional del CGP est\u00e1 regida seg\u00fan los planes de corto, mediano y largo plazo, los que son elaborados por el Consejo Directivo en Ejercicio. Trat\u00e1ndose del inter\u00e9s institucional su vigencia y ejecuci\u00f3n requiere una continuidad de procesos iniciados en anteriores gestiones.<\/em><\/strong><\/span><\/p>\n<p><span style=\"color: #dbdbdb;\"><strong><em>El Colegio de Ge\u00f3grafos del Per\u00fa, creado\u00a0por\u00a0la Ley N\u00ba 28723, el 24 de abril del 2006, es una entidad aut\u00f3noma de derecho p\u00fablico interno e independiente, representativo de la profesi\u00f3n de ge\u00f3grafo en el Per\u00fa, de conformidad con el Art\u00edculo. 20\u00b0 de la Constituci\u00f3n Pol\u00edtica del Per\u00fa y se rige\u00a0por su\u00a0Ley, Estatuto y Reglamentos.<\/em><\/strong><\/span><\/p>\n<p>[\/et_pb_text][et_pb_text _builder_version=\u00bb4.5.6&#8243; _module_preset=\u00bbdefault\u00bb header_font=\u00bb|700|||||||\u00bb header_font_size=\u00bb22px\u00bb header_letter_spacing=\u00bb3px\u00bb header_4_font=\u00bbMerienda||||||||\u00bb header_4_font_size=\u00bb16px\u00bb background_color=\u00bb#b89752&#8243; min_height=\u00bb30px\u00bb custom_margin=\u00bb69px|||||\u00bb custom_padding=\u00bb14px|||||\u00bb border_width_bottom=\u00bb2px\u00bb]<\/p>\n<h1 style=\"text-align: center;\"><span style=\"color: #ffffff;\">Documentos legales<\/span><\/h1>\n<p>[\/et_pb_text][et_pb_text _builder_version=\u00bb4.5.6&#8243; _module_preset=\u00bbdefault\u00bb background_color=\u00bbrgba(0,0,0,0)\u00bb]<\/p>\n<p style=\"text-align: center;\"><span style=\"color: #ffffff;\"><em><strong><a style=\"color: #ffffff;\" href=\"https:\/\/cgp.org.pe\/documentos_legales\/LEY_CGP.pdf\" target=\"_blank\" rel=\"noopener noreferrer\">Ley que crea el Colegio de Ge\u00f3grafos del Per\u00fa \u2013 CGP\u00a0<\/a><\/strong><\/em><\/span><\/p>\n<p style=\"text-align: center;\"><span style=\"color: #ffffff;\"><em><strong><a style=\"color: #ffffff;\" href=\"https:\/\/cgp.org.pe\/documentos_legales\/ESTATUTO_CGP.pdf\" target=\"_blank\" rel=\"noopener noreferrer\">Estatuto del Colegio de Ge\u00f3grafos del Per\u00fa \u2013 CGP<\/a><\/strong><\/em><\/span><\/p>\n<p style=\"text-align: center;\"><span style=\"color: #ffffff;\"><em><strong><a style=\"color: #ffffff;\" href=\"https:\/\/cgp.org.pe\/documentos_legales\/PROYECTO_LEY_EJERCICIO.pdf\" target=\"_blank\" rel=\"noopener noreferrer\">Proyecto del ejercicio profesional del ge\u00f3grafo<\/a><\/strong><\/em><\/span><\/p>\n<p style=\"padding-left: 30px;\">[\/et_pb_text][et_pb_text _builder_version=\u00bb4.5.6&#8243; _module_preset=\u00bbdefault\u00bb header_font=\u00bb|700|||||||\u00bb header_font_size=\u00bb22px\u00bb header_letter_spacing=\u00bb3px\u00bb header_4_font=\u00bbMerienda||||||||\u00bb header_4_font_size=\u00bb16px\u00bb background_color=\u00bb#b89752&#8243; custom_padding=\u00bb26px|||||\u00bb border_width_bottom=\u00bb2px\u00bb]<\/p>\n<h1 style=\"text-align: center;\"><span style=\"color: #ffffff;\">Consejo Directivo 2026-2027<\/span><\/h1>\n<p>[\/et_pb_text][et_pb_text _builder_version=\u00bb4.5.6&#8243; _module_preset=\u00bbdefault\u00bb header_3_font=\u00bbCourgette||||||||\u00bb background_color=\u00bbrgba(0,0,0,0)\u00bb custom_padding=\u00bb||0px|||\u00bb]<\/p>\n<p><span style=\"color: #ffffff;\">Decano: Ge\u00f3g. Cristopher Karl Merino S\u00e1nchez<\/span><br \/> <span style=\"color: #ffffff;\">Vice Decana:\u00a0Ge\u00f3g. Milagros Giuliana Guzm\u00e1n Kuroda<\/span><br \/> <span style=\"color: #ffffff;\">Secretario: Ge\u00f3g. Jhon Isaac Camargo Pumahuacre <\/span><\/p>\n<p><span style=\"color: #ffffff;\">Tesorero: Ge\u00f3g. Ra\u00fal Delgado Alvino <\/span><br \/> <span style=\"color: #ffffff;\">Encargada de Asuntos Sociales: Ge\u00f3g. Dina Dimiciana Cevallos C\u00f3rdova<\/span><br \/> <span style=\"color: #ffffff;\">Fiscal: Ge\u00f3g. Milagros Pamela Ram\u00edrez Pasapera<\/span><\/p>\n<p>[\/et_pb_text][\/et_pb_column][et_pb_column type=\u00bb2_5&#8243; _builder_version=\u00bb4.5.6&#8243; _module_preset=\u00bbdefault\u00bb][et_pb_image src=\u00bbhttp:\/\/cgp.org.pe\/web\/wp-content\/uploads\/2025\/08\/LOGO-CGP.png\u00bb _builder_version=\u00bb4.5.6&#8243; _module_preset=\u00bbdefault\u00bb][\/et_pb_image][\/et_pb_column][\/et_pb_row][\/et_pb_section][et_pb_section fb_built=\u00bb1&#8243; _builder_version=\u00bb4.5.6&#8243; _module_preset=\u00bbdefault\u00bb background_color=\u00bb#b89752&#8243; background_image=\u00bbhttp:\/\/cgp.org.pe\/web\/wp-content\/uploads\/2026\/03\/Captura-de-pantalla-2026-03-18-012623.png\u00bb min_height=\u00bb243px\u00bb custom_padding=\u00bb7px||7px|||\u00bb][et_pb_row _builder_version=\u00bb4.5.6&#8243; _module_preset=\u00bbdefault\u00bb custom_margin=\u00bb32px|auto|27px|auto||\u00bb custom_padding=\u00bb||25px|||\u00bb][et_pb_column type=\u00bb4_4&#8243; _builder_version=\u00bb4.5.6&#8243; _module_preset=\u00bbdefault\u00bb][et_pb_text _builder_version=\u00bb4.5.6&#8243; _module_preset=\u00bbdefault\u00bb header_font=\u00bb|700|||||||\u00bb header_font_size=\u00bb40px\u00bb header_letter_spacing=\u00bb3px\u00bb header_4_font=\u00bbMerienda||||||||\u00bb header_4_font_size=\u00bb16px\u00bb background_color=\u00bbrgba(0,0,0,0)\u00bb custom_margin=\u00bb||12px|||\u00bb]<\/p>\n<h1 style=\"text-align: center;\"><span style=\"color: #ffffff;\">Miembros honorarios del CGP<\/span><\/h1>\n<h4 style=\"text-align: center;\"><span style=\"color: #ffffff;\">Ge\u00f3grafos u otros profesionales nacionales o extranjeros, que merecen el reconocimiento del Colegio de Ge\u00f3grafos del Per\u00fa.<\/span><\/h4>\n<p>[\/et_pb_text][et_pb_button button_url=\u00bb@ET-DC@eyJkeW5hbWljIjp0cnVlLCJjb250ZW50IjoicG9zdF9saW5rX3VybF9wYWdlIiwic2V0dGluZ3MiOnsicG9zdF9pZCI6IjE3NyJ9fQ==@\u00bb button_text=\u00bbver m\u00e1s\u00bb button_alignment=\u00bbcenter\u00bb _builder_version=\u00bb4.5.6&#8243; _dynamic_attributes=\u00bbbutton_url\u00bb _module_preset=\u00bbdefault\u00bb custom_button=\u00bbon\u00bb button_text_color=\u00bb#ffffff\u00bb button_bg_color=\u00bb#879719&#8243; button_font=\u00bbAnton||||||||\u00bb][\/et_pb_button][\/et_pb_column][\/et_pb_row][\/et_pb_section][et_pb_section fb_built=\u00bb1&#8243; fullwidth=\u00bbon\u00bb _builder_version=\u00bb4.5.6&#8243; _module_preset=\u00bbdefault\u00bb][et_pb_fullwidth_image src=\u00bbhttp:\/\/cgp.org.pe\/web\/wp-content\/uploads\/2021\/11\/honorarios2.jpg\u00bb title_text=\u00bbhonorarios2&#8243; admin_label=\u00bbImagen de anchura completa\u00bb _builder_version=\u00bb4.5.6&#8243; _module_preset=\u00bbdefault\u00bb custom_padding=\u00bb0px|||||\u00bb][\/et_pb_fullwidth_image][\/et_pb_section]<\/p>\n","protected":false},"excerpt":{"rendered":"<p>[et_pb_section fb_built=\u00bb1&#8243; fullwidth=\u00bbon\u00bb _builder_version=\u00bb4.5.6&#8243; _module_preset=\u00bbdefault\u00bb][et_pb_fullwidth_post_slider include_categories=\u00bb283,286,44,225&#8243; _builder_version=\u00bb4.5.6&#8243; _module_preset=\u00bbdefault\u00bb header_line_height=\u00bb1.3em\u00bb body_font=\u00bb|700|||||||\u00bb meta_text_color=\u00bbrgba(0,0,0,0)\u00bb meta_font_size=\u00bb1px\u00bb header_text_shadow_style=\u00bbpreset5&#8243; body_text_shadow_style=\u00bbpreset5&#8243; body_text_shadow_blur_strength=\u00bb2em\u00bb][\/et_pb_fullwidth_post_slider][\/et_pb_section][et_pb_section fb_built=\u00bb1&#8243; fullwidth=\u00bbon\u00bb disabled_on=\u00bboff|off|off\u00bb admin_label=\u00bbSecci\u00f3n\u00bb _builder_version=\u00bb4.5.6&#8243; _module_preset=\u00bbdefault\u00bb bottom_divider_color=\u00bb#ffffff\u00bb][et_pb_fullwidth_header title=\u00bbCOLEGIO DE GE\u00d3GRAFOS DEL PER\u00da\u00bb text_orientation=\u00bbcenter\u00bb button_one_text=\u00bb\u00a1COL\u00c9GIATE!\u00bb button_one_url=\u00bbhttps:\/\/cgp.org.pe\/web\/colegiatura\/\u00bb logo_image_url=\u00bbhttp:\/\/cgp.org.pe\/web\/wp-content\/uploads\/2025\/01\/escudo-1.png\u00bb _builder_version=\u00bb4.5.6&#8243; _module_preset=\u00bbdefault\u00bb background_color=\u00bbrgba(0,0,0,0)\u00bb background_image=\u00bbhttp:\/\/cgp.org.pe\/web\/wp-content\/uploads\/2025\/08\/Diseno-sin-titulo-1.jpg\u00bb parallax=\u00bbon\u00bb title_text_shadow_style=\u00bbpreset5&#8243; content_text_shadow_style=\u00bbpreset5&#8243; border_radii_image=\u00bbon|40px|40px|40px|40px\u00bb] El Colegio de Ge\u00f3grafos del Per\u00fa, creado por la Ley N\u00ba 28723, el 24 de abril [&hellip;]<\/p>\n","protected":false},"author":1,"featured_media":223,"parent":0,"menu_order":0,"comment_status":"closed","ping_status":"closed","template":"","meta":{"_et_pb_use_builder":"on","_et_pb_old_content":"","_et_gb_content_width":"","footnotes":""},"class_list":["post-71","page","type-page","status-publish","has-post-thumbnail","hentry"],"_links":{"self":[{"href":"https:\/\/cgp.org.pe\/web\/wp-json\/wp\/v2\/pages\/71","targetHints":{"allow":["GET"]}}],"collection":[{"href":"https:\/\/cgp.org.pe\/web\/wp-json\/wp\/v2\/pages"}],"about":[{"href":"https:\/\/cgp.org.pe\/web\/wp-json\/wp\/v2\/types\/page"}],"author":[{"embeddable":true,"href":"https:\/\/cgp.org.pe\/web\/wp-json\/wp\/v2\/users\/1"}],"replies":[{"embeddable":true,"href":"https:\/\/cgp.org.pe\/web\/wp-json\/wp\/v2\/comments?post=71"}],"version-history":[{"count":336,"href":"https:\/\/cgp.org.pe\/web\/wp-json\/wp\/v2\/pages\/71\/revisions"}],"predecessor-version":[{"id":5713,"href":"https:\/\/cgp.org.pe\/web\/wp-json\/wp\/v2\/pages\/71\/revisions\/5713"}],"wp:featuredmedia":[{"embeddable":true,"href":"https:\/\/cgp.org.pe\/web\/wp-json\/wp\/v2\/media\/223"}],"wp:attachment":[{"href":"https:\/\/cgp.org.pe\/web\/wp-json\/wp\/v2\/media?parent=71"}],"curies":[{"name":"wp","href":"https:\/\/api.w.org\/{rel}","templated":true}]}}