{"id":540,"date":"2021-12-30T13:59:08","date_gmt":"2021-12-30T13:59:08","guid":{"rendered":"https:\/\/cgp.org.pe\/web\/?page_id=540"},"modified":"2024-12-04T11:02:05","modified_gmt":"2024-12-04T16:02:05","slug":"boletin-05","status":"publish","type":"page","link":"https:\/\/cgp.org.pe\/web\/boletin\/boletin-05\/","title":{"rendered":"Bolet\u00edn 5"},"content":{"rendered":"<p>[et_pb_section fb_built=\u00bb1&#8243; _builder_version=\u00bb4.5.6&#8243; _module_preset=\u00bbdefault\u00bb custom_padding=\u00bb4px||0px|||\u00bb][et_pb_row column_structure=\u00bb1_4,1_2,1_4&#8243; use_custom_gutter=\u00bbon\u00bb gutter_width=\u00bb1&#8243; make_equal=\u00bbon\u00bb _builder_version=\u00bb4.5.6&#8243; _module_preset=\u00bbdefault\u00bb width=\u00bb101%\u00bb max_width=\u00bb2560px\u00bb custom_margin=\u00bb-8px|auto||auto|false|false\u00bb custom_padding=\u00bb2px||0px|||\u00bb animation_style=\u00bbfade\u00bb animation_direction=\u00bbtop\u00bb][et_pb_column type=\u00bb1_4&#8243; _builder_version=\u00bb4.5.6&#8243; _module_preset=\u00bbdefault\u00bb background_color=\u00bb#443242&#8243; background_image=\u00bbhttp:\/\/cgp.org.pe\/web\/wp-content\/uploads\/2021\/12\/b5.jpg\u00bb background_size=\u00bbcontain\u00bb custom_padding=\u00bb||||false|false\u00bb][et_pb_image src=\u00bbhttp:\/\/cgp.org.pe\/web\/wp-content\/uploads\/2021\/12\/b5.jpg\u00bb title_text=\u00bbb5&#8243; force_fullwidth=\u00bbon\u00bb disabled_on=\u00bboff|off|on\u00bb _builder_version=\u00bb4.5.6&#8243; _module_preset=\u00bbdefault\u00bb][\/et_pb_image][\/et_pb_column][et_pb_column type=\u00bb1_2&#8243; _builder_version=\u00bb4.5.6&#8243; _module_preset=\u00bbdefault\u00bb custom_padding=\u00bb3%|0%||4%|false|false\u00bb custom_padding_tablet=\u00bb50px|50px||50px|false|false\u00bb custom_padding_phone=\u00bb50px|||35px|false|false\u00bb custom_padding_last_edited=\u00bbon|phone\u00bb][et_pb_text _builder_version=\u00bb4.5.6&#8243; _module_preset=\u00bbdefault\u00bb text_text_color=\u00bb#000000&#8243; header_font=\u00bb||||||||\u00bb header_text_color=\u00bb#000000&#8243; header_font_size=\u00bb55px\u00bb header_letter_spacing=\u00bb3px\u00bb header_3_font=\u00bbCourgette||||||||\u00bb header_3_font_size=\u00bb26px\u00bb custom_padding=\u00bb|5px|||false|false\u00bb border_width_bottom=\u00bb3px\u00bb border_color_bottom=\u00bb#fec306&#8243;]<\/p>\n<h1><span style=\"color: #ffffff;\">Bolet\u00edn N\u00ba5<\/span><\/h1>\n<p>[\/et_pb_text][et_pb_text _builder_version=\u00bb4.5.6&#8243; _module_preset=\u00bbdefault\u00bb text_font=\u00bbABeeZee|800|||||||\u00bb header_font=\u00bb||||||||\u00bb header_font_size=\u00bb50px\u00bb header_letter_spacing=\u00bb3px\u00bb header_3_font=\u00bbOpen Sans|700||||on|||\u00bb header_3_font_size=\u00bb24px\u00bb custom_padding=\u00bb12px|5px|||false|false\u00bb]<\/p>\n<h3><span style=\"color: #ffffff;\">ISSN 2411-6890<\/span><\/h3>\n<p>[\/et_pb_text][et_pb_text _builder_version=\u00bb4.5.6&#8243; _module_preset=\u00bbdefault\u00bb text_font_size=\u00bb17px\u00bb header_font=\u00bb||||||||\u00bb header_font_size=\u00bb50px\u00bb header_letter_spacing=\u00bb3px\u00bb header_3_font=\u00bbCourgette||||||||\u00bb header_3_font_size=\u00bb26px\u00bb custom_padding=\u00bb22px|37px||37px|false|false\u00bb min_height=\u00bb303.8px\u00bb]<\/p>\n<p style=\"text-align: justify;\"><span style=\"color: #ffffff;\">El Bolet\u00edn n\u00famero 5 nos trae ocho art\u00edculos donde se analiza diversos temas de inter\u00e9s para los ge\u00f3grafos; se aborda la historia del uso del suelo en la cuenca del r\u00edo Mantaro; la identificaci\u00f3n de riesgos ambientales en la etapa de planificaci\u00f3n de proyectos; se realiza una propuesta de organizaci\u00f3n territorial con fines electorales; se analiza la configuraci\u00f3n territorial de la provincia de Puerto Inca para la organizaci\u00f3n territorial; se propone una metodolog\u00eda para la identificaci\u00f3n de centros funcionales; se presenta los resultados de un diagn\u00f3stico socioecon\u00f3mico a nivel urbano; se presenta una propuesta de zonificaci\u00f3n de peligros de origen natural basada en el an\u00e1lisis geomorfol\u00f3gico en el centro poblado Pampa Libre, Chancay;\u00a0 y se presenta un an\u00e1lisis de la evoluci\u00f3n y relaci\u00f3n de los registros p\u00fablicos y el catastro. Los invito a revisar los art\u00edculos incluidos en este n\u00famero, que, sin duda, son una muestra significativa del valioso trabajo que desarrollan los ge\u00f3grafos peruanos.<\/span><\/p>\n<p>[\/et_pb_text][et_pb_button button_url=\u00bbhttps:\/\/cgp.org.pe\/publicaciones\/boletin5\/B5.pdf\u00bb button_text=\u00bbdescargar bolet\u00edn\u00bb button_alignment=\u00bbright\u00bb _builder_version=\u00bb4.5.6&#8243; _module_preset=\u00bbdefault\u00bb custom_button=\u00bbon\u00bb button_text_size=\u00bb25px\u00bb button_text_color=\u00bb#000000&#8243; button_bg_color=\u00bb#fec306&#8243; button_border_width=\u00bb0px\u00bb button_border_radius=\u00bb0px\u00bb button_font=\u00bbAnton||||||||\u00bb button_use_icon=\u00bboff\u00bb custom_margin=\u00bb21px||20px||false|false\u00bb button_text_color__hover_enabled=\u00bbon|hover\u00bb button_bg_color__hover_enabled=\u00bbon|desktop\u00bb button_text_color__hover=\u00bb#ffffff\u00bb button_bg_color__hover=\u00bb#000000&#8243; button_bg_enable_color__hover=\u00bbon\u00bb][\/et_pb_button][\/et_pb_column][et_pb_column type=\u00bb1_4&#8243; _builder_version=\u00bb4.5.6&#8243; _module_preset=\u00bbdefault\u00bb custom_padding=\u00bb3%|3%||1%|false|false\u00bb custom_padding_tablet=\u00bb||35px||false|false\u00bb custom_padding_phone=\u00bb||35px||false|false\u00bb custom_padding_last_edited=\u00bbon|phone\u00bb][et_pb_image src=\u00bbhttp:\/\/cgp.org.pe\/web\/wp-content\/uploads\/2021\/12\/fotosb5.png\u00bb title_text=\u00bbfotosb5&#8243; align_tablet=\u00bbcenter\u00bb align_phone=\u00bb\u00bb align_last_edited=\u00bbon|phone\u00bb _builder_version=\u00bb4.5.6&#8243; _module_preset=\u00bbdefault\u00bb custom_margin=\u00bb-3px||||false|false\u00bb custom_padding=\u00bb0px||0px|||\u00bb][\/et_pb_image][\/et_pb_column][\/et_pb_row][\/et_pb_section][et_pb_section fb_built=\u00bb1&#8243; _builder_version=\u00bb4.5.6&#8243; _module_preset=\u00bbdefault\u00bb background_color=\u00bb#000000&#8243; custom_margin=\u00bb0px|||||\u00bb custom_padding=\u00bb16px||39px|||\u00bb top_divider_style=\u00bbarrow\u00bb top_divider_color=\u00bb#fec306&#8243; top_divider_height=\u00bb134px\u00bb animation_style=\u00bbfade\u00bb animation_direction=\u00bbtop\u00bb][et_pb_row _builder_version=\u00bb4.5.6&#8243; _module_preset=\u00bbdefault\u00bb custom_margin=\u00bb|auto|-5px|auto||\u00bb custom_padding=\u00bb14px||15px|||\u00bb][et_pb_column type=\u00bb4_4&#8243; _builder_version=\u00bb4.5.6&#8243; _module_preset=\u00bbdefault\u00bb][et_pb_text _builder_version=\u00bb4.5.6&#8243; _module_preset=\u00bbdefault\u00bb header_font=\u00bb|300|||||||\u00bb header_text_color=\u00bb#000000&#8243; header_font_size=\u00bb44px\u00bb]<\/p>\n<h1 style=\"text-align: center;\"><span style=\"color: #ffffff;\">Contenido<\/span><\/h1>\n<p>[\/et_pb_text][\/et_pb_column][\/et_pb_row][\/et_pb_section][et_pb_section fb_built=\u00bb1&#8243; _builder_version=\u00bb4.5.6&#8243; _module_preset=\u00bbdefault\u00bb custom_margin=\u00bb0px||||false|false\u00bb custom_padding=\u00bb0px||4px||false|false\u00bb][et_pb_row column_structure=\u00bb1_4,3_4&#8243; use_custom_gutter=\u00bbon\u00bb gutter_width=\u00bb1&#8243; make_equal=\u00bbon\u00bb _builder_version=\u00bb4.5.6&#8243; _module_preset=\u00bbdefault\u00bb width=\u00bb100%\u00bb max_width=\u00bb2560px\u00bb custom_padding=\u00bb0px||3px||false|false\u00bb][et_pb_column type=\u00bb1_4&#8243; _builder_version=\u00bb4.5.6&#8243; _module_preset=\u00bbdefault\u00bb background_image=\u00bbhttp:\/\/cgp.org.pe\/web\/wp-content\/uploads\/2021\/12\/000520981W.jpg\u00bb][\/et_pb_column][et_pb_column type=\u00bb3_4&#8243; _builder_version=\u00bb4.5.6&#8243; _module_preset=\u00bbdefault\u00bb background_color=\u00bbrgba(255,255,255,0.92)\u00bb background_image=\u00bbhttp:\/\/cgp.org.pe\/web\/wp-content\/uploads\/2021\/11\/peru-2184730_1920.jpg\u00bb background_blend=\u00bbcolor\u00bb custom_padding=\u00bb4%|5%|2%|5%|false|false\u00bb custom_padding_tablet=\u00bb50px|50px|35px|50px|false|false\u00bb custom_padding_phone=\u00bb50px|35px|35px|35px|false|false\u00bb custom_padding_last_edited=\u00bbon|phone\u00bb][et_pb_text _builder_version=\u00bb4.5.6&#8243; _module_preset=\u00bbdefault\u00bb text_text_color=\u00bb#000000&#8243; header_font=\u00bb||||||||\u00bb header_text_color=\u00bb#000000&#8243; header_font_size=\u00bb40px\u00bb header_letter_spacing=\u00bb3px\u00bb header_3_font=\u00bbCourgette||||||||\u00bb header_3_font_size=\u00bb26px\u00bb custom_margin=\u00bb||30px|||\u00bb custom_padding=\u00bb|5px|||false|false\u00bb border_width_bottom=\u00bb3px\u00bb border_color_bottom=\u00bb#fec306&#8243;]<\/p>\n<h1><span style=\"color: #ffffff;\">Editorial<\/span><\/h1>\n<p>[\/et_pb_text][et_pb_text _builder_version=\u00bb4.5.6&#8243; _module_preset=\u00bbdefault\u00bb custom_padding=\u00bb21px|37px||40px||\u00bb min_height=\u00bb703.3px\u00bb]<\/p>\n<p style=\"text-align: justify;\"><span style=\"color: #ffffff;\"><em>\u00bfEs posible lograr el desarrollo de los territorios sin la participaci\u00f3n de la geograf\u00eda y de los ge\u00f3grafos? No. No se puede desarrollar lo que no se conoce; en el mismo sentido, no se puede promover el desarrollo real de los territorios, sin que se conozcan objetivamente las potencialidades y las limitaciones que las caracteriza.<\/em><\/span><\/p>\n<p style=\"text-align: justify;\"><span style=\"color: #ffffff;\"><em>La geograf\u00eda es la ciencia que estudia las relaciones socio espaciales, que, sustentado inevitablemente en conocimientos profundos de geograf\u00eda f\u00edsica y geograf\u00eda humana, y sus respectivas ramas cient\u00edficas, advierten con claridad meridiana las razones que obstaculizan el desarrollo territorial, y; por supuesto, aquellos elementos que contribuir\u00edan en alcanzarlos.<\/em><\/span><\/p>\n<p style=\"text-align: justify;\"><span style=\"color: #ffffff;\"><em>El estudio de los procesos y las formas espaciales es consustancial a los diagn\u00f3sticos de los planes de desarrollo territorial. Disciplinas como la econom\u00eda, la arquitectura, el urbanismo, la sociolog\u00eda, entre otras, se encuentran distantes de entender con profundidad las din\u00e1micas del medio f\u00edsico y las formas espaciales derivadas de las relaciones socio espaciales; en consecuencia, no les es posible comprender la manera de como ellos condicionan el desarrollo territorial.<\/em><\/span><\/p>\n<p style=\"text-align: justify;\"><span style=\"color: #ffffff;\"><em>Un pa\u00eds que tiene a m\u00e1s del 71% de sus municipalidades con Planes de Desarrollo Municipal Concertado (INEI, 2019) y que de manera paralela tiene a m\u00e1s del 51% de su poblaci\u00f3n en condiciones de vulnerabilidad econ\u00f3mica y a m\u00e1s del 20% en situaci\u00f3n de pobreza monetaria (INEI, 2020), sin empleos dignos, sin mercados, sin producci\u00f3n importante, sin industrias, sin buena educaci\u00f3n, sin ingresos decentes, sin articulaci\u00f3n, sin conectividad, etc., evidencia el divorcio existente entre los planes y el desarrollo. Los estudios que dan origen a los actuales \u201cplanes de desarrollo\u201d, en los tres niveles de gobierno, no tienen posibilidad real de contribuir al desarrollo territorial, en tanto mantengan los diagn\u00f3sticos incompletos, sesgados, carentes del entendimiento de los procesos y las formas espaciales, as\u00ed como de las potencialidades y las limitaciones, naturales y antr\u00f3picos, intr\u00ednseco a los territorios. No hay profesi\u00f3n, salvo la geograf\u00eda, que pueda realizar este tipo de an\u00e1lisis.<\/em><\/span><\/p>\n<p style=\"text-align: justify;\"><span style=\"color: #ffffff;\"><em>El enfoque integrador, propio de la geograf\u00eda, es necesario para la formulaci\u00f3n de los planes de desarrollo territorial. Sin descuidar el abordaje de los temas espec\u00edficos, ni caer \u00fanicamente en labores de representaci\u00f3n cartogr\u00e1fica, su aporte trasciende la prospectiva territorial con apoyo indudable de las disciplinas auxiliares.<\/em><\/span><\/p>\n<p style=\"text-align: justify;\"><span style=\"color: #ffffff;\"><em>Los art\u00edculos que presenta el Bolet\u00edn Nro. 5 del Colegio de Ge\u00f3grafos del Per\u00fa, luego de superar un riguroso proceso de clasificaci\u00f3n, muestran ese abanico de tem\u00e1ticas que los ge\u00f3grafos dominan y desarrollan en el campo laboral. Desde la historia del uso del suelo, pasando por la identificaci\u00f3n del riesgo ambiental, los estudios geomorfol\u00f3gicos aplicado a peligros, la vinculaci\u00f3n del catastro y los registros p\u00fablicos, el diagn\u00f3stico socio-econ\u00f3mico en espacios suburbanos hasta llegar a las propuestas de organizaci\u00f3n del territorio, demuestran un amplio conocimiento de inevitable uso en la formulaci\u00f3n de planes orientados al desarrollo de los territorios.<\/em><\/span><\/p>\n<p style=\"text-align: justify;\"><span style=\"color: #ffffff;\"><em>No es posible desvincular a la geograf\u00eda del desarrollo territorial; sin embargo, urge promover, lograr y densificar dicho v\u00ednculo. El Colegio de Ge\u00f3grafos del Per\u00fa, a trav\u00e9s de su Bolet\u00edn institucional busca lograr ese primer gran objetivo. Para lograr el desarrollo territorial del Per\u00fa es importante primero, conocerlo. \u00a1Peruanicemos al Per\u00fa!<\/em><\/span><\/p>\n<p style=\"text-align: right;\"><span style=\"color: #ffffff;\"><em><strong>John James Bera\u00fan Chaca<\/strong><\/em><\/span><\/p>\n<p style=\"text-align: right;\"><span style=\"color: #ffffff;\"><em>Coordinador Editorial<\/em><\/span><\/p>\n<p>[\/et_pb_text][\/et_pb_column][\/et_pb_row][\/et_pb_section][et_pb_section fb_built=\u00bb1&#8243; _builder_version=\u00bb4.5.6&#8243; _module_preset=\u00bbdefault\u00bb background_color=\u00bb#ffffff\u00bb background_enable_image=\u00bboff\u00bb background_position=\u00bbtop_left\u00bb background_blend=\u00bbsoft-light\u00bb max_width=\u00bb100%\u00bb module_alignment=\u00bbcenter\u00bb custom_margin=\u00bb-6px|||||\u00bb custom_padding=\u00bb36px|||||\u00bb top_divider_height=\u00bb52px\u00bb][et_pb_row column_structure=\u00bb1_4,3_4&#8243; _builder_version=\u00bb4.5.6&#8243; _module_preset=\u00bbdefault\u00bb max_width=\u00bb2560px\u00bb custom_padding=\u00bb||23px|||\u00bb][et_pb_column type=\u00bb1_4&#8243; _builder_version=\u00bb4.5.6&#8243; _module_preset=\u00bbdefault\u00bb][et_pb_image src=\u00bbhttp:\/\/cgp.org.pe\/web\/wp-content\/uploads\/2021\/12\/fotos2-1.png\u00bb title_text=\u00bbfotos2&#8243; align_tablet=\u00bbcenter\u00bb align_phone=\u00bbcenter\u00bb align_last_edited=\u00bbon|phone\u00bb _builder_version=\u00bb4.5.6&#8243; _module_preset=\u00bbdefault\u00bb custom_padding_tablet=\u00bb||35px||false|false\u00bb custom_padding_phone=\u00bb||35px||false|false\u00bb custom_padding_last_edited=\u00bbon|tablet\u00bb][\/et_pb_image][\/et_pb_column][et_pb_column type=\u00bb3_4&#8243; _builder_version=\u00bb4.5.6&#8243; _module_preset=\u00bbdefault\u00bb][et_pb_text _builder_version=\u00bb4.5.6&#8243; _module_preset=\u00bbdefault\u00bb text_text_color=\u00bb#000000&#8243; header_font=\u00bb||||||||\u00bb header_text_color=\u00bb#000000&#8243; header_font_size=\u00bb40px\u00bb header_letter_spacing=\u00bb3px\u00bb header_3_font=\u00bbCourgette||||||||\u00bb header_3_font_size=\u00bb26px\u00bb custom_margin=\u00bb||15px|||\u00bb custom_padding=\u00bb|5px|||false|false\u00bb border_width_bottom=\u00bb3px\u00bb border_color_bottom=\u00bb#fec306&#8243;]<\/p>\n<h1><span style=\"color: #ffffff;\">Art\u00edculos<\/span><\/h1>\n<p>[\/et_pb_text][et_pb_text _builder_version=\u00bb4.5.6&#8243; _module_preset=\u00bbdefault\u00bb text_text_color=\u00bb#000000&#8243; text_font_size=\u00bb15px\u00bb text_line_height=\u00bb1.1em\u00bb header_2_font=\u00bb|800|||||||\u00bb header_2_text_color=\u00bb#000000&#8243; header_2_font_size=\u00bb40px\u00bb header_2_line_height=\u00bb1.4em\u00bb header_4_font=\u00bbOpen Sans|700||||on|||\u00bb header_4_text_color=\u00bb#000000&#8243; header_4_line_height=\u00bb1.1em\u00bb background_layout=\u00bbdark\u00bb custom_margin=\u00bb|-18px||||\u00bb custom_padding=\u00bb34px|40px|25px|40px||\u00bb header_4_text_color__hover_enabled=\u00bbon|desktop\u00bb header_4_text_color__hover=\u00bb#df5327&#8243; width=\u00bb100%\u00bb]<\/p>\n<h4><span style=\"color: #ffffff;\"><a href=\"https:\/\/cgp.org.pe\/publicaciones\/boletin5\/B5-01.pdf\" style=\"color: #ffffff;\">1. Aproximaciones a la historia del uso de suelo de la cuenca del r\u00edo Mantaro, Per\u00fa<\/a><\/span><\/h4>\n<p><span style=\"color: #ffffff;\"><em>Victoria E. Espinoza-Mendoza, Rony Barboza Bustamante, Paula Aycate Chipana, Kelly Hidalgo Trujillo<\/em><\/span><\/p>\n<h4><span style=\"color: #ffffff;\"><a href=\"https:\/\/cgp.org.pe\/publicaciones\/boletin5\/B5-02.pdf\" style=\"color: #ffffff;\">2. Instrumentos alternativos para la identificaci\u00f3n del riesgo ambiental en la etapa de planificaci\u00f3n de los proyectos de inversi\u00f3n p\u00fablicos y privados<\/a><\/span><\/h4>\n<p><span style=\"color: #ffffff;\"><em>Trinidad Fern\u00e1ndez Guando, Luis Johann Paniagua Guzm\u00e1n<\/em><\/span><\/p>\n<h4><span style=\"color: #ffffff;\"><a href=\"https:\/\/cgp.org.pe\/publicaciones\/boletin5\/B5-03.pdf\" style=\"color: #ffffff;\">3. Propuesta de organizaci\u00f3n territorial para la representaci\u00f3n pol\u00edtica del distrito electoral de Lima<\/a><\/span><\/h4>\n<p><span style=\"color: #ffffff;\"><em>Fidel Eduardo Tena Del Pino<\/em><\/span><\/p>\n<h4><span style=\"color: #ffffff;\"><a href=\"https:\/\/cgp.org.pe\/publicaciones\/boletin5\/B5-04.pdf\" style=\"color: #ffffff;\">4. An\u00e1lisis de configuraci\u00f3n territorial en la provincia de Puerto Inca, departamento Hu\u00e1nuco como aporte para la organizaci\u00f3n territorial<\/a><\/span><\/h4>\n<p><span style=\"color: #ffffff;\"><em>Geraldo \u00c1lvaro Ceferino Ol\u00f3rtegui, Luz Alexandra Javier Silva<\/em><\/span><\/p>\n<h4><span style=\"color: #ffffff;\"><a href=\"https:\/\/cgp.org.pe\/publicaciones\/boletin5\/B5-05.pdf\" style=\"color: #ffffff;\">5. Identificaci\u00f3n de centros funcionales y sus \u00e1reas de influencia para la identificaci\u00f3n de acciones de organizaci\u00f3n territorial<\/a><\/span><\/h4>\n<p><span style=\"color: #ffffff;\"><em>Miguel Mois\u00e9s Asmat Linares<\/em><\/span><\/p>\n<h4><span style=\"color: #ffffff;\"><a href=\"https:\/\/cgp.org.pe\/publicaciones\/boletin5\/B5-06.pdf\" style=\"color: #ffffff;\">6. Diagn\u00f3stico socio-econ\u00f3mico de un sector suburbano del corregimiento de Alcalde D\u00edaz-Las Cumbres<\/a><\/span><\/h4>\n<p><span style=\"color: #ffffff;\"><em>Pablo Yovan Aguilar Barriga<\/em><\/span><\/p>\n<h4><span style=\"color: #ffffff;\"><a href=\"https:\/\/cgp.org.pe\/publicaciones\/boletin5\/B5-07.pdf\" style=\"color: #ffffff;\">7. Estudio geomorfol\u00f3gico aplicado a peligros de origen natural. Sector: vertiente occidental de los cerros La Mina y Jecuan<\/a><\/span><\/h4>\n<p><span style=\"color: #ffffff;\"><em>Efrain Huaricacha Condori<\/em><\/span><\/p>\n<h4><span style=\"color: #ffffff;\"><a href=\"https:\/\/cgp.org.pe\/publicaciones\/boletin5\/B5-08.pdf\" style=\"color: #ffffff;\">8. Los Registros P\u00fablicos (Sunarp) y el Catastro<\/a><\/span><\/h4>\n<p><span style=\"color: #ffffff;\"><em>Santos Jorge Juan Carlos<\/em><\/span><\/p>\n<p>[\/et_pb_text][\/et_pb_column][\/et_pb_row][\/et_pb_section][et_pb_section fb_built=\u00bb1&#8243; _builder_version=\u00bb4.5.6&#8243; _module_preset=\u00bbdefault\u00bb background_color=\u00bb#000000&#8243; custom_padding=\u00bb16px||39px|||\u00bb top_divider_style=\u00bbarrow\u00bb top_divider_color=\u00bb#fec306&#8243; top_divider_height=\u00bb134px\u00bb][et_pb_row _builder_version=\u00bb4.5.6&#8243; _module_preset=\u00bbdefault\u00bb custom_margin=\u00bb|auto|-5px|auto||\u00bb custom_padding=\u00bb14px||15px|||\u00bb][et_pb_column type=\u00bb4_4&#8243; _builder_version=\u00bb4.5.6&#8243; _module_preset=\u00bbdefault\u00bb][et_pb_text _builder_version=\u00bb4.5.6&#8243; _module_preset=\u00bbdefault\u00bb header_font=\u00bb|300|||||||\u00bb header_text_color=\u00bb#000000&#8243; header_font_size=\u00bb44px\u00bb]<\/p>\n<h1 style=\"text-align: center;\"><span style=\"color: #ffffff;\">Equipo<\/span><\/h1>\n<p>[\/et_pb_text][\/et_pb_column][\/et_pb_row][\/et_pb_section][et_pb_section fb_built=\u00bb1&#8243; _builder_version=\u00bb4.5.6&#8243; _module_preset=\u00bbdefault\u00bb background_color=\u00bb#ffffff\u00bb background_enable_image=\u00bboff\u00bb background_position=\u00bbtop_left\u00bb background_blend=\u00bbsoft-light\u00bb max_width=\u00bb100%\u00bb module_alignment=\u00bbcenter\u00bb custom_margin=\u00bb-10px|||||\u00bb top_divider_height=\u00bb52px\u00bb custom_padding=\u00bb||48px|||\u00bb][et_pb_row _builder_version=\u00bb4.5.6&#8243; _module_preset=\u00bbdefault\u00bb min_height=\u00bb819.6px\u00bb custom_padding=\u00bb17px|||||\u00bb][et_pb_column type=\u00bb4_4&#8243; _builder_version=\u00bb4.5.6&#8243; _module_preset=\u00bbdefault\u00bb][et_pb_text _builder_version=\u00bb4.5.6&#8243; _module_preset=\u00bbdefault\u00bb header_4_font=\u00bbOpen Sans|||||on|||\u00bb custom_margin=\u00bb-16px|||||\u00bb custom_padding=\u00bb30px||29px|||\u00bb]<\/p>\n<h1 style=\"text-align: center;\"><span style=\"color: #ffffff;\">Bolet\u00edn del Colegio de Ge\u00f3grafos del Per\u00fa<\/span><\/h1>\n<p style=\"text-align: center;\"><span style=\"color: #ffffff;\"><strong><em>Publicaci\u00f3n digital de investigaciones geogr\u00e1ficas<\/em><\/strong><\/span><\/p>\n<p style=\"text-align: center;\"><span style=\"color: #ffffff;\"><em>N\u00famero 5 &#8211; 2020<\/em><\/span><\/p>\n<h4 style=\"text-align: center;\"><span style=\"color: #ffffff;\">Coordinador Editorial<\/span><\/h4>\n<p style=\"text-align: center;\"><span style=\"color: #ffffff;\"><em>John James Bera\u00fan Chaca<\/em><\/span><\/p>\n<h4 style=\"text-align: center;\"><span style=\"color: #ffffff;\">Comit\u00e9 Impulsor<\/span><\/h4>\n<h4 style=\"text-align: center;\"><span style=\"color: #ffffff;\">(Comisi\u00f3n: Geograf\u00eda y Actualidad Nacional e Internacional)<\/span><\/h4>\n<p style=\"text-align: center;\"><span style=\"color: #ffffff;\"><em>Katherine Bravo Leyva<\/em><\/span><\/p>\n<p style=\"text-align: center;\"><span style=\"color: #ffffff;\"><em>Amadeo Churasacari Churasacari<\/em><\/span><\/p>\n<p style=\"text-align: center;\"><span style=\"color: #ffffff;\"><em>Efrain Huaricacha Condori<\/em><\/span><\/p>\n<p style=\"text-align: center;\"><span style=\"color: #ffffff;\"><em>Juan Veliz Flores<\/em><\/span><\/p>\n<p style=\"text-align: center;\"><span style=\"color: #ffffff;\"><em>Paolo Rodr\u00edguez Romero<\/em><\/span><\/p>\n<p style=\"text-align: center;\"><span style=\"color: #ffffff;\"><em>John James Bera\u00fan Chaca<\/em><\/span><\/p>\n<h4 style=\"text-align: center;\"><span style=\"color: #ffffff;\">\u00a0Comit\u00e9 Editorial (Comit\u00e9 revisor)<\/span><\/h4>\n<p style=\"text-align: center;\"><span style=\"color: #ffffff;\"><em>Juan Veliz Flores<\/em><\/span><\/p>\n<p style=\"text-align: center;\"><span style=\"color: #ffffff;\"><em>Victoria Espinoza Mendoza<\/em><\/span><\/p>\n<p style=\"text-align: center;\"><span style=\"color: #ffffff;\"><em>Silvia Lizarme Quispe<\/em><\/span><\/p>\n<p style=\"text-align: center;\"><span style=\"color: #ffffff;\"><em>Maria Isabel Murillo Injoque<\/em><\/span><\/p>\n<p style=\"text-align: center;\"><span style=\"color: #ffffff;\"><em>Maria del Pilar Delpino Marim\u00f3n<\/em><\/span><\/p>\n<p style=\"text-align: center;\"><span style=\"color: #ffffff;\"><em>Ricardo Enrique Bohl Pazos<\/em><\/span><\/p>\n<p style=\"text-align: center;\"><span style=\"color: #ffffff;\"><em>Miguel Alva Huayaney<\/em><\/span><\/p>\n<p style=\"text-align: center;\"><span style=\"color: #ffffff;\"><em>Jos\u00e9 Ubeda Palenque<\/em><\/span><\/p>\n<p>[\/et_pb_text][\/et_pb_column][\/et_pb_row][et_pb_row column_structure=\u00bb1_2,1_2&#8243; _builder_version=\u00bb4.5.6&#8243; _module_preset=\u00bbdefault\u00bb custom_padding=\u00bb12px|||||\u00bb][et_pb_column type=\u00bb1_2&#8243; _builder_version=\u00bb4.5.6&#8243; _module_preset=\u00bbdefault\u00bb][et_pb_text _builder_version=\u00bb4.5.6&#8243; _module_preset=\u00bbdefault\u00bb header_4_font=\u00bbOpen Sans|||||on|||\u00bb custom_padding=\u00bb17px||16px|||\u00bb]<\/p>\n<h4 style=\"text-align: center;\"><span style=\"color: #ffffff;\">Comit\u00e9 Asesor (Comit\u00e9 consultivo)<\/span><\/h4>\n<p style=\"text-align: center;\"><span style=\"color: #ffffff;\"><em>Hildegardo C\u00f3rdova Aguilar<\/em><\/span><\/p>\n<p style=\"text-align: center;\"><span style=\"color: #ffffff;\"><em>Juan Felipe Mel\u00e9ndez De La Cruz<\/em><\/span><\/p>\n<p style=\"text-align: center;\"><span style=\"color: #ffffff;\"><em>Mar\u00eda Del Carmen Carrasco Coello<\/em><\/span><\/p>\n<p style=\"text-align: center;\"><span style=\"color: #ffffff;\"><em>Luis Alberto Oliveros Lakoma<\/em><\/span><\/p>\n<p style=\"text-align: center;\"><span style=\"color: #ffffff;\"><em>Jos\u00e9 Eduardo Arias Vera<\/em><\/span><\/p>\n<p>[\/et_pb_text][\/et_pb_column][et_pb_column type=\u00bb1_2&#8243; _builder_version=\u00bb4.5.6&#8243; _module_preset=\u00bbdefault\u00bb][et_pb_text _builder_version=\u00bb4.5.6&#8243; _module_preset=\u00bbdefault\u00bb header_4_font=\u00bbOpen Sans|||||on|||\u00bb min_height=\u00bb261.8px\u00bb custom_padding=\u00bb16px||15px|||\u00bb custom_margin=\u00bb||0px|||\u00bb]<\/p>\n<h4 style=\"text-align: center;\"><span style=\"color: #ffffff;\">Consejo Directivo del CGP<\/span><\/h4>\n<p style=\"text-align: center;\"><span style=\"color: #ffffff;\"><em>Gilmer Medina Tarrillo (Decano)<\/em><\/span><\/p>\n<p style=\"text-align: center;\"><span style=\"color: #ffffff;\"><em>John James Bera\u00fan Chaca (Vicedecano)<\/em><\/span><\/p>\n<p style=\"text-align: center;\"><span style=\"color: #ffffff;\"><em>Luis Johann Paniagua Guzm\u00e1n (Secretario)<\/em><\/span><\/p>\n<p style=\"text-align: center;\"><span style=\"color: #ffffff;\"><em>Erick Flores Pati\u00f1o (Tesorero)<\/em><\/span><\/p>\n<p style=\"text-align: center;\"><span style=\"color: #ffffff;\"><em>Patricia Karina Orellana De La Rosa (Encargada de Asuntos Sociales)<\/em><\/span><\/p>\n<p style=\"text-align: center;\"><span style=\"color: #ffffff;\"><em>Nilda Janampa Cac\u00f1ahuaray (Fiscal)<\/em><\/span><\/p>\n<p>[\/et_pb_text][\/et_pb_column][\/et_pb_row][et_pb_row _builder_version=\u00bb4.5.6&#8243; _module_preset=\u00bbdefault\u00bb custom_padding=\u00bb0px||0px|||\u00bb][et_pb_column type=\u00bb4_4&#8243; _builder_version=\u00bb4.5.6&#8243; _module_preset=\u00bbdefault\u00bb][et_pb_text _builder_version=\u00bb4.5.6&#8243; _module_preset=\u00bbdefault\u00bb header_4_font=\u00bbOpen Sans|||||on|||\u00bb min_height=\u00bb70.8px\u00bb custom_padding=\u00bb19px||25px|||\u00bb]<\/p>\n<h4 style=\"text-align: center;\"><span style=\"color: #ffffff;\">\u00a0Portada y edici\u00f3n gr\u00e1fica<\/span><\/h4>\n<p style=\"text-align: center;\"><span style=\"color: #ffffff;\"><em>Marilyn Ishikawa Muchotrigo<\/em><\/span><\/p>\n<p>[\/et_pb_text][\/et_pb_column][\/et_pb_row][\/et_pb_section]<\/p>\n","protected":false},"excerpt":{"rendered":"<p>[et_pb_section fb_built=\u00bb1&#8243; _builder_version=\u00bb4.5.6&#8243; _module_preset=\u00bbdefault\u00bb custom_padding=\u00bb4px||0px|||\u00bb][et_pb_row column_structure=\u00bb1_4,1_2,1_4&#8243; use_custom_gutter=\u00bbon\u00bb gutter_width=\u00bb1&#8243; make_equal=\u00bbon\u00bb _builder_version=\u00bb4.5.6&#8243; _module_preset=\u00bbdefault\u00bb width=\u00bb101%\u00bb max_width=\u00bb2560px\u00bb custom_margin=\u00bb-8px|auto||auto|false|false\u00bb custom_padding=\u00bb2px||0px|||\u00bb animation_style=\u00bbfade\u00bb animation_direction=\u00bbtop\u00bb][et_pb_column type=\u00bb1_4&#8243; _builder_version=\u00bb4.5.6&#8243; _module_preset=\u00bbdefault\u00bb background_color=\u00bb#443242&#8243; background_image=\u00bbhttp:\/\/cgp.org.pe\/web\/wp-content\/uploads\/2021\/12\/b5.jpg\u00bb background_size=\u00bbcontain\u00bb custom_padding=\u00bb||||false|false\u00bb][et_pb_image src=\u00bbhttp:\/\/cgp.org.pe\/web\/wp-content\/uploads\/2021\/12\/b5.jpg\u00bb title_text=\u00bbb5&#8243; force_fullwidth=\u00bbon\u00bb disabled_on=\u00bboff|off|on\u00bb _builder_version=\u00bb4.5.6&#8243; _module_preset=\u00bbdefault\u00bb][\/et_pb_image][\/et_pb_column][et_pb_column type=\u00bb1_2&#8243; _builder_version=\u00bb4.5.6&#8243; _module_preset=\u00bbdefault\u00bb custom_padding=\u00bb3%|0%||4%|false|false\u00bb custom_padding_tablet=\u00bb50px|50px||50px|false|false\u00bb custom_padding_phone=\u00bb50px|||35px|false|false\u00bb custom_padding_last_edited=\u00bbon|phone\u00bb][et_pb_text _builder_version=\u00bb4.5.6&#8243; _module_preset=\u00bbdefault\u00bb text_text_color=\u00bb#000000&#8243; header_font=\u00bb||||||||\u00bb header_text_color=\u00bb#000000&#8243; header_font_size=\u00bb55px\u00bb header_letter_spacing=\u00bb3px\u00bb header_3_font=\u00bbCourgette||||||||\u00bb header_3_font_size=\u00bb26px\u00bb custom_padding=\u00bb|5px|||false|false\u00bb border_width_bottom=\u00bb3px\u00bb border_color_bottom=\u00bb#fec306&#8243;] Bolet\u00edn N\u00ba5 [\/et_pb_text][et_pb_text _builder_version=\u00bb4.5.6&#8243; _module_preset=\u00bbdefault\u00bb text_font=\u00bbABeeZee|800|||||||\u00bb [&hellip;]<\/p>\n","protected":false},"author":1,"featured_media":0,"parent":31,"menu_order":0,"comment_status":"closed","ping_status":"closed","template":"","meta":{"_et_pb_use_builder":"on","_et_pb_old_content":"","_et_gb_content_width":"","footnotes":""},"class_list":["post-540","page","type-page","status-publish","hentry"],"_links":{"self":[{"href":"https:\/\/cgp.org.pe\/web\/wp-json\/wp\/v2\/pages\/540","targetHints":{"allow":["GET"]}}],"collection":[{"href":"https:\/\/cgp.org.pe\/web\/wp-json\/wp\/v2\/pages"}],"about":[{"href":"https:\/\/cgp.org.pe\/web\/wp-json\/wp\/v2\/types\/page"}],"author":[{"embeddable":true,"href":"https:\/\/cgp.org.pe\/web\/wp-json\/wp\/v2\/users\/1"}],"replies":[{"embeddable":true,"href":"https:\/\/cgp.org.pe\/web\/wp-json\/wp\/v2\/comments?post=540"}],"version-history":[{"count":10,"href":"https:\/\/cgp.org.pe\/web\/wp-json\/wp\/v2\/pages\/540\/revisions"}],"predecessor-version":[{"id":4667,"href":"https:\/\/cgp.org.pe\/web\/wp-json\/wp\/v2\/pages\/540\/revisions\/4667"}],"up":[{"embeddable":true,"href":"https:\/\/cgp.org.pe\/web\/wp-json\/wp\/v2\/pages\/31"}],"wp:attachment":[{"href":"https:\/\/cgp.org.pe\/web\/wp-json\/wp\/v2\/media?parent=540"}],"curies":[{"name":"wp","href":"https:\/\/api.w.org\/{rel}","templated":true}]}}