{"id":4977,"date":"2025-03-21T21:06:27","date_gmt":"2025-03-22T02:06:27","guid":{"rendered":"https:\/\/cgp.org.pe\/web\/?page_id=4977"},"modified":"2026-02-06T18:35:52","modified_gmt":"2026-02-06T23:35:52","slug":"convenios","status":"publish","type":"page","link":"https:\/\/cgp.org.pe\/web\/convenios\/","title":{"rendered":"Convenios"},"content":{"rendered":"<p>[et_pb_section fb_built=\u00bb1&#8243; admin_label=\u00bbHeader\u00bb _builder_version=\u00bb4.5.6&#8243; _module_preset=\u00bbdefault\u00bb background_color=\u00bbgcid-84832e44-2b34-4d33-8eb3-ac4d4d31e368&#8243; use_background_color_gradient=\u00bbon\u00bb background_color_gradient_overlays_image=\u00bbon\u00bb background_image=\u00bbhttp:\/\/cgp.org.pe\/web\/wp-content\/uploads\/2025\/08\/Diseno-sin-titulo-1.jpg\u00bb parallax=\u00bbon\u00bb hover_enabled=\u00bb0&#8243; locked=\u00bboff\u00bb collapsed=\u00bboff\u00bb][et_pb_row _builder_version=\u00bb4.21.0&#8243; _module_preset=\u00bbdefault\u00bb][et_pb_column type=\u00bb4_4&#8243; _builder_version=\u00bb4.21.0&#8243; _module_preset=\u00bbdefault\u00bb][et_pb_text _builder_version=\u00bb4.21.0&#8243; _module_preset=\u00bba3aef665-b401-48b0-94d6-f3acc0307f4d\u00bb header_font=\u00bbPlayfair Display||||\u00bb header_text_color=\u00bb#FFFFFF\u00bb header_font_size=\u00bb72px\u00bb header_line_height=\u00bb1.3em\u00bb text_orientation=\u00bbcenter\u00bb header_font_size_tablet=\u00bb40px\u00bb header_font_size_phone=\u00bb24px\u00bb header_font_size_last_edited=\u00bbon|tablet\u00bb]<\/p>\n<h1>CONVENIOS<\/h1>\n<p>[\/et_pb_text][et_pb_text _builder_version=\u00bb4.21.0&#8243; _module_preset=\u00bbe3d7aa4c-ceab-4cd6-89c7-c32565c5065d\u00bb text_font=\u00bbMontserrat||||\u00bb text_text_color=\u00bbgcid-1921ac29-d22e-43b5-8d22-033b1d207345&#8243; text_font_size=\u00bb19px\u00bb text_line_height=\u00bb1.8em\u00bb text_orientation=\u00bbcenter\u00bb max_width=\u00bb700px\u00bb module_alignment=\u00bbcenter\u00bb text_font_size_tablet=\u00bb16px\u00bb text_font_size_phone=\u00bb14px\u00bb text_font_size_last_edited=\u00bbon|desktop\u00bb]<\/p>\n<p>El Colegio de Ge\u00f3grafos del Per\u00fa, en su compromiso con el desarrollo profesional y la promoci\u00f3n de la disciplina geogr\u00e1fica, establece convenios estrat\u00e9gicos con instituciones p\u00fablicas y privadas, tanto a nivel nacional como internacional. Estos acuerdos buscan fortalecer la formaci\u00f3n continua, la investigaci\u00f3n aplicada, la recreaci\u00f3n y la proyecci\u00f3n laboral de nuestros colegiados, facilitando el acceso a capacitaciones, proyectos colaborativos y oportunidades de especializaci\u00f3n que contribuyan al desarrollo sostenible del pa\u00eds.<\/p>\n<p>[\/et_pb_text][\/et_pb_column][\/et_pb_row][\/et_pb_section][et_pb_section fb_built=\u00bb1&#8243; admin_label=\u00bbBlog\u00bb _builder_version=\u00bb4.21.0&#8243; background_color=\u00bbgcid-5cf9e139-018c-4e12-bf7b-f51d177ca474&#8243; background_size=\u00bbinitial\u00bb background_position=\u00bbtop_left\u00bb collapsed=\u00bboff\u00bb][et_pb_row column_structure=\u00bb1_4,1_4,1_4,1_4&#8243; _builder_version=\u00bb4.5.6&#8243; _module_preset=\u00bbdefault\u00bb max_width=\u00bb2560px\u00bb custom_padding=\u00bb70px|||||\u00bb locked=\u00bboff\u00bb][et_pb_column type=\u00bb1_4&#8243; _builder_version=\u00bb4.5.6&#8243; _module_preset=\u00bbdefault\u00bb][\/et_pb_column][et_pb_column type=\u00bb1_4&#8243; _builder_version=\u00bb4.5.6&#8243; _module_preset=\u00bbdefault\u00bb][\/et_pb_column][et_pb_column type=\u00bb1_4&#8243; _builder_version=\u00bb4.5.6&#8243; _module_preset=\u00bbdefault\u00bb][\/et_pb_column][et_pb_column type=\u00bb1_4&#8243; _builder_version=\u00bb4.5.6&#8243; _module_preset=\u00bbdefault\u00bb][\/et_pb_column][\/et_pb_row][et_pb_row column_structure=\u00bb1_4,1_4,1_4,1_4&#8243; _builder_version=\u00bb4.5.6&#8243; _module_preset=\u00bbdefault\u00bb max_width=\u00bb2560px\u00bb custom_padding=\u00bb70px|||||\u00bb locked=\u00bboff\u00bb][et_pb_column type=\u00bb1_4&#8243; _builder_version=\u00bb4.5.6&#8243; _module_preset=\u00bbdefault\u00bb][et_pb_blurb image=\u00bbhttp:\/\/cgp.org.pe\/web\/wp-content\/uploads\/2025\/03\/Diseno-sin-titulo-2.png\u00bb _builder_version=\u00bb4.5.6&#8243; _module_preset=\u00bbdefault\u00bb header_font=\u00bbCourgette||||||||\u00bb header_text_align=\u00bbcenter\u00bb header_font_size=\u00bb25px\u00bb text_orientation=\u00bbjustified\u00bb min_height=\u00bb435.4px\u00bb custom_margin=\u00bb1px||1px||true|\u00bb custom_padding=\u00bb|35px||36px||\u00bb link_option_url_new_window=\u00bbon\u00bb]<\/p>\n<p style=\"text-align: center;\">CONVENIO MARCO DE COOPERACION REC\u00cdPROCA ENTRE EL COLEGIO DE GEOGRAFOS DEL PERU Y EL COLEGIO DE ESTADISTICOS DEL PER\u00da<\/p>\n<p>[\/et_pb_blurb][et_pb_button button_url=\u00bbhttps:\/\/drive.google.com\/file\/d\/1WrQsgmU8oSbBeWLhiQvdfHy-QprKcbxd\/view?usp=sharing\u00bb url_new_window=\u00bbon\u00bb button_text=\u00bbLEER CONVENIO\u00bb button_alignment=\u00bbcenter\u00bb _builder_version=\u00bb4.5.6&#8243; _module_preset=\u00bbdefault\u00bb custom_button=\u00bbon\u00bb button_text_color=\u00bb#000000&#8243; button_bg_color=\u00bb#ffffff\u00bb button_border_color=\u00bb#000000&#8243; button_font=\u00bbAnton||||||||\u00bb custom_margin=\u00bb20px|||||\u00bb button_text_color_last_edited=\u00bboff|desktop\u00bb button_bg_color_tablet=\u00bb\u00bb button_bg_color_phone=\u00bb\u00bb button_bg_color_last_edited=\u00bbon|desktop\u00bb button_text_color__hover_enabled=\u00bbon|desktop\u00bb button_bg_color__hover_enabled=\u00bboff|desktop\u00bb button_text_color__hover=\u00bb#ffffff\u00bb][\/et_pb_button][\/et_pb_column][et_pb_column type=\u00bb1_4&#8243; _builder_version=\u00bb4.5.6&#8243; _module_preset=\u00bbdefault\u00bb][et_pb_blurb image=\u00bbhttp:\/\/cgp.org.pe\/web\/wp-content\/uploads\/2025\/05\/Logo-ucci.jpg\u00bb _builder_version=\u00bb4.5.6&#8243; _module_preset=\u00bbdefault\u00bb header_font=\u00bbCourgette||||||||\u00bb header_text_align=\u00bbcenter\u00bb header_font_size=\u00bb25px\u00bb text_orientation=\u00bbjustified\u00bb min_height=\u00bb435.4px\u00bb custom_margin=\u00bb1px||1px||true|\u00bb custom_padding=\u00bb|35px||36px||\u00bb link_option_url_new_window=\u00bbon\u00bb]<\/p>\n<p style=\"text-align: center;\">CONVENIO MARCO DE COOPERACI\u00d3N INSTITUCIONAL ENTRE EL COLEGIO DE GE\u00d3GRAFOS Y LA UNIVERSIDAD CONTINENTAL<\/p>\n<p>[\/et_pb_blurb][et_pb_button button_url=\u00bbhttps:\/\/drive.google.com\/file\/d\/1p39tpmRzILT5dwMum1Vf9XueMuY_Sx0U\/view?usp=sharing\u00bb url_new_window=\u00bbon\u00bb button_text=\u00bbLEER CONVENIO\u00bb button_alignment=\u00bbcenter\u00bb _builder_version=\u00bb4.5.6&#8243; _module_preset=\u00bbdefault\u00bb custom_button=\u00bbon\u00bb button_text_color=\u00bb#000000&#8243; button_bg_color=\u00bb#ffffff\u00bb button_border_color=\u00bb#000000&#8243; button_font=\u00bbAnton||||||||\u00bb custom_margin=\u00bb20px|||||\u00bb button_text_color_last_edited=\u00bboff|desktop\u00bb button_bg_color_tablet=\u00bb\u00bb button_bg_color_phone=\u00bb\u00bb button_bg_color_last_edited=\u00bbon|desktop\u00bb button_text_color__hover_enabled=\u00bbon|desktop\u00bb button_bg_color__hover_enabled=\u00bboff|desktop\u00bb button_text_color__hover=\u00bb#ffffff\u00bb][\/et_pb_button][\/et_pb_column][et_pb_column type=\u00bb1_4&#8243; _builder_version=\u00bb4.5.6&#8243; _module_preset=\u00bbdefault\u00bb][et_pb_blurb image=\u00bbhttp:\/\/cgp.org.pe\/web\/wp-content\/uploads\/2025\/03\/Diseno-sin-titulo.png\u00bb _builder_version=\u00bb4.5.6&#8243; _module_preset=\u00bbdefault\u00bb header_font=\u00bbCourgette||||||||\u00bb header_text_align=\u00bbcenter\u00bb header_font_size=\u00bb25px\u00bb text_orientation=\u00bbjustified\u00bb min_height=\u00bb456.9px\u00bb custom_margin=\u00bb||4px|||\u00bb custom_padding=\u00bb|39px||36px||\u00bb link_option_url_new_window=\u00bbon\u00bb]<\/p>\n<p style=\"text-align: center;\">CONVENIO DE COOPERACION INTERINSTITUCIONAL DE SERVICIOS EDUCATIVOS EN IDIOMAS ENTRE EL COLEGIO DE GEOGRAFOS DEL PERU Y CENTRO DE ESTUDIOS BRASILE\u00d1OS<\/p>\n<p>[\/et_pb_blurb][et_pb_button button_url=\u00bbhttps:\/\/drive.google.com\/file\/d\/12KZXFmuzKE2XfO-57lc2Ci1farXV9nr3\/view?usp=sharing\u00bb url_new_window=\u00bbon\u00bb button_text=\u00bbLEER CONVENIO\u00bb button_alignment=\u00bbcenter\u00bb _builder_version=\u00bb4.5.6&#8243; _module_preset=\u00bbdefault\u00bb custom_button=\u00bbon\u00bb button_text_color=\u00bb#000000&#8243; button_bg_color=\u00bb#ffffff\u00bb button_border_color=\u00bb#000000&#8243; button_font=\u00bbAnton||||||||\u00bb button_text_color__hover_enabled=\u00bbon|hover\u00bb button_text_color__hover=\u00bb#ffffff\u00bb][\/et_pb_button][\/et_pb_column][et_pb_column type=\u00bb1_4&#8243; _builder_version=\u00bb4.5.6&#8243; _module_preset=\u00bbdefault\u00bb][et_pb_blurb image=\u00bbhttp:\/\/cgp.org.pe\/web\/wp-content\/uploads\/2025\/03\/Diseno-sin-titulo-6.jpg\u00bb _builder_version=\u00bb4.5.6&#8243; _module_preset=\u00bbdefault\u00bb header_font=\u00bbCourgette||||||||\u00bb header_text_align=\u00bbcenter\u00bb header_font_size=\u00bb25px\u00bb text_orientation=\u00bbjustified\u00bb min_height=\u00bb456.9px\u00bb custom_margin=\u00bb||4px|||\u00bb custom_padding=\u00bb|39px||36px||\u00bb link_option_url_new_window=\u00bbon\u00bb]<\/p>\n<p style=\"text-align: center;\">CONVENIO DE BENEFICIOS SUSCRITO ENTRE EL CENTRO VACACIONAL HUAMPANI Y EL COLEGIO DE GEOGRAFOS DEL PERU EN BENEFICIO DE SUS COLEGIADOS<\/p>\n<p>[\/et_pb_blurb][et_pb_button button_url=\u00bbhttps:\/\/drive.google.com\/file\/d\/1xPZ8HGhmAB5PRKm-hXWiYX8zB79kzW6C\/view?usp=sharing\u00bb url_new_window=\u00bbon\u00bb button_text=\u00bbLEER CONVENIO\u00bb button_alignment=\u00bbcenter\u00bb _builder_version=\u00bb4.5.6&#8243; _module_preset=\u00bbdefault\u00bb custom_button=\u00bbon\u00bb button_text_color=\u00bb#000000&#8243; button_bg_color=\u00bb#ffffff\u00bb button_border_color=\u00bb#000000&#8243; button_font=\u00bbAnton||||||||\u00bb button_text_color__hover_enabled=\u00bbon|hover\u00bb button_text_color__hover=\u00bb#ffffff\u00bb][\/et_pb_button][\/et_pb_column][\/et_pb_row][et_pb_row column_structure=\u00bb1_4,1_4,1_4,1_4&#8243; _builder_version=\u00bb4.5.6&#8243; _module_preset=\u00bbdefault\u00bb max_width=\u00bb2560px\u00bb custom_padding=\u00bb70px|||||\u00bb locked=\u00bboff\u00bb][et_pb_column type=\u00bb1_4&#8243; _builder_version=\u00bb4.5.6&#8243; _module_preset=\u00bbdefault\u00bb][et_pb_blurb url_new_window=\u00bbon\u00bb image=\u00bbhttp:\/\/cgp.org.pe\/web\/wp-content\/uploads\/2025\/03\/Diseno-sin-titulo-5.jpg\u00bb _builder_version=\u00bb4.5.6&#8243; _module_preset=\u00bbdefault\u00bb header_font=\u00bbCourgette||||||||\u00bb header_text_align=\u00bbcenter\u00bb header_font_size=\u00bb25px\u00bb text_orientation=\u00bbjustified\u00bb min_height=\u00bb461.4px\u00bb custom_margin=\u00bb||-1px|||\u00bb custom_padding=\u00bb|48px|0px|40px||\u00bb]<\/p>\n<p style=\"text-align: center;\">El COLEGIO DE GE\u00d3GRAFOS DEL PER\u00da, forme parte del Programa de<br \/> Beneficios y Programa Familia Solidaria que Parque del Recuerdo que ofrece a colaboradores.<\/p>\n<p>[\/et_pb_blurb][et_pb_button button_url=\u00bbhttps:\/\/drive.google.com\/file\/d\/1H4v6cs92tRP7c9Laj3GcwHkOVbw0Bbxg\/view?usp=sharing\u00bb url_new_window=\u00bbon\u00bb button_text=\u00bbLEER CONVENIO\u00bb button_alignment=\u00bbcenter\u00bb _builder_version=\u00bb4.5.6&#8243; _module_preset=\u00bbdefault\u00bb custom_button=\u00bbon\u00bb button_text_color=\u00bb#000000&#8243; button_bg_color=\u00bb#ffffff\u00bb button_border_color=\u00bb#000000&#8243; button_font=\u00bbAnton||||||||\u00bb custom_margin=\u00bb20px|||||\u00bb button_text_color_last_edited=\u00bboff|desktop\u00bb button_bg_color_tablet=\u00bb\u00bb button_bg_color_phone=\u00bb\u00bb button_bg_color_last_edited=\u00bbon|desktop\u00bb button_text_color__hover_enabled=\u00bbon|desktop\u00bb button_bg_color__hover_enabled=\u00bboff|desktop\u00bb button_text_color__hover=\u00bb#ffffff\u00bb][\/et_pb_button][\/et_pb_column][et_pb_column type=\u00bb1_4&#8243; _builder_version=\u00bb4.5.6&#8243; _module_preset=\u00bbdefault\u00bb][et_pb_blurb image=\u00bbhttp:\/\/cgp.org.pe\/web\/wp-content\/uploads\/2025\/03\/Diseno-sin-titulo-3.png\u00bb _builder_version=\u00bb4.5.6&#8243; _module_preset=\u00bbdefault\u00bb header_font=\u00bbCourgette||||||||\u00bb header_text_align=\u00bbcenter\u00bb header_font_size=\u00bb25px\u00bb text_orientation=\u00bbjustified\u00bb min_height=\u00bb488.9px\u00bb custom_margin=\u00bb||-1px|||\u00bb custom_padding=\u00bb|39px|13px|36px||\u00bb link_option_url_new_window=\u00bbon\u00bb]<\/p>\n<p style=\"text-align: center;\">CONVENIO MARCO DE COOPERACION REC\u00cdPROCA ENTRE EL COLEGIO DE GEOGRAFOS DEL PERU Y LA SOCIEDAD GEOGR\u00c1FICA DE LIMA<\/p>\n<p>[\/et_pb_blurb][et_pb_button button_url=\u00bbhttps:\/\/drive.google.com\/file\/d\/16_tgcUBu3P5hQhXIodnpTRU9q6jsi0lP\/view?usp=sharing\u00bb url_new_window=\u00bbon\u00bb button_text=\u00bbLEER CONVENIO\u00bb button_alignment=\u00bbcenter\u00bb _builder_version=\u00bb4.5.6&#8243; _module_preset=\u00bbdefault\u00bb custom_button=\u00bbon\u00bb button_text_color=\u00bb#000000&#8243; button_bg_color=\u00bb#ffffff\u00bb button_border_color=\u00bb#000000&#8243; button_font=\u00bbAnton||||||||\u00bb button_text_color__hover_enabled=\u00bbon|hover\u00bb button_text_color__hover=\u00bb#ffffff\u00bb][\/et_pb_button][\/et_pb_column][et_pb_column type=\u00bb1_4&#8243; _builder_version=\u00bb4.5.6&#8243; _module_preset=\u00bbdefault\u00bb][et_pb_blurb url_new_window=\u00bbon\u00bb image=\u00bbhttp:\/\/cgp.org.pe\/web\/wp-content\/uploads\/2025\/03\/Diseno-sin-titulo-1.png\u00bb _builder_version=\u00bb4.5.6&#8243; _module_preset=\u00bbdefault\u00bb header_font=\u00bbCourgette||||||||\u00bb header_text_align=\u00bbcenter\u00bb header_font_size=\u00bb25px\u00bb text_orientation=\u00bbjustified\u00bb min_height=\u00bb486.2px\u00bb custom_margin=\u00bb||-1px|||\u00bb custom_padding=\u00bb|48px|17px|40px||\u00bb]<\/p>\n<p style=\"text-align: center;\">CONVENIO DE COOPERACION ENTRE EL COLEGIO DE GEOGRAFOS DEL PER\u00da- CGP Y CETSA PER\u00da<br \/> S.A. CONSULTORA DE ESTUDIOS TERRITORIALES Y SOLUCIONES AMBIENTALES<\/p>\n<p>[\/et_pb_blurb][et_pb_button button_url=\u00bbhttps:\/\/drive.google.com\/file\/d\/1NM95ae_Xvw_j4_ThdQkU_UWSwVITISWW\/view?usp=sharing\u00bb url_new_window=\u00bbon\u00bb button_text=\u00bbLEER CONVENIO\u00bb button_alignment=\u00bbcenter\u00bb _builder_version=\u00bb4.5.6&#8243; _module_preset=\u00bbdefault\u00bb custom_button=\u00bbon\u00bb button_text_color=\u00bb#000000&#8243; button_bg_color=\u00bb#ffffff\u00bb button_border_color=\u00bb#000000&#8243; button_font=\u00bbAnton||||||||\u00bb button_bg_color__hover_enabled=\u00bbon|hover\u00bb button_bg_enable_color__hover=\u00bbon\u00bb button_text_color__hover_enabled=\u00bbon|desktop\u00bb button_text_color__hover=\u00bb#ffffff\u00bb button_bg_color__hover=\u00bb#000000&#8243;][\/et_pb_button][\/et_pb_column][et_pb_column type=\u00bb1_4&#8243; _builder_version=\u00bb4.5.6&#8243; _module_preset=\u00bbdefault\u00bb][et_pb_blurb url_new_window=\u00bbon\u00bb image=\u00bbhttp:\/\/cgp.org.pe\/web\/wp-content\/uploads\/2025\/04\/logo-adg.jpg\u00bb _builder_version=\u00bb4.5.6&#8243; _module_preset=\u00bbdefault\u00bb header_font=\u00bbCourgette||||||||\u00bb header_text_align=\u00bbcenter\u00bb header_font_size=\u00bb25px\u00bb text_orientation=\u00bbjustified\u00bb min_height=\u00bb449.6px\u00bb custom_margin=\u00bb||-1px|||\u00bb custom_padding=\u00bb|48px|42px|40px||\u00bb]<\/p>\n<p style=\"text-align: center;\">CONVENIO MARCO DE COOPERACION ENTRE EL COLEGIO DE GEOGRAFOS DEL PER\u00da- CGP Y LA ASOCIACI\u00d3N DOMINICANA DE GE\u00d3GRAFOS &#8211; ADG<\/p>\n<p>[\/et_pb_blurb][et_pb_button button_url=\u00bbhttps:\/\/drive.google.com\/file\/d\/1XeDx7YBT_GDS26yuPfckijmXGwMe161o\/view?usp=sharing\u00bb url_new_window=\u00bbon\u00bb button_text=\u00bbLEER CONVENIO\u00bb button_alignment=\u00bbcenter\u00bb _builder_version=\u00bb4.5.6&#8243; _module_preset=\u00bbdefault\u00bb custom_button=\u00bbon\u00bb button_text_color=\u00bb#000000&#8243; button_bg_color=\u00bb#ffffff\u00bb button_border_color=\u00bb#000000&#8243; button_font=\u00bbAnton||||||||\u00bb button_bg_color__hover_enabled=\u00bbon|hover\u00bb button_bg_enable_color__hover=\u00bbon\u00bb button_text_color__hover_enabled=\u00bbon|desktop\u00bb button_text_color__hover=\u00bb#ffffff\u00bb button_bg_color__hover=\u00bb#000000&#8243;][\/et_pb_button][\/et_pb_column][\/et_pb_row][et_pb_row column_structure=\u00bb1_5,1_5,1_5,1_5,1_5&#8243; _builder_version=\u00bb4.5.6&#8243; _module_preset=\u00bbdefault\u00bb max_width=\u00bb2560px\u00bb custom_padding=\u00bb70px|||||\u00bb locked=\u00bboff\u00bb][et_pb_column type=\u00bb1_5&#8243; _builder_version=\u00bb4.5.6&#8243; _module_preset=\u00bbdefault\u00bb][et_pb_blurb image=\u00bbhttp:\/\/cgp.org.pe\/web\/wp-content\/uploads\/2025\/04\/4.jpg\u00bb _builder_version=\u00bb4.5.6&#8243; _module_preset=\u00bbdefault\u00bb header_font=\u00bbCourgette||||||||\u00bb header_text_align=\u00bbcenter\u00bb header_font_size=\u00bb25px\u00bb text_orientation=\u00bbjustified\u00bb min_height=\u00bb477.4px\u00bb custom_margin=\u00bb1px||1px||true|\u00bb custom_padding=\u00bb|35px||36px||\u00bb link_option_url_new_window=\u00bbon\u00bb]<\/p>\n<p style=\"text-align: center;\">ACUERDO ENTRE ACCESS ONE I.I. Y COLEGIO DE GEOGRAFOS DEL PERU PARA OFRECER LA COBERTURA DE SALUD<br \/> INTERNACIONAL A SUS MIEMBROS<\/p>\n<p>[\/et_pb_blurb][et_pb_button button_url=\u00bbhttps:\/\/drive.google.com\/file\/d\/1GT7TiYqRq1ThyFgg5smjWvraqwO5I3Bz\/view?usp=sharing\u00bb url_new_window=\u00bbon\u00bb button_text=\u00bbLEER CONVENIO\u00bb button_alignment=\u00bbcenter\u00bb _builder_version=\u00bb4.5.6&#8243; _module_preset=\u00bbdefault\u00bb custom_button=\u00bbon\u00bb button_text_color=\u00bb#000000&#8243; button_bg_color=\u00bb#ffffff\u00bb button_border_color=\u00bb#000000&#8243; button_font=\u00bbAnton||||||||\u00bb custom_margin=\u00bb20px|||||\u00bb button_text_color_last_edited=\u00bboff|desktop\u00bb button_bg_color_tablet=\u00bb\u00bb button_bg_color_phone=\u00bb\u00bb button_bg_color_last_edited=\u00bbon|desktop\u00bb button_text_color__hover_enabled=\u00bbon|desktop\u00bb button_bg_color__hover_enabled=\u00bboff|desktop\u00bb button_text_color__hover=\u00bb#ffffff\u00bb][\/et_pb_button][\/et_pb_column][et_pb_column type=\u00bb1_5&#8243; _builder_version=\u00bb4.5.6&#8243; _module_preset=\u00bbdefault\u00bb][et_pb_blurb image=\u00bbhttp:\/\/cgp.org.pe\/web\/wp-content\/uploads\/2025\/04\/5.jpg\u00bb _builder_version=\u00bb4.5.6&#8243; _module_preset=\u00bbdefault\u00bb header_font=\u00bbCourgette||||||||\u00bb header_text_align=\u00bbcenter\u00bb header_font_size=\u00bb25px\u00bb text_orientation=\u00bbjustified\u00bb min_height=\u00bb502.9px\u00bb custom_margin=\u00bb||-1px|||\u00bb custom_padding=\u00bb|39px|13px|36px||\u00bb link_option_url_new_window=\u00bbon\u00bb]<\/p>\n<p style=\"text-align: center;\">CONVENIO DE COOPERACI\u00d3N ENTRE<br \/> EL COLEGIO DE GE\u00d3GRAFOS DEL PER\u00da &#8211; CGP Y BARLOVENTO CLIMA Y GEOGRAF\u00cdA EIRL<\/p>\n<p>[\/et_pb_blurb][et_pb_button button_url=\u00bbhttps:\/\/drive.google.com\/file\/d\/1oNTzb2sN-rkbbQY3iQN8Qcs9JExX5UXp\/view?usp=sharing\u00bb url_new_window=\u00bbon\u00bb button_text=\u00bbLEER CONVENIO\u00bb button_alignment=\u00bbcenter\u00bb _builder_version=\u00bb4.5.6&#8243; _module_preset=\u00bbdefault\u00bb custom_button=\u00bbon\u00bb button_text_color=\u00bb#000000&#8243; button_bg_color=\u00bb#ffffff\u00bb button_border_color=\u00bb#000000&#8243; button_font=\u00bbAnton||||||||\u00bb button_text_color__hover_enabled=\u00bbon|hover\u00bb button_text_color__hover=\u00bb#ffffff\u00bb][\/et_pb_button][\/et_pb_column][et_pb_column type=\u00bb1_5&#8243; _builder_version=\u00bb4.5.6&#8243; _module_preset=\u00bbdefault\u00bb][et_pb_blurb url_new_window=\u00bbon\u00bb image=\u00bbhttp:\/\/cgp.org.pe\/web\/wp-content\/uploads\/2025\/04\/7.jpg\u00bb _builder_version=\u00bb4.5.6&#8243; _module_preset=\u00bbdefault\u00bb header_font=\u00bbCourgette||||||||\u00bb header_text_align=\u00bbcenter\u00bb header_font_size=\u00bb25px\u00bb text_orientation=\u00bbjustified\u00bb min_height=\u00bb476.8px\u00bb custom_margin=\u00bb||-1px|||\u00bb custom_padding=\u00bb|48px|17px|40px||\u00bb]<\/p>\n<p style=\"text-align: center;\">CONVENIO DE COOPERACI\u00d3N INTERINSTITUCIONAL, CELEBRADO ENTRE EL COLEGIO DE GE\u00d3GRAFOS DEL PER\u00da Y LA ASOCIACI\u00d3N CIVIL SIN FINES DE LUCRO \u201cEL QUE PRESTA AYUDA\u201d O YANAPACC.<\/p>\n<p>[\/et_pb_blurb][et_pb_button button_url=\u00bbhttps:\/\/drive.google.com\/file\/d\/1HmlJvUy7V-makVyABeDYkWiq2oXwSFLR\/view?usp=sharing\u00bb url_new_window=\u00bbon\u00bb button_text=\u00bbLEER CONVENIO\u00bb button_alignment=\u00bbcenter\u00bb _builder_version=\u00bb4.5.6&#8243; _module_preset=\u00bbdefault\u00bb custom_button=\u00bbon\u00bb button_text_color=\u00bb#000000&#8243; button_bg_color=\u00bb#ffffff\u00bb button_border_color=\u00bb#000000&#8243; button_font=\u00bbAnton||||||||\u00bb button_bg_color__hover_enabled=\u00bbon|hover\u00bb button_bg_enable_color__hover=\u00bbon\u00bb button_text_color__hover_enabled=\u00bbon|desktop\u00bb button_text_color__hover=\u00bb#ffffff\u00bb button_bg_color__hover=\u00bb#000000&#8243;][\/et_pb_button][\/et_pb_column][et_pb_column type=\u00bb1_5&#8243; _builder_version=\u00bb4.5.6&#8243; _module_preset=\u00bbdefault\u00bb][et_pb_blurb url_new_window=\u00bbon\u00bb image=\u00bbhttp:\/\/cgp.org.pe\/web\/wp-content\/uploads\/2025\/12\/Diseno-sin-titulo-6.png\u00bb _builder_version=\u00bb4.5.6&#8243; _module_preset=\u00bbdefault\u00bb header_font=\u00bbCourgette||||||||\u00bb header_text_align=\u00bbcenter\u00bb header_font_size=\u00bb25px\u00bb text_orientation=\u00bbjustified\u00bb min_height=\u00bb499.2px\u00bb custom_margin=\u00bb||-1px|||\u00bb custom_padding=\u00bb|48px|17px|40px||\u00bb]<\/p>\n<p style=\"text-align: center;\">CONVENIO ENTRE EL COLEGIO DE GEOGR\u00c1FOS DEL PER\u00da Y EL INSTITUTO GEOGR\u00c1FICO NACIONAL IGN<\/p>\n<p>[\/et_pb_blurb][et_pb_button button_url=\u00bbhttps:\/\/drive.google.com\/file\/d\/1aFyVO4uLNkyvtbkyDyR4meYB6du4QT7e\/view?usp=sharing\u00bb url_new_window=\u00bbon\u00bb button_text=\u00bbLEER CONVENIO\u00bb button_alignment=\u00bbcenter\u00bb _builder_version=\u00bb4.5.6&#8243; _module_preset=\u00bbdefault\u00bb custom_button=\u00bbon\u00bb button_text_color=\u00bb#000000&#8243; button_bg_color=\u00bb#ffffff\u00bb button_border_color=\u00bb#000000&#8243; button_font=\u00bbAnton||||||||\u00bb button_text_color__hover_enabled=\u00bbon|hover\u00bb button_text_color__hover=\u00bb#ffffff\u00bb][\/et_pb_button][\/et_pb_column][et_pb_column type=\u00bb1_5&#8243; _builder_version=\u00bb4.5.6&#8243; _module_preset=\u00bbdefault\u00bb][et_pb_blurb url_new_window=\u00bbon\u00bb image=\u00bbhttp:\/\/cgp.org.pe\/web\/wp-content\/uploads\/2025\/04\/El-que-brinda-ayuda.jpg\u00bb _builder_version=\u00bb4.5.6&#8243; _module_preset=\u00bbdefault\u00bb header_font=\u00bbCourgette||||||||\u00bb header_text_align=\u00bbcenter\u00bb header_font_size=\u00bb25px\u00bb text_orientation=\u00bbjustified\u00bb min_height=\u00bb502.2px\u00bb custom_margin=\u00bb||-1px|||\u00bb custom_padding=\u00bb|48px|17px|40px||\u00bb]<\/p>\n<p style=\"text-align: center;\">CONVENIO DE COOPERACI\u00d3N INTERINSTITUCIONAL, CELEBRADO ENTRE EL COLEGIO DE GE\u00d3GRAFOS DEL PER\u00da Y LA EMPRESA ECOAMBIENTAL GROUP E.I.R.L.<\/p>\n<p>[\/et_pb_blurb][et_pb_button button_url=\u00bbhttps:\/\/drive.google.com\/file\/d\/1IkPEUKi958oLRYRdpJX_jPfljsmMcUsT\/view?usp=sharing\u00bb url_new_window=\u00bbon\u00bb button_text=\u00bbLEER CONVENIO\u00bb button_alignment=\u00bbcenter\u00bb _builder_version=\u00bb4.5.6&#8243; _module_preset=\u00bbdefault\u00bb custom_button=\u00bbon\u00bb button_text_color=\u00bb#000000&#8243; button_bg_color=\u00bb#ffffff\u00bb button_border_color=\u00bb#000000&#8243; button_font=\u00bbAnton||||||||\u00bb button_bg_color__hover_enabled=\u00bbon|hover\u00bb button_bg_enable_color__hover=\u00bbon\u00bb button_text_color__hover_enabled=\u00bbon|desktop\u00bb button_text_color__hover=\u00bb#ffffff\u00bb button_bg_color__hover=\u00bb#000000&#8243;][\/et_pb_button][\/et_pb_column][\/et_pb_row][et_pb_row column_structure=\u00bb1_4,1_4,1_4,1_4&#8243; _builder_version=\u00bb4.5.6&#8243; _module_preset=\u00bbdefault\u00bb max_width=\u00bb2560px\u00bb custom_padding=\u00bb70px|||||\u00bb locked=\u00bboff\u00bb][et_pb_column type=\u00bb1_4&#8243; _builder_version=\u00bb4.5.6&#8243; _module_preset=\u00bbdefault\u00bb][et_pb_blurb image=\u00bbhttp:\/\/cgp.org.pe\/web\/wp-content\/uploads\/2025\/12\/ATENCION-RAPIDA.jpg\u00bb _builder_version=\u00bb4.5.6&#8243; _module_preset=\u00bbdefault\u00bb header_font=\u00bbCourgette||||||||\u00bb header_text_align=\u00bbcenter\u00bb header_font_size=\u00bb25px\u00bb text_orientation=\u00bbjustified\u00bb min_height=\u00bb477.4px\u00bb custom_margin=\u00bb1px||1px||true|\u00bb custom_padding=\u00bb|35px||36px||\u00bb link_option_url_new_window=\u00bbon\u00bb]<\/p>\n<p style=\"text-align: center;\"><span>El <\/span><span class=\"html-span xdj266r x14z9mp xat24cr x1lziwak xexx8yu xyri2b x18d9i69 x1c1uobl x1hl2dhg x16tdsg8 x1vvkbs\"><a class=\"html-a xdj266r x14z9mp xat24cr x1lziwak xexx8yu xyri2b x18d9i69 x1c1uobl x1hl2dhg x16tdsg8 x1vvkbs\" tabindex=\"-1\"><\/a><\/span><span>Colegio de Ge\u00f3grafos del Per\u00fa (CGP) firm\u00f3 un Memor\u00e1ndum de Entendimiento con SuperMap Software, una de las principales empresas desarrolladoras de plataformas SIG a nivel global<\/span><\/p>\n<p>[\/et_pb_blurb][et_pb_button button_url=\u00bbhttps:\/\/drive.google.com\/file\/d\/1wa7H-Pxnf2vpd9ax7XgY_b83308MtrbV\/view?usp=sharing\u00bb url_new_window=\u00bbon\u00bb button_text=\u00bbLEER CONVENIO\u00bb button_alignment=\u00bbcenter\u00bb _builder_version=\u00bb4.5.6&#8243; _module_preset=\u00bbdefault\u00bb custom_button=\u00bbon\u00bb button_text_color=\u00bb#000000&#8243; button_bg_color=\u00bb#ffffff\u00bb button_border_color=\u00bb#000000&#8243; button_font=\u00bbAnton||||||||\u00bb custom_margin=\u00bb20px|||||\u00bb button_text_color_last_edited=\u00bboff|desktop\u00bb button_bg_color_tablet=\u00bb\u00bb button_bg_color_phone=\u00bb\u00bb button_bg_color_last_edited=\u00bbon|desktop\u00bb button_text_color__hover_enabled=\u00bbon|desktop\u00bb button_bg_color__hover_enabled=\u00bboff|desktop\u00bb button_text_color__hover=\u00bb#ffffff\u00bb][\/et_pb_button][\/et_pb_column][et_pb_column type=\u00bb1_4&#8243; _builder_version=\u00bb4.5.6&#8243; _module_preset=\u00bbdefault\u00bb][et_pb_blurb image=\u00bbhttp:\/\/cgp.org.pe\/web\/wp-content\/uploads\/2025\/12\/Diseno-sin-titulo-1.jpg\u00bb _builder_version=\u00bb4.5.6&#8243; _module_preset=\u00bbdefault\u00bb header_font=\u00bbCourgette||||||||\u00bb header_text_align=\u00bbcenter\u00bb header_font_size=\u00bb25px\u00bb text_orientation=\u00bbjustified\u00bb min_height=\u00bb477.4px\u00bb custom_margin=\u00bb1px||1px||true|\u00bb custom_padding=\u00bb|35px||36px||\u00bb link_option_url_new_window=\u00bbon\u00bb]<\/p>\n<p style=\"text-align: center;\">\u00a0Convenio de Cooperaci\u00f3n Interinstitucional entre el Colegio de Ge\u00f3grafos del Per\u00fa y Educaci\u00f3n Sin Fronteras<\/p>\n<p>[\/et_pb_blurb][et_pb_button button_url=\u00bbhttps:\/\/drive.google.com\/file\/d\/1ygFmisDklEqWqmYTaev0X76WltvNEprN\/view?usp=sharing\u00bb url_new_window=\u00bbon\u00bb button_text=\u00bbLEER CONVENIO\u00bb button_alignment=\u00bbcenter\u00bb _builder_version=\u00bb4.5.6&#8243; _module_preset=\u00bbdefault\u00bb custom_button=\u00bbon\u00bb button_text_color=\u00bb#000000&#8243; button_bg_color=\u00bb#ffffff\u00bb button_border_color=\u00bb#000000&#8243; button_font=\u00bbAnton||||||||\u00bb custom_margin=\u00bb20px|||||\u00bb button_text_color_last_edited=\u00bboff|desktop\u00bb button_bg_color_tablet=\u00bb\u00bb button_bg_color_phone=\u00bb\u00bb button_bg_color_last_edited=\u00bbon|desktop\u00bb button_text_color__hover_enabled=\u00bbon|desktop\u00bb button_bg_color__hover_enabled=\u00bboff|desktop\u00bb button_text_color__hover=\u00bb#ffffff\u00bb][\/et_pb_button][\/et_pb_column][et_pb_column type=\u00bb1_4&#8243; _builder_version=\u00bb4.5.6&#8243; _module_preset=\u00bbdefault\u00bb][et_pb_blurb image=\u00bbhttp:\/\/cgp.org.pe\/web\/wp-content\/uploads\/2025\/12\/Diseno-sin-titulo.jpg\u00bb _builder_version=\u00bb4.5.6&#8243; _module_preset=\u00bbdefault\u00bb header_font=\u00bbCourgette||||||||\u00bb header_text_align=\u00bbcenter\u00bb header_font_size=\u00bb25px\u00bb text_orientation=\u00bbjustified\u00bb min_height=\u00bb477.4px\u00bb custom_margin=\u00bb1px||1px||true|\u00bb custom_padding=\u00bb|35px||36px||\u00bb link_option_url_new_window=\u00bbon\u00bb]<\/p>\n<p style=\"text-align: center;\"><span>El <\/span><span class=\"html-span xdj266r x14z9mp xat24cr x1lziwak xexx8yu xyri2b x18d9i69 x1c1uobl x1hl2dhg x16tdsg8 x1vvkbs\"><a class=\"html-a xdj266r x14z9mp xat24cr x1lziwak xexx8yu xyri2b x18d9i69 x1c1uobl x1hl2dhg x16tdsg8 x1vvkbs\" tabindex=\"-1\"><\/a><\/span><span>Colegio de Ge\u00f3grafos del Per\u00fa (CGP) firm\u00f3 un Convenio Marco de Cooperaci\u00f3n<br \/>Interinstitucionai con Academia QTC<\/span><\/p>\n<p>[\/et_pb_blurb][et_pb_button button_url=\u00bbhttps:\/\/drive.google.com\/file\/d\/17CEvnGZj4pGCJYUyHMy3tYcGCFbq0t2k\/view?usp=sharing\u00bb url_new_window=\u00bbon\u00bb button_text=\u00bbLEER CONVENIO\u00bb button_alignment=\u00bbcenter\u00bb _builder_version=\u00bb4.5.6&#8243; _module_preset=\u00bbdefault\u00bb custom_button=\u00bbon\u00bb button_text_color=\u00bb#000000&#8243; button_bg_color=\u00bb#ffffff\u00bb button_border_color=\u00bb#000000&#8243; button_font=\u00bbAnton||||||||\u00bb custom_margin=\u00bb20px|||||\u00bb button_text_color_last_edited=\u00bboff|desktop\u00bb button_bg_color_tablet=\u00bb\u00bb button_bg_color_phone=\u00bb\u00bb button_bg_color_last_edited=\u00bbon|desktop\u00bb button_text_color__hover_enabled=\u00bbon|desktop\u00bb button_bg_color__hover_enabled=\u00bboff|desktop\u00bb button_text_color__hover=\u00bb#ffffff\u00bb][\/et_pb_button][\/et_pb_column][et_pb_column type=\u00bb1_4&#8243; _builder_version=\u00bb4.5.6&#8243; _module_preset=\u00bbdefault\u00bb][et_pb_blurb url_new_window=\u00bbon\u00bb image=\u00bbhttp:\/\/cgp.org.pe\/web\/wp-content\/uploads\/2025\/12\/Diseno-sin-titulo-2.jpg\u00bb _builder_version=\u00bb4.5.6&#8243; _module_preset=\u00bbdefault\u00bb header_font=\u00bbCourgette||||||||\u00bb header_text_align=\u00bbcenter\u00bb header_font_size=\u00bb25px\u00bb text_orientation=\u00bbjustified\u00bb min_height=\u00bb477.4px\u00bb custom_margin=\u00bb1px||1px||true|\u00bb custom_padding=\u00bb|35px||36px||\u00bb link_option_url_new_window=\u00bbon\u00bb]<\/p>\n<p style=\"text-align: center;\">CONVENIO DE COOPERACI\u00d3N INTERINSTITUCIONAL, CELEBRADO ENTRE EL COLEGIO DE GE\u00d3GRAFOS DEL PER\u00da Y LA EMPRESA<br \/> ASESOR\u00cdA, PUBLICIDAD, VENTAS Y SERVICIOS GENERALES E.I.R.L.<\/p>\n<p>[\/et_pb_blurb][et_pb_button button_url=\u00bbhttps:\/\/drive.google.com\/file\/d\/1DdZpNt_I0DKPKWVEMHayySTAhLlBHJ4m\/view?usp=sharing\u00bb url_new_window=\u00bbon\u00bb button_text=\u00bbLEER CONVENIO\u00bb button_alignment=\u00bbcenter\u00bb _builder_version=\u00bb4.5.6&#8243; _module_preset=\u00bbdefault\u00bb custom_button=\u00bbon\u00bb button_text_color=\u00bb#000000&#8243; button_bg_color=\u00bb#ffffff\u00bb button_border_color=\u00bb#000000&#8243; button_font=\u00bbAnton||||||||\u00bb custom_margin=\u00bb20px|||||\u00bb button_text_color_last_edited=\u00bboff|desktop\u00bb button_bg_color_tablet=\u00bb\u00bb button_bg_color_phone=\u00bb\u00bb button_bg_color_last_edited=\u00bbon|desktop\u00bb button_text_color__hover_enabled=\u00bbon|desktop\u00bb button_bg_color__hover_enabled=\u00bboff|desktop\u00bb button_text_color__hover=\u00bb#ffffff\u00bb][\/et_pb_button][\/et_pb_column][\/et_pb_row][\/et_pb_section]<\/p>\n","protected":false},"excerpt":{"rendered":"<p>[et_pb_section fb_built=\u00bb1&#8243; admin_label=\u00bbHeader\u00bb _builder_version=\u00bb4.5.6&#8243; _module_preset=\u00bbdefault\u00bb background_color=\u00bbgcid-84832e44-2b34-4d33-8eb3-ac4d4d31e368&#8243; use_background_color_gradient=\u00bbon\u00bb background_color_gradient_overlays_image=\u00bbon\u00bb background_image=\u00bbhttp:\/\/cgp.org.pe\/web\/wp-content\/uploads\/2025\/08\/Diseno-sin-titulo-1.jpg\u00bb parallax=\u00bbon\u00bb hover_enabled=\u00bb0&#8243; locked=\u00bboff\u00bb collapsed=\u00bboff\u00bb][et_pb_row _builder_version=\u00bb4.21.0&#8243; _module_preset=\u00bbdefault\u00bb][et_pb_column type=\u00bb4_4&#8243; _builder_version=\u00bb4.21.0&#8243; _module_preset=\u00bbdefault\u00bb][et_pb_text _builder_version=\u00bb4.21.0&#8243; _module_preset=\u00bba3aef665-b401-48b0-94d6-f3acc0307f4d\u00bb header_font=\u00bbPlayfair Display||||\u00bb header_text_color=\u00bb#FFFFFF\u00bb header_font_size=\u00bb72px\u00bb header_line_height=\u00bb1.3em\u00bb text_orientation=\u00bbcenter\u00bb header_font_size_tablet=\u00bb40px\u00bb header_font_size_phone=\u00bb24px\u00bb header_font_size_last_edited=\u00bbon|tablet\u00bb] CONVENIOS [\/et_pb_text][et_pb_text _builder_version=\u00bb4.21.0&#8243; _module_preset=\u00bbe3d7aa4c-ceab-4cd6-89c7-c32565c5065d\u00bb text_font=\u00bbMontserrat||||\u00bb text_text_color=\u00bbgcid-1921ac29-d22e-43b5-8d22-033b1d207345&#8243; text_font_size=\u00bb19px\u00bb text_line_height=\u00bb1.8em\u00bb text_orientation=\u00bbcenter\u00bb max_width=\u00bb700px\u00bb module_alignment=\u00bbcenter\u00bb text_font_size_tablet=\u00bb16px\u00bb text_font_size_phone=\u00bb14px\u00bb text_font_size_last_edited=\u00bbon|desktop\u00bb] El Colegio de Ge\u00f3grafos del Per\u00fa, en su compromiso con el desarrollo [&hellip;]<\/p>\n","protected":false},"author":2,"featured_media":0,"parent":0,"menu_order":0,"comment_status":"closed","ping_status":"closed","template":"","meta":{"_et_pb_use_builder":"on","_et_pb_old_content":"","_et_gb_content_width":"","footnotes":""},"class_list":["post-4977","page","type-page","status-publish","hentry"],"_links":{"self":[{"href":"https:\/\/cgp.org.pe\/web\/wp-json\/wp\/v2\/pages\/4977","targetHints":{"allow":["GET"]}}],"collection":[{"href":"https:\/\/cgp.org.pe\/web\/wp-json\/wp\/v2\/pages"}],"about":[{"href":"https:\/\/cgp.org.pe\/web\/wp-json\/wp\/v2\/types\/page"}],"author":[{"embeddable":true,"href":"https:\/\/cgp.org.pe\/web\/wp-json\/wp\/v2\/users\/2"}],"replies":[{"embeddable":true,"href":"https:\/\/cgp.org.pe\/web\/wp-json\/wp\/v2\/comments?post=4977"}],"version-history":[{"count":22,"href":"https:\/\/cgp.org.pe\/web\/wp-json\/wp\/v2\/pages\/4977\/revisions"}],"predecessor-version":[{"id":5515,"href":"https:\/\/cgp.org.pe\/web\/wp-json\/wp\/v2\/pages\/4977\/revisions\/5515"}],"wp:attachment":[{"href":"https:\/\/cgp.org.pe\/web\/wp-json\/wp\/v2\/media?parent=4977"}],"curies":[{"name":"wp","href":"https:\/\/api.w.org\/{rel}","templated":true}]}}