{"id":2666,"date":"2021-12-30T23:47:06","date_gmt":"2021-12-30T23:47:06","guid":{"rendered":"https:\/\/cgp.org.pe\/web\/?page_id=2666"},"modified":"2025-12-21T14:18:04","modified_gmt":"2025-12-21T19:18:04","slug":"comisiones","status":"publish","type":"page","link":"https:\/\/cgp.org.pe\/web\/comisiones\/","title":{"rendered":"Comisiones"},"content":{"rendered":"<p>[et_pb_section fb_built=\u00bb1&#8243; fullwidth=\u00bbon\u00bb disabled_on=\u00bbon|off|off\u00bb _builder_version=\u00bb4.5.6&#8243; _module_preset=\u00bbdefault\u00bb bottom_divider_style=\u00bbramp2&#8243; bottom_divider_color=\u00bb#ffffff\u00bb][et_pb_fullwidth_image src=\u00bbhttp:\/\/cgp.org.pe\/web\/wp-content\/uploads\/2022\/01\/comisiones.png\u00bb title_text=\u00bbcomisiones\u00bb _builder_version=\u00bb4.5.6&#8243; _module_preset=\u00bbdefault\u00bb][\/et_pb_fullwidth_image][\/et_pb_section][et_pb_section fb_built=\u00bb1&#8243; _builder_version=\u00bb4.5.6&#8243; _module_preset=\u00bbdefault\u00bb background_color=\u00bb#000000&#8243; min_height=\u00bb136px\u00bb custom_padding=\u00bb7px||7px|||\u00bb][et_pb_row _builder_version=\u00bb4.5.6&#8243; _module_preset=\u00bbdefault\u00bb custom_padding=\u00bb||49px|||\u00bb][et_pb_column type=\u00bb4_4&#8243; _builder_version=\u00bb4.5.6&#8243; _module_preset=\u00bbdefault\u00bb][et_pb_text _builder_version=\u00bb4.5.6&#8243; _module_preset=\u00bbdefault\u00bb header_font=\u00bb|700|||||||\u00bb header_font_size=\u00bb40px\u00bb header_letter_spacing=\u00bb3px\u00bb header_4_font=\u00bbMerienda||||||||\u00bb header_4_font_size=\u00bb16px\u00bb]<\/p>\n<h1 style=\"text-align: center;\"><span style=\"color: #ffffff;\">Comisiones especializadas del CGP<\/span><\/h1>\n<h4 style=\"text-align: center;\"><span style=\"color: #ffffff;\">Equipos de ge\u00f3grafos que promueven el desarrollo de la geograf\u00eda <\/span><\/h4>\n<p>[\/et_pb_text][\/et_pb_column][\/et_pb_row][\/et_pb_section][et_pb_section fb_built=\u00bb1&#8243; _builder_version=\u00bb4.5.6&#8243; _module_preset=\u00bbdefault\u00bb background_color=\u00bb#000000&#8243; custom_padding=\u00bb0px||0px|||\u00bb top_divider_color=\u00bb#ffffff\u00bb top_divider_height=\u00bb62px\u00bb top_divider_flip=\u00bbvertical\u00bb border_width_all=\u00bb37px\u00bb border_color_all=\u00bb#ffffff\u00bb][et_pb_row column_structure=\u00bb1_4,1_4,1_4,1_4&#8243; use_custom_gutter=\u00bbon\u00bb gutter_width=\u00bb2&#8243; make_equal=\u00bbon\u00bb _builder_version=\u00bb4.5.6&#8243; _module_preset=\u00bbdefault\u00bb width=\u00bb90%\u00bb max_width=\u00bb2560px\u00bb custom_padding=\u00bb|||28px||\u00bb][et_pb_column type=\u00bb1_4&#8243; _builder_version=\u00bb4.5.6&#8243; _module_preset=\u00bbdefault\u00bb background_enable_color=\u00bboff\u00bb background_image=\u00bbhttp:\/\/cgp.org.pe\/web\/wp-content\/uploads\/2022\/01\/urubamba-river-flowing-through-sacred-valley-cusco-region-peru.jpg\u00bb][\/et_pb_column][et_pb_column type=\u00bb1_4&#8243; _builder_version=\u00bb4.5.6&#8243; _module_preset=\u00bbdefault\u00bb][et_pb_text _builder_version=\u00bb4.5.6&#8243; _module_preset=\u00bbdefault\u00bb custom_margin=\u00bb||11px|||\u00bb custom_padding=\u00bb10px||4px|||\u00bb]<\/p>\n<h2><span class=\"OYPEnA font-feature-liga-off font-feature-clig-off font-feature-calt-off text-decoration-none text-strikethrough-none\" style=\"color: #ffffff;\">Educaci\u00f3n e Investigaci\u00f3n de la ciencia Geogr\u00e1fica<\/span><\/h2>\n<p>[\/et_pb_text][et_pb_text _builder_version=\u00bb4.5.6&#8243; _module_preset=\u00bbdefault\u00bb custom_margin=\u00bb2px||18px|||\u00bb custom_padding=\u00bb||12px|||\u00bb hover_enabled=\u00bb0&#8243;]<\/p>\n<p><span style=\"color: #ffffff;\"><em><strong>Coordinaci\u00f3n:\u00a0<\/strong><\/em><\/span><span style=\"color: #ffffff;\"><em>Miguel Enrique, Cuicapuza Noriega \/ Elva Esperanza, Torres Tirado<\/em><\/span><\/p>\n<p><span style=\"color: #ffffff;\"><em><strong>Colegiatura:<\/strong>\u00a0016 \/098<\/em><\/span><\/p>\n<p>[\/et_pb_text][et_pb_button button_url=\u00bbmailto:\u00bb button_text=\u00bbcontacto\u00bb button_alignment=\u00bbleft\u00bb _builder_version=\u00bb4.5.6&#8243; _module_preset=\u00bbdefault\u00bb custom_button=\u00bbon\u00bb button_text_color=\u00bb#ffffff\u00bb button_bg_color=\u00bb#df5327&#8243; button_border_color=\u00bb#ffffff\u00bb button_font=\u00bbAnton||||||||\u00bb button_icon_color=\u00bb#ffffff\u00bb][\/et_pb_button][\/et_pb_column][et_pb_column type=\u00bb1_4&#8243; _builder_version=\u00bb4.5.6&#8243; _module_preset=\u00bbdefault\u00bb background_image=\u00bbhttp:\/\/cgp.org.pe\/web\/wp-content\/uploads\/2021\/12\/generales-scaled.jpg\u00bb][et_pb_image src=\u00bbhttp:\/\/cgp.org.pe\/web\/wp-content\/uploads\/2022\/01\/actualidad.jpg\u00bb title_text=\u00bbactualidad\u00bb force_fullwidth=\u00bbon\u00bb disabled_on=\u00bboff|off|on\u00bb _builder_version=\u00bb4.5.6&#8243; _module_preset=\u00bbdefault\u00bb][\/et_pb_image][\/et_pb_column][et_pb_column type=\u00bb1_4&#8243; _builder_version=\u00bb4.5.6&#8243; _module_preset=\u00bbdefault\u00bb][et_pb_text _builder_version=\u00bb4.5.6&#8243; _module_preset=\u00bbdefault\u00bb custom_margin=\u00bb||11px|||\u00bb custom_padding=\u00bb12px|40px||||\u00bb]<\/p>\n<h2><span class=\"OYPEnA font-feature-liga-off font-feature-clig-off font-feature-calt-off text-decoration-none text-strikethrough-none\" style=\"color: #ffffff;\">Geotecnolog\u00edas Aplicadas a la Gesti\u00f3n del Territorio<\/span><\/h2>\n<p>[\/et_pb_text][et_pb_text _builder_version=\u00bb4.5.6&#8243; _module_preset=\u00bbdefault\u00bb custom_margin=\u00bb||18px|||\u00bb]<\/p>\n<p><span style=\"color: #ffffff;\"><em><strong>Coordinaci\u00f3n:\u00a0Luis Eduardo, Ferrer Cruz \/\u00a0Miguel Ernesto, Alva Huayaney \/\u00a0\u00a0Clayde Canales Huamantupa<\/strong><\/em><\/span><\/p>\n<p><span style=\"color: #ffffff;\"><em><strong>Colegiatura:\u00a0\u00a0666 \/\u00a0010 \/\u00a0338<\/strong><\/em><\/span><\/p>\n<p>[\/et_pb_text][et_pb_button button_url=\u00bbmailto:%20johnberaun@gmail.com\u00bb button_text=\u00bbcontacto\u00bb button_alignment=\u00bbleft\u00bb _builder_version=\u00bb4.5.6&#8243; _module_preset=\u00bbdefault\u00bb custom_button=\u00bbon\u00bb button_text_color=\u00bb#ffffff\u00bb button_bg_color=\u00bb#df5327&#8243; button_border_color=\u00bb#ffffff\u00bb button_font=\u00bbAnton||||||||\u00bb button_icon_color=\u00bb#ffffff\u00bb][\/et_pb_button][\/et_pb_column][\/et_pb_row][et_pb_row column_structure=\u00bb1_4,1_4,1_4,1_4&#8243; use_custom_gutter=\u00bbon\u00bb gutter_width=\u00bb2&#8243; make_equal=\u00bbon\u00bb _builder_version=\u00bb4.5.6&#8243; _module_preset=\u00bbdefault\u00bb width=\u00bb90%\u00bb max_width=\u00bb2560px\u00bb custom_padding=\u00bb|||22px||\u00bb][et_pb_column type=\u00bb1_4&#8243; _builder_version=\u00bb4.5.6&#8243; _module_preset=\u00bbdefault\u00bb background_color=\u00bb#002060&#8243; background_image=\u00bbhttp:\/\/cgp.org.pe\/web\/wp-content\/uploads\/2022\/03\/sig-1.jpg\u00bb][et_pb_image src=\u00bbhttp:\/\/cgp.org.pe\/web\/wp-content\/uploads\/2022\/03\/sig-1.jpg\u00bb title_text=\u00bbsig\u00bb force_fullwidth=\u00bbon\u00bb disabled_on=\u00bboff|off|on\u00bb _builder_version=\u00bb4.5.6&#8243; _module_preset=\u00bbdefault\u00bb custom_padding=\u00bb|||0px||\u00bb][\/et_pb_image][\/et_pb_column][et_pb_column type=\u00bb1_4&#8243; _builder_version=\u00bb4.5.6&#8243; _module_preset=\u00bbdefault\u00bb][et_pb_text _builder_version=\u00bb4.5.6&#8243; _module_preset=\u00bbdefault\u00bb custom_margin=\u00bb||11px|||\u00bb]<\/p>\n<h2><span class=\"OYPEnA font-feature-liga-off font-feature-clig-off font-feature-calt-off text-decoration-none text-strikethrough-none\" style=\"color: #ffffff;\">Geograf\u00eda F\u00edsica Aplicada<\/span><\/h2>\n<p>[\/et_pb_text][et_pb_text _builder_version=\u00bb4.5.6&#8243; _module_preset=\u00bbdefault\u00bb custom_margin=\u00bb||18px|||\u00bb hover_enabled=\u00bb0&#8243;]<\/p>\n<p><span style=\"color: #ffffff;\"><em><strong>Coordinaci\u00f3n:<\/strong>\u00a0\u00a0Jose Angel, Osejo Maury<\/em><\/span><\/p>\n<p><span style=\"color: #ffffff;\"><em><strong>Colegiatura:<\/strong>\u00a0060<\/em><\/span><\/p>\n<p>[\/et_pb_text][et_pb_button button_url=\u00bbmailto:\u00bb button_text=\u00bbcontacto\u00bb button_alignment=\u00bbleft\u00bb _builder_version=\u00bb4.5.6&#8243; _module_preset=\u00bbdefault\u00bb custom_button=\u00bbon\u00bb button_text_color=\u00bb#ffffff\u00bb button_bg_color=\u00bb#df5327&#8243; button_border_color=\u00bb#ffffff\u00bb button_font=\u00bbAnton||||||||\u00bb button_icon_color=\u00bb#ffffff\u00bb][\/et_pb_button][\/et_pb_column][et_pb_column type=\u00bb1_4&#8243; _builder_version=\u00bb4.5.6&#8243; _module_preset=\u00bbdefault\u00bb background_image=\u00bbhttp:\/\/cgp.org.pe\/web\/wp-content\/uploads\/2022\/03\/grdycc.jpg\u00bb][et_pb_image src=\u00bbhttp:\/\/cgp.org.pe\/web\/wp-content\/uploads\/2022\/03\/grdycc.jpg\u00bb title_text=\u00bbgrdycc\u00bb force_fullwidth=\u00bbon\u00bb disabled_on=\u00bboff|off|on\u00bb _builder_version=\u00bb4.5.6&#8243; _module_preset=\u00bbdefault\u00bb][\/et_pb_image][\/et_pb_column][et_pb_column type=\u00bb1_4&#8243; _builder_version=\u00bb4.5.6&#8243; _module_preset=\u00bbdefault\u00bb][et_pb_text _builder_version=\u00bb4.5.6&#8243; _module_preset=\u00bbdefault\u00bb custom_margin=\u00bb||11px|||\u00bb custom_padding=\u00bb0px|36px||||\u00bb]<\/p>\n<h2><span class=\"OYPEnA font-feature-liga-off font-feature-clig-off font-feature-calt-off text-decoration-none text-strikethrough-none\" style=\"color: #ffffff;\">Geopol\u00edtica y Gobernanza Territorial para el Desarrollo<\/span><\/h2>\n<p>[\/et_pb_text][et_pb_text _builder_version=\u00bb4.5.6&#8243; _module_preset=\u00bbdefault\u00bb custom_margin=\u00bb||18px|||\u00bb]<\/p>\n<p><span style=\"color: #ffffff;\"><em><strong>Coordinaci\u00f3n:\u00a0Juan Manuel, Delgado Estrada \/\u00a0Donato Cesar, Soto Hip\u00f3lito \/\u00a0Elva Esperanza, Torres Tirado \/\u00a0Marco Antonio Bull\u00f3n Hidalgo<\/strong><\/em><\/span><\/p>\n<p><span style=\"color: #ffffff;\"><em><strong>Colegiatura:\u00a0\u00a0157 \/\u00a0099 \/\u00a0098 \/\u00a0093<\/strong><\/em><\/span><\/p>\n<p>[\/et_pb_text][et_pb_button button_url=\u00bbmailto:\u00bb button_text=\u00bbcontacto\u00bb button_alignment=\u00bbleft\u00bb _builder_version=\u00bb4.5.6&#8243; _module_preset=\u00bbdefault\u00bb custom_button=\u00bbon\u00bb button_text_color=\u00bb#ffffff\u00bb button_bg_color=\u00bb#df5327&#8243; button_border_color=\u00bb#ffffff\u00bb button_font=\u00bbAnton||||||||\u00bb button_icon_color=\u00bb#ffffff\u00bb][\/et_pb_button][\/et_pb_column][\/et_pb_row][et_pb_row column_structure=\u00bb1_4,1_4,1_4,1_4&#8243; use_custom_gutter=\u00bbon\u00bb gutter_width=\u00bb2&#8243; make_equal=\u00bbon\u00bb _builder_version=\u00bb4.5.6&#8243; _module_preset=\u00bbdefault\u00bb width=\u00bb90%\u00bb max_width=\u00bb2560px\u00bb custom_padding=\u00bb|||26px||\u00bb][et_pb_column type=\u00bb1_4&#8243; _builder_version=\u00bb4.5.6&#8243; _module_preset=\u00bbdefault\u00bb background_color=\u00bb#002060&#8243; background_image=\u00bbhttp:\/\/cgp.org.pe\/web\/wp-content\/uploads\/2022\/01\/engineer-asian-man-white-helmet-and-blueprint-looking-at-the-mountain-in-which-there-is-village-built-on-the-top-of-the-hill.jpg\u00bb][\/et_pb_column][et_pb_column type=\u00bb1_4&#8243; _builder_version=\u00bb4.5.6&#8243; _module_preset=\u00bbdefault\u00bb][et_pb_text _builder_version=\u00bb4.5.6&#8243; _module_preset=\u00bbdefault\u00bb min_height=\u00bb40px\u00bb custom_margin=\u00bb||11px|||\u00bb custom_padding=\u00bb0px|||||\u00bb]<\/p>\n<h2><span class=\"OYPEnA font-feature-liga-off font-feature-clig-off font-feature-calt-off text-decoration-none text-strikethrough-none\" style=\"color: #ffffff;\">Gesti\u00f3n y Ordenamiento Ambiental del Territorio<\/span><\/h2>\n<p>[\/et_pb_text][et_pb_text _builder_version=\u00bb4.5.6&#8243; _module_preset=\u00bbdefault\u00bb custom_margin=\u00bb||18px|||\u00bb]<\/p>\n<p><span style=\"color: #ffffff;\"><em><strong>Coordinaci\u00f3n:<\/strong>\u00a0Alberto Enrique, Garc\u00eda Rivero \/\u00a0Sandra Odil\u00e9, Aliaga Rabanal \/ Jonathan, Villar V\u00e1squez \/\u00a0Donato Cesar, Soto Hip\u00f3lito<\/em><\/span><\/p>\n<p><span style=\"color: #ffffff;\"><em><strong>Colegiatura:<\/strong>\u00a0410 \/\u00a0104 \/\u00a0372 \/\u00a0099<\/em><\/span><\/p>\n<p>[\/et_pb_text][et_pb_button button_url=\u00bbmailto:\u00bb button_text=\u00bbcontacto\u00bb button_alignment=\u00bbleft\u00bb _builder_version=\u00bb4.5.6&#8243; _module_preset=\u00bbdefault\u00bb custom_button=\u00bbon\u00bb button_text_color=\u00bb#ffffff\u00bb button_bg_color=\u00bb#df5327&#8243; button_border_color=\u00bb#ffffff\u00bb button_font=\u00bbAnton||||||||\u00bb button_icon_color=\u00bb#ffffff\u00bb][\/et_pb_button][\/et_pb_column][et_pb_column type=\u00bb1_4&#8243; _builder_version=\u00bb4.5.6&#8243; _module_preset=\u00bbdefault\u00bb background_image=\u00bbhttp:\/\/cgp.org.pe\/web\/wp-content\/uploads\/2022\/03\/geofisica2.jpg\u00bb][et_pb_image src=\u00bbhttp:\/\/cgp.org.pe\/web\/wp-content\/uploads\/2022\/03\/geofisica2.jpg\u00bb title_text=\u00bbgeofisica2&#8243; force_fullwidth=\u00bbon\u00bb disabled_on=\u00bboff|off|on\u00bb _builder_version=\u00bb4.5.6&#8243; _module_preset=\u00bbdefault\u00bb][\/et_pb_image][\/et_pb_column][et_pb_column type=\u00bb1_4&#8243; _builder_version=\u00bb4.5.6&#8243; _module_preset=\u00bbdefault\u00bb][et_pb_text _builder_version=\u00bb4.5.6&#8243; _module_preset=\u00bbdefault\u00bb custom_margin=\u00bb||11px|||\u00bb custom_padding=\u00bb0px|40px|5px|||\u00bb]<\/p>\n<h2><span class=\"OYPEnA font-feature-liga-off font-feature-clig-off font-feature-calt-off text-decoration-none text-strikethrough-none\" style=\"color: #ffffff;\">Gesti\u00f3n del Riesgo de Desastres y Cambio clim\u00e1tico<\/span><\/h2>\n<p>[\/et_pb_text][et_pb_text _builder_version=\u00bb4.5.6&#8243; _module_preset=\u00bbdefault\u00bb custom_margin=\u00bb||18px|||\u00bb]<\/p>\n<p><span style=\"color: #ffffff;\"><em><strong>Coordinaci\u00f3n:\u00a0Jose Ubeda Palenque \/\u00a0Ra\u00fal Delgado Alvino \/\u00a0Clayde Canales Huamantupa<\/strong><\/em><\/span><\/p>\n<p><span style=\"color: #ffffff;\"><em><strong>Colegiatura:\u00a0200 \/\u00a0122 \/\u00a0338<\/strong><\/em><\/span><\/p>\n<p>[\/et_pb_text][et_pb_button button_url=\u00bbmailto:\u00bb button_text=\u00bbcontacto\u00bb button_alignment=\u00bbleft\u00bb _builder_version=\u00bb4.5.6&#8243; _module_preset=\u00bbdefault\u00bb custom_button=\u00bbon\u00bb button_text_color=\u00bb#ffffff\u00bb button_bg_color=\u00bb#df5327&#8243; button_border_color=\u00bb#ffffff\u00bb button_font=\u00bbAnton||||||||\u00bb button_icon_color=\u00bb#ffffff\u00bb][\/et_pb_button][\/et_pb_column][\/et_pb_row][et_pb_row column_structure=\u00bb1_4,1_4,1_4,1_4&#8243; use_custom_gutter=\u00bbon\u00bb gutter_width=\u00bb2&#8243; make_equal=\u00bbon\u00bb _builder_version=\u00bb4.5.6&#8243; _module_preset=\u00bbdefault\u00bb width=\u00bb90%\u00bb max_width=\u00bb2560px\u00bb custom_padding=\u00bb|||23px||\u00bb][et_pb_column type=\u00bb1_4&#8243; _builder_version=\u00bb4.5.6&#8243; _module_preset=\u00bbdefault\u00bb background_color=\u00bb#002060&#8243; background_image=\u00bbhttp:\/\/cgp.org.pe\/web\/wp-content\/uploads\/2022\/01\/speaker-on-the-stage-in-front-of-the-room-with-rear-view-of-audience-in-put-hand-up-acton-Copiar.jpg\u00bb][\/et_pb_column][et_pb_column type=\u00bb1_4&#8243; _builder_version=\u00bb4.5.6&#8243; _module_preset=\u00bbdefault\u00bb][et_pb_text _builder_version=\u00bb4.5.6&#8243; _module_preset=\u00bbdefault\u00bb custom_margin=\u00bb||11px|||\u00bb]<\/p>\n<h2><span class=\"OYPEnA font-feature-liga-off font-feature-clig-off font-feature-calt-off text-decoration-none text-strikethrough-none\" style=\"color: #ffffff;\">Ordenamiento, Organizaci\u00f3n y Demarcaci\u00f3n Territorial<\/span><\/h2>\n<p>[\/et_pb_text][et_pb_text _builder_version=\u00bb4.5.6&#8243; _module_preset=\u00bbdefault\u00bb custom_margin=\u00bb||18px|||\u00bb]<\/p>\n<p><span style=\"color: #ffffff;\"><em><strong>Coordinaci\u00f3n:<\/strong>\u00a0Fidel Eduardo, Tena Del Pino \/\u00a0Carlos Alfredo, Casquero Jara\u00a0<\/em><\/span><\/p>\n<p><span style=\"color: #ffffff;\"><em><strong>Colegiatura:<\/strong>\u00a0009 \/\u00a0342<\/em><\/span><\/p>\n<p>[\/et_pb_text][et_pb_button button_url=\u00bbmailto:\u00bb button_text=\u00bbcontacto\u00bb button_alignment=\u00bbleft\u00bb _builder_version=\u00bb4.5.6&#8243; _module_preset=\u00bbdefault\u00bb custom_button=\u00bbon\u00bb button_text_color=\u00bb#ffffff\u00bb button_bg_color=\u00bb#df5327&#8243; button_border_color=\u00bb#ffffff\u00bb button_font=\u00bbAnton||||||||\u00bb button_icon_color=\u00bb#ffffff\u00bb][\/et_pb_button][\/et_pb_column][et_pb_column type=\u00bb1_4&#8243; _builder_version=\u00bb4.5.6&#8243; _module_preset=\u00bbdefault\u00bb background_image=\u00bbhttp:\/\/cgp.org.pe\/web\/wp-content\/uploads\/2022\/03\/catastro.jpg\u00bb][\/et_pb_column][et_pb_column type=\u00bb1_4&#8243; _builder_version=\u00bb4.5.6&#8243; _module_preset=\u00bbdefault\u00bb][et_pb_text _builder_version=\u00bb4.5.6&#8243; _module_preset=\u00bbdefault\u00bb width=\u00bb94.2%\u00bb custom_margin=\u00bb||11px|||\u00bb]<\/p>\n<h2><span class=\"OYPEnA font-feature-liga-off font-feature-clig-off font-feature-calt-off text-decoration-none text-strikethrough-none\" style=\"color: #ffffff;\">Planificaci\u00f3n urbana, Catastro y Saneamiento F\u00edsico &#8211; Legal<\/span><\/h2>\n<p>[\/et_pb_text][et_pb_text _builder_version=\u00bb4.5.6&#8243; _module_preset=\u00bbdefault\u00bb custom_margin=\u00bb||18px|||\u00bb]<\/p>\n<p><span style=\"color: #ffffff;\"><em><strong>Coordinaci\u00f3n:\u00a0Edith Gladys Amachi Santiago<\/strong><\/em><\/span><\/p>\n<p><span style=\"color: #ffffff;\"><em><strong>Colegiatura:\u00a0059<\/strong><\/em><\/span><\/p>\n<p>[\/et_pb_text][et_pb_button button_url=\u00bbmailto:\u00bb button_text=\u00bbcontacto\u00bb button_alignment=\u00bbleft\u00bb _builder_version=\u00bb4.5.6&#8243; _module_preset=\u00bbdefault\u00bb custom_button=\u00bbon\u00bb button_text_color=\u00bb#ffffff\u00bb button_bg_color=\u00bb#df5327&#8243; button_border_color=\u00bb#ffffff\u00bb button_font=\u00bbAnton||||||||\u00bb button_icon_color=\u00bb#ffffff\u00bb][\/et_pb_button][\/et_pb_column][\/et_pb_row][\/et_pb_section]<\/p>\n","protected":false},"excerpt":{"rendered":"<p>[et_pb_section fb_built=\u00bb1&#8243; fullwidth=\u00bbon\u00bb disabled_on=\u00bbon|off|off\u00bb _builder_version=\u00bb4.5.6&#8243; _module_preset=\u00bbdefault\u00bb bottom_divider_style=\u00bbramp2&#8243; bottom_divider_color=\u00bb#ffffff\u00bb][et_pb_fullwidth_image src=\u00bbhttp:\/\/cgp.org.pe\/web\/wp-content\/uploads\/2022\/01\/comisiones.png\u00bb title_text=\u00bbcomisiones\u00bb _builder_version=\u00bb4.5.6&#8243; _module_preset=\u00bbdefault\u00bb][\/et_pb_fullwidth_image][\/et_pb_section][et_pb_section fb_built=\u00bb1&#8243; _builder_version=\u00bb4.5.6&#8243; _module_preset=\u00bbdefault\u00bb background_color=\u00bb#000000&#8243; min_height=\u00bb136px\u00bb custom_padding=\u00bb7px||7px|||\u00bb][et_pb_row _builder_version=\u00bb4.5.6&#8243; _module_preset=\u00bbdefault\u00bb custom_padding=\u00bb||49px|||\u00bb][et_pb_column type=\u00bb4_4&#8243; _builder_version=\u00bb4.5.6&#8243; _module_preset=\u00bbdefault\u00bb][et_pb_text _builder_version=\u00bb4.5.6&#8243; _module_preset=\u00bbdefault\u00bb header_font=\u00bb|700|||||||\u00bb header_font_size=\u00bb40px\u00bb header_letter_spacing=\u00bb3px\u00bb header_4_font=\u00bbMerienda||||||||\u00bb header_4_font_size=\u00bb16px\u00bb] Comisiones especializadas del CGP Equipos de ge\u00f3grafos que promueven el desarrollo de la geograf\u00eda [\/et_pb_text][\/et_pb_column][\/et_pb_row][\/et_pb_section][et_pb_section fb_built=\u00bb1&#8243; _builder_version=\u00bb4.5.6&#8243; _module_preset=\u00bbdefault\u00bb background_color=\u00bb#000000&#8243; custom_padding=\u00bb0px||0px|||\u00bb top_divider_color=\u00bb#ffffff\u00bb top_divider_height=\u00bb62px\u00bb top_divider_flip=\u00bbvertical\u00bb border_width_all=\u00bb37px\u00bb [&hellip;]<\/p>\n","protected":false},"author":1,"featured_media":0,"parent":0,"menu_order":0,"comment_status":"closed","ping_status":"closed","template":"","meta":{"_et_pb_use_builder":"on","_et_pb_old_content":"","_et_gb_content_width":"","footnotes":""},"class_list":["post-2666","page","type-page","status-publish","hentry"],"_links":{"self":[{"href":"https:\/\/cgp.org.pe\/web\/wp-json\/wp\/v2\/pages\/2666","targetHints":{"allow":["GET"]}}],"collection":[{"href":"https:\/\/cgp.org.pe\/web\/wp-json\/wp\/v2\/pages"}],"about":[{"href":"https:\/\/cgp.org.pe\/web\/wp-json\/wp\/v2\/types\/page"}],"author":[{"embeddable":true,"href":"https:\/\/cgp.org.pe\/web\/wp-json\/wp\/v2\/users\/1"}],"replies":[{"embeddable":true,"href":"https:\/\/cgp.org.pe\/web\/wp-json\/wp\/v2\/comments?post=2666"}],"version-history":[{"count":40,"href":"https:\/\/cgp.org.pe\/web\/wp-json\/wp\/v2\/pages\/2666\/revisions"}],"predecessor-version":[{"id":5414,"href":"https:\/\/cgp.org.pe\/web\/wp-json\/wp\/v2\/pages\/2666\/revisions\/5414"}],"wp:attachment":[{"href":"https:\/\/cgp.org.pe\/web\/wp-json\/wp\/v2\/media?parent=2666"}],"curies":[{"name":"wp","href":"https:\/\/api.w.org\/{rel}","templated":true}]}}