{"id":177,"date":"2021-11-21T15:25:03","date_gmt":"2021-11-21T15:25:03","guid":{"rendered":"https:\/\/cgp.org.pe\/web\/?page_id=177"},"modified":"2025-05-02T20:51:59","modified_gmt":"2025-05-03T01:51:59","slug":"miembros-honorarios","status":"publish","type":"page","link":"https:\/\/cgp.org.pe\/web\/miembros-honorarios\/","title":{"rendered":"Miembros honorarios"},"content":{"rendered":"<p>[et_pb_section fb_built=\u00bb1&#8243; fullwidth=\u00bbon\u00bb disabled_on=\u00bbon|on|off\u00bb _builder_version=\u00bb4.5.6&#8243; _module_preset=\u00bbdefault\u00bb bottom_divider_style=\u00bbramp2&#8243; bottom_divider_color=\u00bb#ffffff\u00bb][et_pb_fullwidth_image src=\u00bbhttp:\/\/cgp.org.pe\/web\/wp-content\/uploads\/2021\/11\/honorarios2.jpg\u00bb title_text=\u00bbhonorarios2&#8243; _builder_version=\u00bb4.5.6&#8243; _module_preset=\u00bbdefault\u00bb][\/et_pb_fullwidth_image][\/et_pb_section][et_pb_section fb_built=\u00bb1&#8243; fullwidth=\u00bbon\u00bb _builder_version=\u00bb4.5.6&#8243; _module_preset=\u00bbdefault\u00bb][\/et_pb_section][et_pb_section fb_built=\u00bb1&#8243; _builder_version=\u00bb4.5.6&#8243; _module_preset=\u00bbdefault\u00bb background_color=\u00bb#000000&#8243; custom_padding=\u00bb7px||7px|||\u00bb][et_pb_row _builder_version=\u00bb4.5.6&#8243; _module_preset=\u00bbdefault\u00bb custom_padding=\u00bb||49px|||\u00bb][et_pb_column type=\u00bb4_4&#8243; _builder_version=\u00bb4.5.6&#8243; _module_preset=\u00bbdefault\u00bb][et_pb_text _builder_version=\u00bb4.5.6&#8243; _module_preset=\u00bbdefault\u00bb header_font=\u00bb|700|||||||\u00bb header_font_size=\u00bb40px\u00bb header_letter_spacing=\u00bb3px\u00bb header_4_font=\u00bbMerienda||||||||\u00bb header_4_font_size=\u00bb16px\u00bb]<\/p>\n<h1 style=\"text-align: center;\"><span style=\"color: #ffffff;\">Miembros honorarios del CGP<\/span><\/h1>\n<h4 style=\"text-align: center;\"><span style=\"color: #ffffff;\">Ge\u00f3grafos u otros profesionales nacionales o extranjeros, que merecen el reconocimiento del Colegio de Ge\u00f3grafos del Per\u00fa.<\/span><\/h4>\n<p>[\/et_pb_text][\/et_pb_column][\/et_pb_row][\/et_pb_section][et_pb_section fb_built=\u00bb1&#8243; _builder_version=\u00bb4.5.6&#8243; _module_preset=\u00bbdefault\u00bb custom_padding=\u00bb0px||1px|||\u00bb top_divider_color=\u00bb#ffffff\u00bb top_divider_height=\u00bb50px\u00bb top_divider_flip=\u00bbhorizontal|vertical\u00bb top_divider_arrangement=\u00bbabove_content\u00bb bottom_divider_color=\u00bb#ffffff\u00bb bottom_divider_flip=\u00bbvertical\u00bb bottom_divider_arrangement=\u00bbabove_content\u00bb hover_enabled=\u00bb0&#8243; disabled_on=\u00bboff|off|off\u00bb][et_pb_row column_structure=\u00bb1_4,1_4,1_2&#8243; use_custom_gutter=\u00bbon\u00bb gutter_width=\u00bb1&#8243; make_equal=\u00bbon\u00bb disabled_on=\u00bboff|off|off\u00bb _builder_version=\u00bb4.5.6&#8243; _module_preset=\u00bbdefault\u00bb background_color=\u00bb#000000&#8243; width=\u00bb100%\u00bb max_width=\u00bb2560px\u00bb custom_margin=\u00bb-6px|auto|-12px|auto||\u00bb custom_padding=\u00bb2px||1px|||\u00bb hover_enabled=\u00bb0&#8243;][et_pb_column type=\u00bb1_4&#8243; _builder_version=\u00bb4.5.6&#8243; _module_preset=\u00bbdefault\u00bb background_image=\u00bbhttp:\/\/cgp.org.pe\/web\/wp-content\/uploads\/2021\/11\/ciro-hurtado.jpg\u00bb background_position=\u00bbtop_center\u00bb][\/et_pb_column][et_pb_column type=\u00bb1_4&#8243; _builder_version=\u00bb4.5.6&#8243; _module_preset=\u00bbdefault\u00bb background_color=\u00bb#2175ba\u00bb custom_padding=\u00bb3%|3%|3%|3%|false|false\u00bb][et_pb_text _builder_version=\u00bb4.5.6&#8243; _module_preset=\u00bbdefault\u00bb text_font=\u00bbMerienda||||||||\u00bb text_text_color=\u00bb#ffffff\u00bb text_font_size=\u00bb22px\u00bb header_3_font=\u00bbOpen Sans||||||||\u00bb header_3_font_size=\u00bb32px\u00bb background_color=\u00bbrgba(0,0,0,0)\u00bb custom_margin=\u00bb51px|||||\u00bb custom_padding=\u00bb5%|5%|5%|5%|false|false\u00bb border_width_all=\u00bb3px\u00bb border_color_all=\u00bb#ffffff\u00bb]<\/p>\n<p>Profesor Em\u00e9rito de la Universidad Nacional Mayor de San Marcos<\/p>\n<p>Promotor de la seguridad alimentaria usando los recursos naturales del pa\u00eds.<\/p>\n<p>[\/et_pb_text][\/et_pb_column][et_pb_column type=\u00bb1_2&#8243; _builder_version=\u00bb4.5.6&#8243; _module_preset=\u00bbdefault\u00bb background_color=\u00bb#002060&#8243; custom_padding=\u00bb3%|3%|3%|3%|false|false\u00bb][et_pb_text _builder_version=\u00bb4.5.6&#8243; _module_preset=\u00bbdefault\u00bb header_font=\u00bb|300|||||||\u00bb header_text_color=\u00bb#ffffff\u00bb header_font_size=\u00bb37px\u00bb header_line_height=\u00bb1.1em\u00bb border_color_all=\u00bb#ffffff\u00bb border_width_bottom=\u00bb2px\u00bb]<\/p>\n<h1>Dr. Ciro Jes\u00fas Hurtado<\/h1>\n<p>[\/et_pb_text][et_pb_text _builder_version=\u00bb4.5.6&#8243; _module_preset=\u00bbdefault\u00bb text_font=\u00bb||||||||\u00bb text_text_color=\u00bb#ffffff\u00bb text_font_size=\u00bb16px\u00bb custom_padding=\u00bb21px||||false|false\u00bb]<\/p>\n<p style=\"text-align: justify;\">Reconocido ge\u00f3grafo sanmarquino, promotor de la seguridad alimentaria usando los ricos recursos naturales de nuestro pa\u00eds, expuso c\u00f3mo los conocimientos y tecnolog\u00edas del Tahuantinsuyo podr\u00edan mejorar la calidad de vida de numerosas poblaciones del Per\u00fa y Latinoam\u00e9rica.\u00a0<\/p>\n<p style=\"text-align: justify;\"><span>Cabe recordar que el doctor Hurtado fue condecorado como Profesor Em\u00e9rito en el a\u00f1o 2009 y es autor de libros como Geograf\u00eda del Tahuantinsuyo y su trascendencia, Introducci\u00f3n a la geograf\u00eda sist\u00e9mica y Recursos naturales: hortalizas nativas alimentarias y medicinales, entre otras publicaciones.<\/span><\/p>\n<p>[\/et_pb_text][\/et_pb_column][\/et_pb_row][\/et_pb_section][et_pb_section fb_built=\u00bb1&#8243; _builder_version=\u00bb4.5.6&#8243; _module_preset=\u00bbdefault\u00bb custom_margin=\u00bb||1px|||\u00bb custom_padding=\u00bb8px||3px|||\u00bb top_divider_color=\u00bbrgba(0,0,0,0)\u00bb top_divider_arrangement=\u00bbabove_content\u00bb][\/et_pb_section][et_pb_section fb_built=\u00bb1&#8243; disabled_on=\u00bboff|off|off\u00bb _builder_version=\u00bb4.5.6&#8243; _module_preset=\u00bbdefault\u00bb background_enable_image=\u00bboff\u00bb custom_padding=\u00bb0px||1px|||\u00bb top_divider_color=\u00bb#ffffff\u00bb top_divider_height=\u00bb50px\u00bb top_divider_flip=\u00bbhorizontal|vertical\u00bb top_divider_arrangement=\u00bbabove_content\u00bb bottom_divider_color=\u00bb#ffffff\u00bb bottom_divider_flip=\u00bbvertical\u00bb bottom_divider_arrangement=\u00bbabove_content\u00bb hover_enabled=\u00bb0&#8243;][et_pb_row column_structure=\u00bb1_2,1_4,1_4&#8243; use_custom_gutter=\u00bbon\u00bb gutter_width=\u00bb1&#8243; make_equal=\u00bbon\u00bb _builder_version=\u00bb4.5.6&#8243; _module_preset=\u00bbdefault\u00bb width=\u00bb100%\u00bb max_width=\u00bb2560px\u00bb custom_margin=\u00bb-6px|auto|-2px|auto||\u00bb custom_padding=\u00bb2px||1px|||\u00bb][et_pb_column type=\u00bb1_2&#8243; _builder_version=\u00bb4.5.6&#8243; _module_preset=\u00bbdefault\u00bb background_color=\u00bb#ffffff\u00bb background_enable_image=\u00bboff\u00bb custom_padding=\u00bb3%|3%|3%|3%|false|false\u00bb][et_pb_text _builder_version=\u00bb4.5.6&#8243; _module_preset=\u00bbdefault\u00bb text_text_color=\u00bb#002060&#8243; header_font=\u00bb|800|||||||\u00bb header_text_color=\u00bb#000000&#8243; header_font_size=\u00bb37px\u00bb header_line_height=\u00bb1.1em\u00bb border_color_all=\u00bb#000000&#8243; border_width_bottom=\u00bb2px\u00bb]<\/p>\n<h1><span style=\"color: #ffffff;\">Dra. Nicole Bernex<\/span><\/h1>\n<p>[\/et_pb_text][et_pb_text _builder_version=\u00bb4.5.6&#8243; _module_preset=\u00bbdefault\u00bb text_text_color=\u00bb#000000&#8243; text_font_size=\u00bb16px\u00bb custom_padding=\u00bb21px||||false|false\u00bb]<\/p>\n<p style=\"text-align: justify;\"><span style=\"color: #ffffff;\">Profesora Principal del Departamento de humanidades de la Pontificia Universidad cat\u00f3lica del Per\u00fa Presidenta de la Sociedad Geogr\u00e1fica de Lima y Miembro de n\u00famero de la Academia Nacional de Ciencias del Per\u00fa y punto focal del Programa de Agua de la Red Interamericana de Academias de Ciencias (IANAS). Miembro del Comit\u00e9 T\u00e9cnico de Global Water Partnership (GWP TEC) y Presidenta Em\u00e9rita del Foro Peruano para el Agua. Miembro de la Uni\u00f3n Geogr\u00e1fica Internacional (Commission of water sustainibility). Past Co-Chair para Latin Am\u00e9rica Caribe del Comit\u00e9 Cient\u00edfico y T\u00e9cnico de la Convenci\u00f3n de Lucha contra la Desertificaci\u00f3n de Naciones Unidas \u0096 UNCCD. (2014-2015). Coordinadora del \u0093Dise\u00f1o cient\u00edfico, legal y financiero del Instituto Cient\u00edfico del Agua \u0096 ICA\u0094 financiado con el apoyo del CONCYTEC- CienciActiva. Consultora de organismos nacionales e internacionales, cuenta con m\u00e1s de 150 publicaciones entre libros y art\u00edculos.<\/span><\/p>\n<p>[\/et_pb_text][\/et_pb_column][et_pb_column type=\u00bb1_4&#8243; _builder_version=\u00bb4.5.6&#8243; _module_preset=\u00bbdefault\u00bb background_color=\u00bb#2175ba\u00bb custom_padding=\u00bb3%|3%|3%|3%|false|false\u00bb][et_pb_text _builder_version=\u00bb4.5.6&#8243; _module_preset=\u00bbdefault\u00bb text_font=\u00bbMerienda||||||||\u00bb text_text_color=\u00bb#ffffff\u00bb text_font_size=\u00bb22px\u00bb header_3_font=\u00bbOpen Sans||||||||\u00bb header_3_font_size=\u00bb32px\u00bb background_color=\u00bbrgba(0,0,0,0)\u00bb custom_margin=\u00bb51px|||||\u00bb custom_padding=\u00bb5%|5%|5%|5%|false|false\u00bb border_width_all=\u00bb3px\u00bb border_color_all=\u00bb#ffffff\u00bb]<\/p>\n<p>Doctora en Geograf\u00eda por la Universidad de Paul Val\u00e9ry de Montpellier (Francia).<\/p>\n<p>Especialidad: Acondicionamiento del territorio y urbanismo.<\/p>\n<p>[\/et_pb_text][\/et_pb_column][et_pb_column type=\u00bb1_4&#8243; _builder_version=\u00bb4.5.6&#8243; _module_preset=\u00bbdefault\u00bb background_enable_color=\u00bboff\u00bb background_image=\u00bbhttp:\/\/cgp.org.pe\/web\/wp-content\/uploads\/2021\/11\/Dra.-Bernex.png\u00bb custom_padding=\u00bb3%|3%|3%|3%|false|false\u00bb][\/et_pb_column][\/et_pb_row][\/et_pb_section][et_pb_section fb_built=\u00bb1&#8243; _builder_version=\u00bb4.5.6&#8243; _module_preset=\u00bbdefault\u00bb custom_padding=\u00bb0px||1px|||\u00bb top_divider_color=\u00bb#ffffff\u00bb top_divider_height=\u00bb50px\u00bb top_divider_flip=\u00bbhorizontal|vertical\u00bb top_divider_arrangement=\u00bbabove_content\u00bb bottom_divider_color=\u00bb#ffffff\u00bb bottom_divider_flip=\u00bbvertical\u00bb bottom_divider_arrangement=\u00bbabove_content\u00bb hover_enabled=\u00bb0&#8243; disabled_on=\u00bboff|off|off\u00bb][et_pb_row column_structure=\u00bb1_4,1_4,1_2&#8243; use_custom_gutter=\u00bbon\u00bb gutter_width=\u00bb1&#8243; make_equal=\u00bbon\u00bb disabled_on=\u00bboff|off|off\u00bb _builder_version=\u00bb4.5.6&#8243; _module_preset=\u00bbdefault\u00bb width=\u00bb100%\u00bb max_width=\u00bb2560px\u00bb custom_margin=\u00bb-6px|auto|-5px|auto||\u00bb custom_padding=\u00bb2px||1px|||\u00bb hover_enabled=\u00bb0&#8243;][et_pb_column type=\u00bb1_4&#8243; _builder_version=\u00bb4.5.6&#8243; _module_preset=\u00bbdefault\u00bb background_image=\u00bbhttp:\/\/cgp.org.pe\/web\/wp-content\/uploads\/2021\/11\/webb.jpg\u00bb background_position=\u00bbtop_center\u00bb][\/et_pb_column][et_pb_column type=\u00bb1_4&#8243; _builder_version=\u00bb4.5.6&#8243; _module_preset=\u00bbdefault\u00bb background_color=\u00bb#2175ba\u00bb custom_padding=\u00bb3%|3%|3%|3%|false|false\u00bb][et_pb_text _builder_version=\u00bb4.5.6&#8243; _module_preset=\u00bbdefault\u00bb text_font=\u00bbMerienda||||||||\u00bb text_text_color=\u00bb#ffffff\u00bb text_font_size=\u00bb22px\u00bb header_3_font=\u00bbOpen Sans||||||||\u00bb header_3_font_size=\u00bb32px\u00bb background_color=\u00bbrgba(0,0,0,0)\u00bb custom_margin=\u00bb51px|||||\u00bb custom_padding=\u00bb5%|5%|5%|5%|false|false\u00bb border_width_all=\u00bb3px\u00bb border_color_all=\u00bb#ffffff\u00bb]<\/p>\n<p>En reconocimiento a su destacada labor en el \u00e1rea socioecon\u00f3mica, el Dr. Richard Webb Duarte,\u00a0 recibi\u00f3 el premio Manuel J. Bustamante de la Fuente 2014.<\/p>\n<p>\u00c1reas de Investigaci\u00f3n: Derecho de propiedad, Pol\u00edtica social, Microfinanzas<\/p>\n<p>[\/et_pb_text][\/et_pb_column][et_pb_column type=\u00bb1_2&#8243; _builder_version=\u00bb4.5.6&#8243; _module_preset=\u00bbdefault\u00bb background_color=\u00bb#002060&#8243; custom_padding=\u00bb3%|3%|3%|3%|false|false\u00bb][et_pb_text _builder_version=\u00bb4.5.6&#8243; _module_preset=\u00bbdefault\u00bb header_font=\u00bb|300|||||||\u00bb header_text_color=\u00bb#ffffff\u00bb header_font_size=\u00bb37px\u00bb header_line_height=\u00bb1.1em\u00bb border_color_all=\u00bb#ffffff\u00bb border_width_bottom=\u00bb2px\u00bb]<\/p>\n<h1>Dr. Richard Charles Webb<\/h1>\n<p>[\/et_pb_text][et_pb_text _builder_version=\u00bb4.5.6&#8243; _module_preset=\u00bbdefault\u00bb text_text_color=\u00bb#ffffff\u00bb text_font_size=\u00bb16px\u00bb custom_padding=\u00bb21px||||false|false\u00bb]<\/p>\n<p style=\"text-align: justify;\">Tiene el grado de Doctor en Econom\u00eda de la Universidad de Harvard y M\u00e1ster en Econom\u00eda y Geograf\u00eda de la Universidad St. Andrews (Reino Unido). Fue presidente del Banco Central de Reserva del Per\u00fa en dos per\u00edodos. Economista del Banco Mundial y consultor para diversas entidades internacionales. Fund\u00f3 el Instituto Cu\u00e1nto y es socio de M\u00e1laga \u2013 Webb y Asociados. Tambi\u00e9n fue profesor visitante de la escuela Woodrow Wilson de la Universidad de Princeton y de la Universidad de Toronto.<\/p>\n<p style=\"text-align: justify;\">En cuanto a sus investigaciones, el Dr. Webb es pionero en el an\u00e1lisis de la pobreza y la distribuci\u00f3n del ingreso en el Per\u00fa. Entre sus principales publicaciones figuran: Government Policy and the Distribution of Income in Peru, editado por Harvard University; Una historia de las Microfinanzas en el Per\u00fa, El \u00c1rbol de la Mostaza; una historia oficial del Banco Mundial, The World Bank, Its First Half Century (con Devesh Kapur y John Lewis); y varias colecciones de art\u00edculos y ensayos.<\/p>\n<p>[\/et_pb_text][\/et_pb_column][\/et_pb_row][\/et_pb_section][et_pb_section fb_built=\u00bb1&#8243; _builder_version=\u00bb4.5.6&#8243; _module_preset=\u00bbdefault\u00bb custom_margin=\u00bb||1px|||\u00bb custom_padding=\u00bb8px||3px|||\u00bb top_divider_color=\u00bbrgba(0,0,0,0)\u00bb top_divider_arrangement=\u00bbabove_content\u00bb][\/et_pb_section][et_pb_section fb_built=\u00bb1&#8243; _builder_version=\u00bb4.5.6&#8243; _module_preset=\u00bbdefault\u00bb background_enable_image=\u00bboff\u00bb custom_margin=\u00bb-12px|||||\u00bb custom_padding=\u00bb0px||1px|||\u00bb top_divider_color=\u00bb#ffffff\u00bb top_divider_height=\u00bb50px\u00bb top_divider_flip=\u00bbhorizontal|vertical\u00bb top_divider_arrangement=\u00bbabove_content\u00bb bottom_divider_color=\u00bb#ffffff\u00bb bottom_divider_flip=\u00bbvertical\u00bb bottom_divider_arrangement=\u00bbabove_content\u00bb hover_enabled=\u00bb0&#8243;][et_pb_row column_structure=\u00bb1_2,1_4,1_4&#8243; use_custom_gutter=\u00bbon\u00bb gutter_width=\u00bb1&#8243; make_equal=\u00bbon\u00bb disabled_on=\u00bboff|off|off\u00bb _builder_version=\u00bb4.5.6&#8243; _module_preset=\u00bbdefault\u00bb width=\u00bb100%\u00bb max_width=\u00bb2560px\u00bb custom_margin=\u00bb-9px|auto|-2px|auto||\u00bb custom_padding=\u00bb0px||1px||false|false\u00bb hover_enabled=\u00bb0&#8243;][et_pb_column type=\u00bb1_2&#8243; _builder_version=\u00bb4.5.6&#8243; _module_preset=\u00bbdefault\u00bb background_color=\u00bb#ffffff\u00bb background_enable_image=\u00bboff\u00bb custom_padding=\u00bb3%|3%|3%|3%|false|false\u00bb][et_pb_text _builder_version=\u00bb4.5.6&#8243; _module_preset=\u00bbdefault\u00bb header_font=\u00bb|800|||||||\u00bb header_text_color=\u00bb#000000&#8243; header_font_size=\u00bb37px\u00bb header_line_height=\u00bb1.1em\u00bb border_color_all=\u00bb#000000&#8243; border_width_bottom=\u00bb2px\u00bb]<\/p>\n<h1><span style=\"color: #ffffff;\">Dra. Alicia Huamantinco<\/span><\/h1>\n<p>[\/et_pb_text][et_pb_text _builder_version=\u00bb4.5.6&#8243; _module_preset=\u00bbdefault\u00bb text_text_color=\u00bb#000000&#8243; text_font_size=\u00bb16px\u00bb custom_padding=\u00bb21px||||false|false\u00bb]<\/p>\n<p style=\"text-align: justify;\"><span style=\"color: #ffffff;\">Doctora en Geograf\u00eda, en el \u00e1rea de Gesti\u00f3n y Organizaci\u00f3n del Territorio, grado conferido por la Universidad Federal de R\u00edo de Janeiro, Brasil. Mag\u00edster en Geograf\u00eda y t\u00edtulo de Ge\u00f3grafa graduada en la Universidad \u201cLomonosov\u201d, Mosc\u00fa, Rusia.<\/span><\/p>\n<p style=\"text-align: justify;\"><span style=\"color: #ffffff;\">Especialidad: desarrollo rural, desarrollo microrregional y comunal; planeamiento y gesti\u00f3n de proyectos; sistemas de seguimiento y evaluaci\u00f3n.<\/span><\/p>\n<p style=\"text-align: justify;\"><span style=\"color: #ffffff;\">Coordinadora de programas de desarrollo micro regional del Instituto Nacional de Desarrollo y del Instituto Nacional de Planificaci\u00f3n (IPGH).<\/span><\/p>\n<p>[\/et_pb_text][\/et_pb_column][et_pb_column type=\u00bb1_4&#8243; _builder_version=\u00bb4.5.6&#8243; _module_preset=\u00bbdefault\u00bb background_color=\u00bb#2175ba\u00bb custom_padding=\u00bb3%|3%|3%|3%|false|false\u00bb][et_pb_text _builder_version=\u00bb4.5.6&#8243; _module_preset=\u00bbdefault\u00bb text_font=\u00bbMerienda||||||||\u00bb text_text_color=\u00bb#ffffff\u00bb text_font_size=\u00bb22px\u00bb header_3_font=\u00bbOpen Sans||||||||\u00bb header_3_font_size=\u00bb32px\u00bb background_color=\u00bbrgba(0,0,0,0)\u00bb custom_margin=\u00bb51px|||||\u00bb custom_padding=\u00bb5%|5%|5%|5%|false|false\u00bb border_width_all=\u00bb3px\u00bb border_color_all=\u00bb#ffffff\u00bb]<\/p>\n<p><strong>Especialidad:<\/strong>\u00a0<\/p>\n<p>Desarrollo rural, desarrollo microrregional y comunal; planeamiento y gesti\u00f3n de proyectos; sistemas de seguimiento y evaluaci\u00f3n.<\/p>\n<p>[\/et_pb_text][\/et_pb_column][et_pb_column type=\u00bb1_4&#8243; _builder_version=\u00bb4.5.6&#8243; _module_preset=\u00bbdefault\u00bb background_enable_color=\u00bboff\u00bb background_image=\u00bbhttp:\/\/cgp.org.pe\/web\/wp-content\/uploads\/2021\/11\/alicia-huamantinco.jpg\u00bb custom_padding=\u00bb3%|3%|3%|3%|false|false\u00bb][\/et_pb_column][\/et_pb_row][et_pb_row column_structure=\u00bb1_4,1_4,1_2&#8243; use_custom_gutter=\u00bbon\u00bb gutter_width=\u00bb1&#8243; make_equal=\u00bbon\u00bb disabled_on=\u00bboff|off|off\u00bb _builder_version=\u00bb4.5.6&#8243; _module_preset=\u00bbdefault\u00bb width=\u00bb100%\u00bb max_width=\u00bb2560px\u00bb custom_margin=\u00bb-6px|auto|-2px|auto||\u00bb custom_padding=\u00bb2px||1px|||\u00bb hover_enabled=\u00bb0&#8243;][et_pb_column type=\u00bb1_4&#8243; _builder_version=\u00bb4.5.6&#8243; _module_preset=\u00bbdefault\u00bb background_image=\u00bbhttp:\/\/cgp.org.pe\/web\/wp-content\/uploads\/2021\/11\/2015_08_hildegardo-5000&#215;3333-1-1.jpg\u00bb background_position=\u00bbtop_center\u00bb][\/et_pb_column][et_pb_column type=\u00bb1_4&#8243; _builder_version=\u00bb4.5.6&#8243; _module_preset=\u00bbdefault\u00bb background_color=\u00bb#2175ba\u00bb custom_padding=\u00bb3%|3%|3%|3%|false|false\u00bb][et_pb_text _builder_version=\u00bb4.5.6&#8243; _module_preset=\u00bbdefault\u00bb text_font=\u00bbMerienda||||||||\u00bb text_text_color=\u00bb#ffffff\u00bb text_font_size=\u00bb22px\u00bb header_3_font=\u00bbOpen Sans||||||||\u00bb header_3_font_size=\u00bb32px\u00bb background_color=\u00bbrgba(0,0,0,0)\u00bb custom_margin=\u00bb51px|||||\u00bb custom_padding=\u00bb5%|5%|5%|5%|false|false\u00bb border_width_all=\u00bb3px\u00bb border_color_all=\u00bb#ffffff\u00bb]<\/p>\n<p>PhD en Geograf\u00eda por la Universidad de Wisconsin y Master of Arts en Geograf\u00eda por la Universidad de Texas.<\/p>\n<p>Ex- director y editor de la revista Espacio y Desarrollo, \u00f3rgano de difusi\u00f3n geogr\u00e1fica del CIGA-PUCP; editor del Bolet\u00edn de la Sociedad Geogr\u00e1fica de Lima.<\/p>\n<p>[\/et_pb_text][\/et_pb_column][et_pb_column type=\u00bb1_2&#8243; _builder_version=\u00bb4.5.6&#8243; _module_preset=\u00bbdefault\u00bb background_color=\u00bb#002060&#8243; custom_padding=\u00bb3%|3%|3%|3%|false|false\u00bb][et_pb_text _builder_version=\u00bb4.5.6&#8243; _module_preset=\u00bbdefault\u00bb header_font=\u00bb|300|||||||\u00bb header_text_color=\u00bb#ffffff\u00bb header_font_size=\u00bb37px\u00bb header_line_height=\u00bb1.1em\u00bb border_color_all=\u00bb#ffffff\u00bb border_width_bottom=\u00bb2px\u00bb]<\/p>\n<h1>Dr. Hildegardo C\u00f3rdova<\/h1>\n<p>[\/et_pb_text][et_pb_text _builder_version=\u00bb4.5.6&#8243; _module_preset=\u00bbdefault\u00bb text_text_color=\u00bb#ffffff\u00bb text_font_size=\u00bb15px\u00bb custom_padding=\u00bb21px||||false|false\u00bb]<\/p>\n<p style=\"text-align: justify;\">Ge\u00f3grafo peruano. Inici\u00f3 sus estudios universitarios en la Universidad Nacional Mayor de San Marcos de Lima obteniendo el bachillerato en geograf\u00eda en 1969. Luego obtuvo el grado de Master of Arts en Geograf\u00eda en la Universidad de Texas, Austin (1972), el grado de Doctor en Geograf\u00eda en la Universidad Mayor de San Marcos (1980) y el Ph D en Geograf\u00eda en la Universidad de Wisconsin, Madison (1982). Es Miembro Honorario del Colegio de Ge\u00f3grafos del Per\u00fa. Fue profesor en el Departamento de Ciencias Geogr\u00e1ficas (1972-2004) y miembro del Consejo de las Facultades de Geolog\u00eda, Minas, Metalurgia y Ciencias Geogr\u00e1ficas y de Ciencias Sociales de la Universidad de San Marcos. Tambi\u00e9n fue Coordinador de la Especialidad de Geograf\u00eda y Medio Ambiente en la Facultad de Letras y Ciencias Humanas (1987- 2011) de la Pontificia Universidad Cat\u00f3lica del Per\u00fa (PUCP). Actualmente es profesor principal de la Secci\u00f3n de Geograf\u00eda, y Director Ejecutivo del Centro de Investigaci\u00f3n en Geograf\u00eda Aplicada (CIGA-PUCP); presidente (2011-2013) de la Uni\u00f3n Geogr\u00e1fica de Am\u00e9rica Latina (UGAL) y ex miembro del Consejo Directivo de la Sociedad Geogr\u00e1fica de Lima. Ha sido profesor visitante en las universidades de Vermont en Burlington (EE.UU), Bergen (Noruega), Syracuse (EE,UU), Akron, Ohio (EE.UU), Columbus, Georgia (EE.UU), Universidad de Piura (Piura), Universidad Cat\u00f3lica Santa Mar\u00eda (Arequipa), San Agust\u00edn (Arequipa) y San Antonio Abad (Cuzco). Asimismo ha realizado estad\u00edas cortas como profesor invitado en las universidades de Salamanca, Complutense de Madrid, Salzburgo, Varsovia, Cracovia y Zaragoza. Ha participado en numerosos congresos inter y na Se especializa en temas de geograf\u00eda cultural, especialmente relacionados con el desarrollo rural, problemas ambientales urbanos, percepci\u00f3n ambiental, biogeograf\u00eda y geograf\u00eda econ\u00f3mica. Ex- director y editor de la revista Espacio y Desarrollo, \u00f3rgano de difusi\u00f3n geogr\u00e1fica del CIGA-PUCP; editor del Bolet\u00edn de la Sociedad Geogr\u00e1fica de Lima.<\/p>\n<p>[\/et_pb_text][\/et_pb_column][\/et_pb_row][\/et_pb_section][et_pb_section fb_built=\u00bb1&#8243; _builder_version=\u00bb4.5.6&#8243; _module_preset=\u00bbdefault\u00bb custom_padding=\u00bb0px||1px|||\u00bb top_divider_color=\u00bb#ffffff\u00bb top_divider_height=\u00bb50px\u00bb top_divider_flip=\u00bbhorizontal|vertical\u00bb top_divider_arrangement=\u00bbabove_content\u00bb bottom_divider_color=\u00bb#ffffff\u00bb bottom_divider_flip=\u00bbvertical\u00bb bottom_divider_arrangement=\u00bbabove_content\u00bb][\/et_pb_section][et_pb_section fb_built=\u00bb1&#8243; disabled_on=\u00bbon|off|off\u00bb _builder_version=\u00bb4.5.6&#8243; _module_preset=\u00bbdefault\u00bb background_enable_image=\u00bboff\u00bb custom_padding=\u00bb0px||1px|||\u00bb top_divider_color=\u00bb#ffffff\u00bb top_divider_height=\u00bb50px\u00bb top_divider_flip=\u00bbhorizontal|vertical\u00bb top_divider_arrangement=\u00bbabove_content\u00bb bottom_divider_color=\u00bb#ffffff\u00bb bottom_divider_flip=\u00bbvertical\u00bb bottom_divider_arrangement=\u00bbabove_content\u00bb][et_pb_row column_structure=\u00bb1_2,1_4,1_4&#8243; use_custom_gutter=\u00bbon\u00bb gutter_width=\u00bb1&#8243; make_equal=\u00bbon\u00bb _builder_version=\u00bb4.5.6&#8243; _module_preset=\u00bbdefault\u00bb width=\u00bb100%\u00bb max_width=\u00bb2560px\u00bb custom_margin=\u00bb-6px|auto|-2px|auto||\u00bb custom_padding=\u00bb0px||0px||false|false\u00bb hover_enabled=\u00bb0&#8243; disabled_on=\u00bboff|off|off\u00bb][et_pb_column type=\u00bb1_2&#8243; _builder_version=\u00bb4.5.6&#8243; _module_preset=\u00bbdefault\u00bb background_color=\u00bb#ffffff\u00bb background_enable_image=\u00bboff\u00bb custom_padding=\u00bb3%|3%|3%|3%|false|false\u00bb][et_pb_text _builder_version=\u00bb4.5.6&#8243; _module_preset=\u00bbdefault\u00bb header_font=\u00bb|800|||||||\u00bb header_text_color=\u00bb#000000&#8243; header_font_size=\u00bb37px\u00bb header_line_height=\u00bb1.1em\u00bb hover_enabled=\u00bb0&#8243; border_color_all=\u00bb#000000&#8243; border_width_bottom=\u00bb2px\u00bb disabled_on=\u00bboff|off|off\u00bb]<\/p>\n<h1><span style=\"color: #ffffff;\">Dr. Carlos Pe\u00f1aherrera<\/span><\/h1>\n<p>[\/et_pb_text][et_pb_text _builder_version=\u00bb4.5.6&#8243; _module_preset=\u00bbdefault\u00bb text_text_color=\u00bb#000000&#8243; text_font_size=\u00bb16px\u00bb custom_padding=\u00bb21px||||false|false\u00bb hover_enabled=\u00bb0&#8243;]<\/p>\n<p style=\"text-align: justify;\"><span style=\"color: #ffffff;\">El Dr. Carlos Pe\u00f1aherrera del \u00c1guila (1924-2010) fue un renombrado ge\u00f3grafo peruano que realiz\u00f3 estudios superiores en Francia y Alemania. Sigui\u00f3 en las aulas sanmarquinas estudios de Geograf\u00eda, Letras, Educaci\u00f3n y Derecho. Se desempe\u00f1\u00f3 como docente por m\u00e1s de 35 a\u00f1os.<\/span><br \/> <span style=\"color: #ffffff;\">El Profesor Pe\u00f1aherrera fue nombrado Profesor Em\u00e9rito por la Universidad Nacional Mayor de San Marcos. Se desempe\u00f1\u00f3 como decano de la Facultad de Ingenier\u00eda Geol\u00f3gica, Minera, Metal\u00fargica y Geogr\u00e1fica de la UNMSM.<\/span><br \/> <span style=\"color: #ffffff;\">Destaca su participaci\u00f3n como asesor de la jefatura del Instituto Nacional de Planificaci\u00f3n, del Ministerio de Relaciones Exteriores del Per\u00fa y del Consejo Nacional de Ciencia y Tecnolog\u00eda del Per\u00fa CONCYTEC. Tuvo a su cargo el estudio de aspectos f\u00edsicos y ambientales del Proyecto Gesti\u00f3n Urbano Regional de Inversiones (GURI), Plan de Ordenamiento Territorial e Inversiones del Ministerio de Transportes, Comunicaciones, Vivienda, Construcci\u00f3n en el Norte del Per\u00fa (departamentos de Lambayeque, Cajamarca, Amazonas, Piura, Tumbes, La Libertad y Ancash) entre otras instituciones. Asimismo, el Dr. Pe\u00f1aherrera fue impulsor de la creaci\u00f3n del distrito de San Borja.<\/span><br \/> <span style=\"color: #ffffff;\">En 1976 se le concedi\u00f3 el Premio Geogr\u00e1fico Antonio Raimondi otorgado por la Sociedad Geogr\u00e1fica de Lima. El Dr. Pe\u00f1aherrera del \u00c1guila, fue Presidente de la Comisi\u00f3n de Geograf\u00eda del IPGH 1997-2005. Dentro de su importante obra geogr\u00e1fica se destaca la publicaci\u00f3n de Geograf\u00eda General del Per\u00fa (1969), Atlas Hist\u00f3rico Geogr\u00e1fico y de Paisajes Peruanos (1970), Atlas del Per\u00fa (1989), entre otras.<\/span><\/p>\n<p>[\/et_pb_text][\/et_pb_column][et_pb_column type=\u00bb1_4&#8243; _builder_version=\u00bb4.5.6&#8243; _module_preset=\u00bbdefault\u00bb background_color=\u00bb#2175ba\u00bb custom_padding=\u00bb3%|3%|3%|3%|false|false\u00bb][et_pb_text _builder_version=\u00bb4.5.6&#8243; _module_preset=\u00bbdefault\u00bb text_font=\u00bbMerienda||||||||\u00bb text_text_color=\u00bb#ffffff\u00bb text_font_size=\u00bb22px\u00bb header_3_font=\u00bbOpen Sans||||||||\u00bb header_3_font_size=\u00bb32px\u00bb background_color=\u00bbrgba(0,0,0,0)\u00bb custom_margin=\u00bb51px|||||\u00bb custom_padding=\u00bb5%|5%|5%|5%|false|false\u00bb border_width_all=\u00bb3px\u00bb border_color_all=\u00bb#ffffff\u00bb]<\/p>\n<p>Profesor Em\u00e9rito de la UNMSM, ex decano de la Facultad de Ingenier\u00eda Geol\u00f3gica, Minera, Metal\u00fargica y Geogr\u00e1fica, ex asesor de la jefatura del Instituto Nacional de Planificaci\u00f3n y propulsor de la creaci\u00f3n del distrito de San Borja.<\/p>\n<p><span>En 1976 obtuvo el Premio Geogr\u00e1fico \u201cAntonio Raimondi\u201d otorgado por la Sociedad Geogr\u00e1fica de Lima.<\/span><\/p>\n<p>[\/et_pb_text][\/et_pb_column][et_pb_column type=\u00bb1_4&#8243; _builder_version=\u00bb4.5.6&#8243; _module_preset=\u00bbdefault\u00bb background_enable_color=\u00bboff\u00bb background_image=\u00bbhttp:\/\/cgp.org.pe\/web\/wp-content\/uploads\/2021\/11\/Foto-Penaherrera.jpg\u00bb background_position=\u00bbtop_center\u00bb custom_padding=\u00bb3%|3%|3%|3%|false|false\u00bb][\/et_pb_column][\/et_pb_row][et_pb_row column_structure=\u00bb1_4,1_4,1_2&#8243; use_custom_gutter=\u00bbon\u00bb gutter_width=\u00bb1&#8243; make_equal=\u00bbon\u00bb disabled_on=\u00bboff|off|off\u00bb _builder_version=\u00bb4.5.6&#8243; _module_preset=\u00bbdefault\u00bb width=\u00bb100%\u00bb max_width=\u00bb2560px\u00bb custom_margin=\u00bb-6px|auto|-2px|auto||\u00bb custom_padding=\u00bb2px||1px|||\u00bb hover_enabled=\u00bb0&#8243;][et_pb_column type=\u00bb1_4&#8243; _builder_version=\u00bb4.5.6&#8243; _module_preset=\u00bbdefault\u00bb background_image=\u00bbhttp:\/\/cgp.org.pe\/web\/wp-content\/uploads\/2021\/11\/Zaniel_Novoa-300&#215;295-1.jpg\u00bb background_position=\u00bbtop_center\u00bb][\/et_pb_column][et_pb_column type=\u00bb1_4&#8243; _builder_version=\u00bb4.5.6&#8243; _module_preset=\u00bbdefault\u00bb background_color=\u00bb#2175ba\u00bb custom_padding=\u00bb3%|3%|3%|3%|false|false\u00bb][et_pb_text _builder_version=\u00bb4.5.6&#8243; _module_preset=\u00bbdefault\u00bb text_font=\u00bbMerienda||||||||\u00bb text_text_color=\u00bb#ffffff\u00bb text_font_size=\u00bb22px\u00bb header_3_font=\u00bbOpen Sans||||||||\u00bb header_3_font_size=\u00bb32px\u00bb background_color=\u00bbrgba(0,0,0,0)\u00bb custom_margin=\u00bb51px|||||\u00bb custom_padding=\u00bb5%|5%|5%|5%|false|false\u00bb border_width_all=\u00bb3px\u00bb border_color_all=\u00bb#ffffff\u00bb]<\/p>\n<p>Doctor en Medio Ambiente y Desarrollo Sostenible<\/p>\n<p>Principales l\u00edneas de inter\u00e9s cient\u00edfico: Ordenamiento y Gesti\u00f3n del Territorio, la Gesti\u00f3n Integrada de las Fronteras, el Ordenamiento y Gesti\u00f3n Integrada de la Zona Marino Costera, Geograf\u00eda Mundial, Geograf\u00eda y Sistemas Complejos, Filosof\u00eda de la Naturaleza y Filosof\u00eda del Medio Ambiente.<\/p>\n<p>[\/et_pb_text][\/et_pb_column][et_pb_column type=\u00bb1_2&#8243; _builder_version=\u00bb4.5.6&#8243; _module_preset=\u00bbdefault\u00bb background_color=\u00bb#002060&#8243; custom_padding=\u00bb3%|3%|3%|3%|false|false\u00bb][et_pb_text _builder_version=\u00bb4.5.6&#8243; _module_preset=\u00bbdefault\u00bb header_font=\u00bb|300|||||||\u00bb header_text_color=\u00bb#ffffff\u00bb header_font_size=\u00bb37px\u00bb header_line_height=\u00bb1.1em\u00bb hover_enabled=\u00bb0&#8243; border_color_all=\u00bb#ffffff\u00bb border_width_bottom=\u00bb2px\u00bb]<\/p>\n<h1>Dr. Zaniel Novoa Goicochea<\/h1>\n<p>[\/et_pb_text][et_pb_text _builder_version=\u00bb4.5.6&#8243; _module_preset=\u00bbdefault\u00bb text_text_color=\u00bb#ffffff\u00bb text_font_size=\u00bb15px\u00bb custom_padding=\u00bb21px||||false|false\u00bb]<\/p>\n<p style=\"text-align: justify;\"><span>Ge\u00f3grafo peruano, nacido en San Pedro de Lloc (1953), provincia de Pacasmayo, Regi\u00f3n La Libertad. Graduado en ingenier\u00eda geogr\u00e1fica en la Universidad Nacional Federico Villarreal de Lima (1978).<\/span><\/p>\n<p style=\"text-align: justify;\">Su formaci\u00f3n profesional la continu\u00f3 en Chile, en el Instituto Latinoamericano de Planificaci\u00f3n Econ\u00f3mica y Social (ILPES) de la Comisi\u00f3n Econ\u00f3mica para Am\u00e9rica Latina (CEPAL) donde realiz\u00f3 estudios de Post Grado en Pol\u00edticas P\u00fablicas, Desarrollo y Planificaci\u00f3n (1985); en Francia, becado por ORSTOM, el Etage de formaci\u00f3n en \u201cAnalyse de l\u00b4espace et dynamique des territoires\u201d en la Maison de la Geographie de Montpellier (1991); en Espa\u00f1a, en la Universidad de Alcal\u00e1 de Henares, en \u201cSistemas de Informaci\u00f3n Geogr\u00e1fica, Cartograf\u00eda y Teledetecci\u00f3n\u201d (1995).<\/p>\n<p style=\"text-align: justify;\">Obtuvo el grado de Magister en Humanidades \u2013 Ordenamiento Territorial, en la Pontificia Universidad Cat\u00f3lica del Per\u00fa (2005) y el grado de Doctor en Medio Ambiente y Desarrollo Sostenible en la Universidad Nacional Federico Villarreal (2013).<\/p>\n<p style=\"text-align: justify;\">Ha trabajado por varios a\u00f1os en diferentes regiones del pa\u00eds, para la Cooperaci\u00f3n T\u00e9cnica Internacional: CICDA-Francia, PNUD, JUNAC, BID, SNV-Holanda, entre otras; y para instituciones p\u00fablicas: Corporaci\u00f3n de| Desarrollo de La Libertad (CORLIB), Instituto Nacional de Planificaci\u00f3n \u2013 Proyecto Especial Programa de Desarrollo de Microrregiones en Emergencia Econ\u00f3mica y Social (INP\/PEPDMEES).<\/p>\n<p style=\"text-align: justify;\">\n<p>[\/et_pb_text][et_pb_toggle title=\u00bbLeer m\u00e1s\u00bb open_toggle_background_color=\u00bbrgba(0,0,0,0)\u00bb closed_toggle_background_color=\u00bbrgba(0,0,0,0)\u00bb _builder_version=\u00bb4.5.6&#8243; _module_preset=\u00bbdefault\u00bb title_text_color=\u00bb#ffffff\u00bb title_font=\u00bbOpen Sans||on||||||\u00bb title_font_size=\u00bb18px\u00bb body_text_color=\u00bb#ffffff\u00bb text_orientation=\u00bbjustified\u00bb hover_enabled=\u00bb0&#8243; border_width_all=\u00bb0px\u00bb]<\/p>\n<p><span style=\"font-size: 14px;\">Ha realizado consultor\u00eda especializada a nivel de la Comunidad Andina de Naciones (CAN), en el Programa Andino de Desarrollo Tecnol\u00f3gico para el Medio Rural (JUNAC-PADT-Rural), en el Banco Interamericano de Desarrollo (BID), en el Programa de Apoyo a la Integraci\u00f3n Fronteriza Boliviano-Peruano, en el Programa de Naciones Unidas para el Desarrollo (PNUD), en SNV \u2013 Holanda, Proyecto de Integraci\u00f3n Regional, y otras agencias de cooperaci\u00f3n; as\u00ed como, a nivel del sector p\u00fablico nacional: Ministerio de Transportes, Comunicaciones, Vivienda y Construcci\u00f3n: Gesti\u00f3n Urbana Regional de Inversiones (GURIs),\u00a0 Ejes de Desarrollo en Macrorregi\u00f3n Norte; en INADUR, \u00a0Gesti\u00f3n y Desarrollo Urbano, entre otros.<\/span><\/p>\n<p>Ha dirigido y coordinado diferentes proyectos y estudios de investigaci\u00f3n, entre ellos, \u201cCompendio Cartogr\u00e1fico de la Regi\u00f3n Inka\u201d (Centro Bartolom\u00e9 de las Casas \u2013 Cusco, 1992); la Expedici\u00f3n Multinacional \u201cAmazon Source 96\u201d que identific\u00f3 los or\u00edgenes del R\u00edo Amazonas, el principal r\u00edo del planeta; \u201cLas Lagunas de las Salinas-Piura\u201d (1998); \u201cEl Paititi\u201d (2002); \u201cOrdenamiento Territorial de la Zona Marino Costera de Pacasmayo\u201d (2012); \u201cCupisnique: paisajes y memorias\u201d (2014); \u201cEstrategia Participativa de Adaptaci\u00f3n al Cambio en el Valle del Jequetepeque\u201d (2017), entre otros.<\/p>\n<p>Ha sido el Coordinador del Equipo T\u00e9cnico que elabor\u00f3 el Expediente T\u00e9cnico que sustenta la creaci\u00f3n de la Escuela Profesional de Geograf\u00eda y Medio Ambiente en la Universidad Nacional de Trujillo (2016)<\/p>\n<p>Se ha especializado y tiene como principales l\u00edneas de inter\u00e9s cient\u00edfico: Ordenamiento y Gesti\u00f3n del Territorio, la Gesti\u00f3n Integrada de las Fronteras, el Ordenamiento y Gesti\u00f3n Integrada de la Zona Marino Costera, Geograf\u00eda Mundial, Geograf\u00eda y Sistemas Complejos, Filosof\u00eda de la Naturaleza y Filosof\u00eda del Medio Ambiente. Participa en eventos acad\u00e9micos nacionales e internacionales, como conferencista y\/o expositor en temas de su especialidad.<\/p>\n<p>Es autor de publicaciones sobre Geograf\u00eda del Per\u00fa, Ecogeograf\u00eda del Per\u00fa, Geograf\u00eda de la Zona Marino Costera, Geograf\u00eda de Fronteras; Planificaci\u00f3n y Desarrollo Regional; Planificaci\u00f3n Microrregional, Ordenamiento Territorial, Gesti\u00f3n de Fronteras, Gesti\u00f3n Integrada del Territorio, Medio Ambiente y Desarrollo Sostenible, entre otras.<\/p>\n<p>Actualmente, es profesor principal de la Pontificia Universidad Cat\u00f3lica del Per\u00fa (PUCP), Especialidad de Geograf\u00eda y Medio Ambiente; Miembro del Consejo del Departamento de Humanidades e Investigador del Centro de Investigaci\u00f3n en Geograf\u00eda Aplicada (CIGA-PUCP). Es profesor de la Escuela de Post Grado de la PUCP (maestr\u00edas de Desarrollo Ambiental y, de Altos Estudios Amaz\u00f3nicos) y de la Universidad Nacional Mayor de San Marcos (maestr\u00eda en Gesti\u00f3n y Ordenamiento Territorial). Tambi\u00e9n es profesor invitado del Curso de Especializaci\u00f3n y Perfeccionamiento Profesional de Oficiales la Escuela Superior de Guerra Naval del Per\u00fa.<\/p>\n<p>Es Acad\u00e9mico Asociado de la Academia Nacional de la Ciencia (ANC); Vicepresidente de la Sociedad Internacional de Especialistas en Ordenamiento Territorial y Ecol\u00f3gico (International Society of Land Planing and Ecological Planning \u2013 ISLPEP); miembro de la Uni\u00f3n Geogr\u00e1fica de Am\u00e9rica Latina (UGAL) y Presidente Em\u00e9rito de la Sociedad Geogr\u00e1fica de Lima.<\/p>\n<p>[\/et_pb_toggle][\/et_pb_column][\/et_pb_row][\/et_pb_section][et_pb_section fb_built=\u00bb1&#8243; _builder_version=\u00bb4.5.6&#8243; _module_preset=\u00bbdefault\u00bb background_enable_image=\u00bboff\u00bb custom_padding=\u00bb0px||1px|||\u00bb top_divider_color=\u00bb#ffffff\u00bb top_divider_height=\u00bb50px\u00bb top_divider_flip=\u00bbhorizontal|vertical\u00bb top_divider_arrangement=\u00bbabove_content\u00bb bottom_divider_color=\u00bb#ffffff\u00bb bottom_divider_flip=\u00bbvertical\u00bb bottom_divider_arrangement=\u00bbabove_content\u00bb][et_pb_row column_structure=\u00bb1_2,1_4,1_4&#8243; use_custom_gutter=\u00bbon\u00bb gutter_width=\u00bb1&#8243; make_equal=\u00bbon\u00bb disabled_on=\u00bboff|off|off\u00bb _builder_version=\u00bb4.5.6&#8243; _module_preset=\u00bbdefault\u00bb width=\u00bb100%\u00bb max_width=\u00bb2560px\u00bb custom_margin=\u00bb-6px|auto|-2px|auto||\u00bb custom_padding=\u00bb2px||1px|||\u00bb hover_enabled=\u00bb0&#8243;][et_pb_column type=\u00bb1_2&#8243; _builder_version=\u00bb4.5.6&#8243; _module_preset=\u00bbdefault\u00bb background_color=\u00bb#ffffff\u00bb background_enable_image=\u00bboff\u00bb custom_padding=\u00bb3%|3%|3%|3%|false|false\u00bb][et_pb_text _builder_version=\u00bb4.5.6&#8243; _module_preset=\u00bbdefault\u00bb header_font=\u00bb|800|||||||\u00bb header_text_color=\u00bb#000000&#8243; header_font_size=\u00bb37px\u00bb header_line_height=\u00bb1.1em\u00bb hover_enabled=\u00bb0&#8243; border_color_all=\u00bb#000000&#8243; border_width_bottom=\u00bb2px\u00bb]<\/p>\n<h1><span style=\"color: #ffffff;\">Dr. Ferdinand Villiger<\/span><\/h1>\n<p>[\/et_pb_text][et_pb_text _builder_version=\u00bb4.5.6&#8243; _module_preset=\u00bbdefault\u00bb text_text_color=\u00bb#000000&#8243; text_font_size=\u00bb16px\u00bb custom_padding=\u00bb21px||||false|false\u00bb]<\/p>\n<p style=\"text-align: justify;\"><span style=\"color: #ffffff;\">Ge\u00f3grafo de origen suizo, docente, autor y director de la revista \u2018Bolet\u00edn de Lima\u2019, publicaci\u00f3n que desde hace 34 a\u00f1os difunde trabajos referidos a la biolog\u00eda, arqueolog\u00eda, geograf\u00eda, historia, arqueolog\u00eda del Per\u00fa, promoviendo y divulgando las investigaciones de la polifac\u00e9tica geograf\u00eda peruana. Entre los autores promovidos se encuentran los m\u00e1s destacados investigadores de las universidades y centros de investigaci\u00f3n peruanos. La producci\u00f3n editorial del Bolet\u00edn de Lima, a trav\u00e9s de m\u00e1s de 170 ediciones, super\u00f3 en continuidad, solidez e importancia nacional a la producci\u00f3n estatal y privada universitaria y a cualquier otro centro de investigaci\u00f3n.<\/span><\/p>\n<p>[\/et_pb_text][\/et_pb_column][et_pb_column type=\u00bb1_4&#8243; _builder_version=\u00bb4.5.6&#8243; _module_preset=\u00bbdefault\u00bb background_color=\u00bb#2175ba\u00bb custom_padding=\u00bb3%|3%|3%|3%|false|false\u00bb][et_pb_text _builder_version=\u00bb4.5.6&#8243; _module_preset=\u00bbdefault\u00bb text_font=\u00bbMerienda||||||||\u00bb text_text_color=\u00bb#ffffff\u00bb text_font_size=\u00bb22px\u00bb header_3_font=\u00bbOpen Sans||||||||\u00bb header_3_font_size=\u00bb32px\u00bb background_color=\u00bbrgba(0,0,0,0)\u00bb custom_margin=\u00bb51px|||||\u00bb custom_padding=\u00bb5%|5%|5%|5%|false|false\u00bb border_width_all=\u00bb3px\u00bb border_color_all=\u00bb#ffffff\u00bb]<\/p>\n<p>Fundador del Bolet\u00edn de Lima,\u00a0publicaci\u00f3n que desde 1979 difunde trabajos referidos a la biolog\u00eda, arqueolog\u00eda, geograf\u00eda, historia, arqueolog\u00eda del Per\u00fa<\/p>\n<p>[\/et_pb_text][\/et_pb_column][et_pb_column type=\u00bb1_4&#8243; _builder_version=\u00bb4.5.6&#8243; _module_preset=\u00bbdefault\u00bb background_enable_color=\u00bboff\u00bb background_image=\u00bbhttp:\/\/cgp.org.pe\/web\/wp-content\/uploads\/2021\/11\/Ferdinand-Villiger.jpg\u00bb background_position=\u00bbtop_center\u00bb custom_padding=\u00bb3%|3%|3%|3%|false|false\u00bb][\/et_pb_column][\/et_pb_row][et_pb_row column_structure=\u00bb1_4,1_4,1_2&#8243; use_custom_gutter=\u00bbon\u00bb gutter_width=\u00bb1&#8243; make_equal=\u00bbon\u00bb disabled_on=\u00bboff|off|off\u00bb _builder_version=\u00bb4.5.6&#8243; _module_preset=\u00bbdefault\u00bb background_color=\u00bb#000000&#8243; width=\u00bb100%\u00bb max_width=\u00bb2560px\u00bb custom_margin=\u00bb-6px|auto|-2px|auto||\u00bb custom_padding=\u00bb2px||1px|||\u00bb hover_enabled=\u00bb0&#8243;][et_pb_column type=\u00bb1_4&#8243; _builder_version=\u00bb4.5.6&#8243; _module_preset=\u00bbdefault\u00bb background_image=\u00bbhttp:\/\/cgp.org.pe\/web\/wp-content\/uploads\/2021\/11\/Luis_oliveros.jpg\u00bb background_position=\u00bbtop_center\u00bb][\/et_pb_column][et_pb_column type=\u00bb1_4&#8243; _builder_version=\u00bb4.5.6&#8243; _module_preset=\u00bbdefault\u00bb background_color=\u00bb#2175ba\u00bb custom_padding=\u00bb3%|3%|3%|3%|false|false\u00bb][et_pb_text _builder_version=\u00bb4.5.6&#8243; _module_preset=\u00bbdefault\u00bb text_font=\u00bbMerienda||||||||\u00bb text_text_color=\u00bb#ffffff\u00bb text_font_size=\u00bb19px\u00bb header_3_font=\u00bbOpen Sans||||||||\u00bb header_3_font_size=\u00bb32px\u00bb background_color=\u00bbrgba(0,0,0,0)\u00bb custom_margin=\u00bb51px|||||\u00bb custom_padding=\u00bb5%|5%|5%|5%|false|false\u00bb border_width_all=\u00bb3px\u00bb border_color_all=\u00bb#ffffff\u00bb]<\/p>\n<p><span>Ha sido Director General de Integraci\u00f3n F\u00edsica en el Per\u00fa; Director del Banco de Proyectos de Integraci\u00f3n Fronteriza de la Comunidad Andina; Director de Medio Ambiente de la Organizaci\u00f3n del Tratado de Cooperaci\u00f3n Amaz\u00f3nica; y asesor del Gobierno del Per\u00fa en las negociaciones de los Acuerdos de Paz con el Ecuador (1998) lo que le vali\u00f3 ser condecorado con la Orden Nacional al M\u00e9rito de ese pa\u00eds fronterizo.<\/span><\/p>\n<p>[\/et_pb_text][\/et_pb_column][et_pb_column type=\u00bb1_2&#8243; _builder_version=\u00bb4.5.6&#8243; _module_preset=\u00bbdefault\u00bb background_color=\u00bb#002060&#8243; custom_padding=\u00bb3%|3%|3%|3%|false|false\u00bb][et_pb_text _builder_version=\u00bb4.5.6&#8243; _module_preset=\u00bbdefault\u00bb header_font=\u00bb|300|||||||\u00bb header_text_color=\u00bb#ffffff\u00bb header_font_size=\u00bb37px\u00bb header_line_height=\u00bb1.1em\u00bb border_color_all=\u00bb#ffffff\u00bb border_width_bottom=\u00bb2px\u00bb]<\/p>\n<h1>Dr. Luis Alberto Oliveros Lakoma<\/h1>\n<p>[\/et_pb_text][et_pb_text _builder_version=\u00bb4.5.6&#8243; _module_preset=\u00bbdefault\u00bb text_text_color=\u00bb#ffffff\u00bb text_font_size=\u00bb15px\u00bb custom_padding=\u00bb21px||||false|false\u00bb]<\/p>\n<p style=\"text-align: justify;\">Nacido en Lima, Per\u00fa, el 22 de abril de 1950. Despu\u00e9s de realizar estudios universitarios generales en la Pontificia Universidad Cat\u00f3lica del Per\u00fa (PUCP) se traslad\u00f3 al entonces Instituto de Geograf\u00eda de la UNMSM donde tuvo como maestros, entre otros, a los doctores Javier Pulgar Vidal, Carlos Pe\u00f1aherrera del Aguila y Ciro Hurtado Fuertes. Fue el alumno m\u00e1s destacado de su promoci\u00f3n y con el m\u00e1s alto promedio de notas en muchos a\u00f1os. Junto con otros estudiantes de Geograf\u00eda, motivados por la investigaci\u00f3n y difusi\u00f3n del conocimiento geogr\u00e1fico, fund\u00f3 el Centro de Investigaciones Geogr\u00e1ficas (CIG) que lleg\u00f3 a presidir y que entre 1970 y 1974 public\u00f3 varios n\u00fameros de \u201cCuadernos de Geograf\u00eda\u201d, en la que estudiantes con similares inquietudes por la Geograf\u00eda, incluyendo su persona, publicaron sus primeros art\u00edculos sobre temas de inter\u00e9s nacional con un enfoque geogr\u00e1fico.<\/p>\n<p style=\"text-align: justify;\">[\/et_pb_text][et_pb_toggle title=\u00bbLeer m\u00e1s\u00bb open_toggle_background_color=\u00bbrgba(0,0,0,0)\u00bb closed_toggle_background_color=\u00bbrgba(0,0,0,0)\u00bb _builder_version=\u00bb4.5.6&#8243; _module_preset=\u00bbdefault\u00bb title_text_color=\u00bb#ffffff\u00bb title_font=\u00bbOpen Sans||on||||||\u00bb title_font_size=\u00bb18px\u00bb body_text_color=\u00bb#ffffff\u00bb text_orientation=\u00bbjustified\u00bb border_width_all=\u00bb0px\u00bb]<\/p>\n<p style=\"text-align: justify;\">En 1975, viaj\u00f3 becado a la Universidad de Toulouse-le-Mirail, en Toulouse, Francia, donde el a\u00f1o siguiente logr\u00f3 obtener un Magister en Geograf\u00eda con menci\u00f3n en Ordenamiento Territorial y Desarrollo Regional; asimismo, realiz\u00f3 los cursos que le permitieron alcanzar las Diplomas Especiales de Profundizaci\u00f3n (DEA) necesarios para obtener el Doctorado en Geograf\u00eda, el que, sin embargo, por razones familiares y laborales, sustent\u00f3 en 1989 en la UNMSM con la tesis: \u201cLa Integraci\u00f3n del Espacio Andino: Estructuras espaciales en los pa\u00edses del Grupo Andino y una propuesta de valoraci\u00f3n de la dimensi\u00f3n geogr\u00e1fica de la Integraci\u00f3n\u201d, aprobada con menci\u00f3n sobresaliente. Antes de partir a Francia tradujo del franc\u00e9s y dirigi\u00f3 la publicaci\u00f3n en formato de libro (1975) de la tesis doctoral del ge\u00f3grafo Jean-Paul Deler titulada \u201cLima 1940-1970, aspectos del crecimiento de la capital peruana\u201d; de regreso de ese pa\u00eds, y con la autorizaci\u00f3n de Yves Lacoste, uno de los ge\u00f3grafos m\u00e1s destacados a nivel mundial, obtuvo su autorizaci\u00f3n para traducir y circular a escala universitaria, en 1978, su famoso libro \u201cGeograf\u00eda del Subdesarrollo\u201d (edici\u00f3n en franc\u00e9s de 1976), ambas obras con el cr\u00e9dito del Centro de Investigaciones Geogr\u00e1ficas.<br \/>En su vida laboral ha sido Director General de Integraci\u00f3n F\u00edsica en el Per\u00fa; Director del Banco de Proyectos de Integraci\u00f3n Fronteriza de la Comunidad Andina; Director de Medio Ambiente de la Organizaci\u00f3n del Tratado de Cooperaci\u00f3n Amaz\u00f3nica (Brasilia, Brasil); y asesor del Gobierno del Per\u00fa en las negociaciones de los Acuerdos de Paz con el Ecuador (1998) lo que le vali\u00f3 ser condecorado con la Orden Nacional al M\u00e9rito de ese pa\u00eds fronterizo.- Tambi\u00e9n ha sido Director de Proyectos en varios organismos internacionales como el Banco Interamericano de Desarrollo (BID), Corporaci\u00f3n Andina de Fomento (CAF) hoy Banco de Desarrollo de Am\u00e9rica Latina, tanto en el Per\u00fa como en el extranjero,as\u00ed como consultor internacional de ellos, adem\u00e1s del Instituto para la Integraci\u00f3n de Am\u00e9rica Latina (INTAL, Buenos Aires, Argentina) y el Sistema Econ\u00f3mico de Am\u00e9rica Latina y el Caribe (SELA, Caracas, Venezuela), en donde, desde su perspectiva de ge\u00f3grafo profesional condujo estudios y proyectos en las \u00e1reas del Desarrollo Regional, Medio Ambiente, Integraci\u00f3n F\u00edsica, y el Desarrollo y la Integraci\u00f3n Fronteriza.<br \/>Ha publicado diversos trabajos, entre los \u00faltimos de los cuales el informe \u201cPerspectivas del Medio Ambiente en la Amazon\u00eda \u2013 GEO AMAZONIA\u201d (2009), en co-autor\u00eda y con el cr\u00e9dito de la Organizaci\u00f3n del Tratado de Cooperaci\u00f3n Amaz\u00f3nica (OTCA) y el Programa de las Naciones Unidas para el Medio Ambiente(PNUMA); \u201cLa Integraci\u00f3n Fronteriza en el Marco del Proceso de Convergencia Regional de Am\u00e9rica Latina y el Caribe\u201d (2011) y \u201cCooperaci\u00f3n Regional en el \u00c1mbito de la Integraci\u00f3n Fronteriza\u201d (2013), ambos preparados por encargo del SELA.- Tambi\u00e9n es autor del blog \u201cDin\u00e1micas territoriales en el Per\u00fa contempor\u00e1neo\u201d y actualmente est\u00e1 en proceso de edici\u00f3n su libro \u201cLas Fronteras del Per\u00fa: aproximaci\u00f3n conceptual y pr\u00e1ctica hacia la formulaci\u00f3n de la Pol\u00edtica Nacional de Desarrollo e Integraci\u00f3n Fronteriza\u201d, auspiciado por el Ministerio de Relaciones Exteriores del Per\u00fa.<br \/>Finalmente, ha participado en eventos y dictado conferencias en todos los pa\u00edses de la Comunidad Andina, adem\u00e1s de Argentina, Brasil, Chile, El Salvador, Francia, Guyana, Suriname y Venezuela.- En el Per\u00fa ha dictado conferencias y recibido diplomas, placas y medalla de reconocimiento de la Sociedad Geogr\u00e1fica de Lima, Centro de Altos Estudios Nacionales (CAEN), Instituto de Estudios Hist\u00f3rico-Mar\u00edtimos, Superintendencia Nacional de Aduanas \u2013 SUNAT, Superintendencia Nacional de Migraciones, Academia de la Magistratura, entre varios otros.<\/p>\n<p>[\/et_pb_toggle][\/et_pb_column][\/et_pb_row][\/et_pb_section]<\/p>\n","protected":false},"excerpt":{"rendered":"<p>[et_pb_section fb_built=\u00bb1&#8243; fullwidth=\u00bbon\u00bb disabled_on=\u00bbon|on|off\u00bb _builder_version=\u00bb4.5.6&#8243; _module_preset=\u00bbdefault\u00bb bottom_divider_style=\u00bbramp2&#8243; bottom_divider_color=\u00bb#ffffff\u00bb][et_pb_fullwidth_image src=\u00bbhttp:\/\/cgp.org.pe\/web\/wp-content\/uploads\/2021\/11\/honorarios2.jpg\u00bb title_text=\u00bbhonorarios2&#8243; _builder_version=\u00bb4.5.6&#8243; _module_preset=\u00bbdefault\u00bb][\/et_pb_fullwidth_image][\/et_pb_section][et_pb_section fb_built=\u00bb1&#8243; fullwidth=\u00bbon\u00bb _builder_version=\u00bb4.5.6&#8243; _module_preset=\u00bbdefault\u00bb][\/et_pb_section][et_pb_section fb_built=\u00bb1&#8243; _builder_version=\u00bb4.5.6&#8243; _module_preset=\u00bbdefault\u00bb background_color=\u00bb#000000&#8243; custom_padding=\u00bb7px||7px|||\u00bb][et_pb_row _builder_version=\u00bb4.5.6&#8243; _module_preset=\u00bbdefault\u00bb custom_padding=\u00bb||49px|||\u00bb][et_pb_column type=\u00bb4_4&#8243; _builder_version=\u00bb4.5.6&#8243; _module_preset=\u00bbdefault\u00bb][et_pb_text _builder_version=\u00bb4.5.6&#8243; _module_preset=\u00bbdefault\u00bb header_font=\u00bb|700|||||||\u00bb header_font_size=\u00bb40px\u00bb header_letter_spacing=\u00bb3px\u00bb header_4_font=\u00bbMerienda||||||||\u00bb header_4_font_size=\u00bb16px\u00bb] Miembros honorarios del CGP Ge\u00f3grafos u otros profesionales nacionales o extranjeros, que merecen el reconocimiento del Colegio de Ge\u00f3grafos del Per\u00fa. [&hellip;]<\/p>\n","protected":false},"author":1,"featured_media":0,"parent":0,"menu_order":0,"comment_status":"closed","ping_status":"closed","template":"","meta":{"_et_pb_use_builder":"on","_et_pb_old_content":"","_et_gb_content_width":"","footnotes":""},"class_list":["post-177","page","type-page","status-publish","hentry"],"_links":{"self":[{"href":"https:\/\/cgp.org.pe\/web\/wp-json\/wp\/v2\/pages\/177","targetHints":{"allow":["GET"]}}],"collection":[{"href":"https:\/\/cgp.org.pe\/web\/wp-json\/wp\/v2\/pages"}],"about":[{"href":"https:\/\/cgp.org.pe\/web\/wp-json\/wp\/v2\/types\/page"}],"author":[{"embeddable":true,"href":"https:\/\/cgp.org.pe\/web\/wp-json\/wp\/v2\/users\/1"}],"replies":[{"embeddable":true,"href":"https:\/\/cgp.org.pe\/web\/wp-json\/wp\/v2\/comments?post=177"}],"version-history":[{"count":59,"href":"https:\/\/cgp.org.pe\/web\/wp-json\/wp\/v2\/pages\/177\/revisions"}],"predecessor-version":[{"id":5085,"href":"https:\/\/cgp.org.pe\/web\/wp-json\/wp\/v2\/pages\/177\/revisions\/5085"}],"wp:attachment":[{"href":"https:\/\/cgp.org.pe\/web\/wp-json\/wp\/v2\/media?parent=177"}],"curies":[{"name":"wp","href":"https:\/\/api.w.org\/{rel}","templated":true}]}}